{"id":8935,"date":"2023-10-10T17:40:27","date_gmt":"2023-10-10T20:40:27","guid":{"rendered":"https:\/\/www.icpa-gz.org.py\/DE\/?post_type=tribe_events&#038;p=8935"},"modified":"2023-10-31T13:30:00","modified_gmt":"2023-10-31T16:30:00","slug":"abschlussveranstaltung-jaha-katu-spaziergang-durch-unsere-okosysteme-europaische-umweltaktionswoche-2023","status":"publish","type":"tribe_events","link":"https:\/\/www.icpa-gz.org.py\/DE\/evento\/abschlussveranstaltung-jaha-katu-spaziergang-durch-unsere-okosysteme-europaische-umweltaktionswoche-2023\/","title":{"rendered":"Abschlussveranstaltung Jaha Katu &#8211; Spaziergang durch unsere \u00d6kosysteme | Europ\u00e4ische Umweltaktionswoche 2023"},"content":{"rendered":"<p>Dieses letzte Treffen besteht aus einer Retrospektive der \u00f6ffentlichen R\u00e4ume, Gr\u00fcnfl\u00e4chen und Wildnisgebiete, die im Laufe des Jahres erkundet wurden. Wir werden \u00fcber die Bedeutung dieser Umgebungen f\u00fcr die Stadt nachdenken und mehr \u00fcber die behandelten Themen erfahren: Insekten, B\u00e4ume, Feuchtgebiete, Pilze, V\u00f6gel, usw.<\/p>\n<p>Wir werden von Carlos Ag\u00fcero und Jorge Navas, den Koordinatoren der Aktivit\u00e4t, begleitet. Karen Stanley, Forscherin f\u00fcr \u00f6ffentliche R\u00e4ume in Asunci\u00f3n und seiner Metropolregion, wird die von Silvana Cabral produzierten Podcasts vorstellen. Und schlie\u00dflich werden wir mit dem Biologen Carlos Aguilar einen kurzen Streifzug \u00fcber den Platz machen, um nach Insekten zu suchen.<\/p>\n<p>Samstag 04 | 10:00 Uhr<br \/>\nEintritt frei<\/p>\n<p>Plaza Italia<br \/>\n15 De Agosto<br \/>\nAsunci\u00f3n<\/p>\n<p>Eine Veranstaltung im Rahmen der Europ\u00e4ischen Umweltwoche 2023<\/p>\n<div class=\"_3d-flip-book  fb3d-thumbnail-lightbox-mode\" data-id=\"8858\" data-mode=\"thumbnail-lightbox\" data-title=\"false\" data-template=\"short-white-book-view\" data-lightbox=\"dark-shadow\" data-urlparam=\"fb3d-page\" data-page-n=\"0\" data-pdf=\"\" data-tax=\"null\" data-thumbnail=\"\" data-cols=\"3\" data-book-template=\"default\" data-trigger=\"\"><\/div><script type=\"text\/javascript\">window.FB3D_CLIENT_DATA = window.FB3D_CLIENT_DATA || [];FB3D_CLIENT_DATA.push('eyJwb3N0cyI6eyI4ODU4Ijp7IklEIjo4ODU4LCJ0aXRsZSI6IkV1cm9wXHUwMGU0aXNjaGUgVW13ZWx0YWt0aW9uc3dvY2hlIiwidHlwZSI6InBkZiIsInJlYWR5X2Z1bmN0aW9uIjoiIiwiYm9va19zdHlsZSI6ImZsYXQiLCJib29rX3RlbXBsYXRlIjoibm9uZSIsIm91dGxpbmUiOltdLCJkYXRhIjp7InBvc3RfSUQiOiI4ODU5IiwiZ3VpZCI6Imh0dHBzOlwvXC93d3cuaWNwYS1nei5vcmcucHlcL0RFXC93cC1jb250ZW50XC91cGxvYWRzXC8yMDIzXC8xMFwvU2VtYW5hRGVBY2Npb25BbWJpZW50YWxfMjAyMy5wZGYiLCJwZGZfcGFnZXMiOiI0IiwicGFnZXNfY3VzdG9taXphdGlvbiI6Im5vbmUifSwidGh1bWJuYWlsIjp7ImRhdGEiOnsicG9zdF9JRCI6IjAifSwidHlwZSI6ImF1dG8ifSwicHJvcHMiOnsiYmFja2dyb3VuZENvbG9yIjoiYXV0byIsImJhY2tncm91bmRJbWFnZSI6ImF1dG8iLCJiYWNrZ3JvdW5kU3R5bGUiOiJhdXRvIiwiaGlnaGxpZ2h0TGlua3MiOiJhdXRvIiwibGlnaHRpbmciOiJhdXRvIiwiY2FjaGVkUGFnZXMiOiJhdXRvIiwicmVuZGVySW5hY3RpdmVQYWdlcyI6ImF1dG8iLCJyZW5kZXJJbmFjdGl2ZVBhZ2VzT25Nb2JpbGUiOiJhdXRvIiwicmVuZGVyV2hpbGVGbGlwcGluZyI6ImF1dG8iLCJwcmVsb2FkUGFnZXMiOiJhdXRvIiwiYXV0b1BsYXlEdXJhdGlvbiI6ImF1dG8iLCJydGwiOiJhdXRvIiwiaW50ZXJhY3RpdmVDb3JuZXJzIjoiYXV0byIsIm1heERlcHRoIjoiYXV0byIsInNoZWV0Ijp7InN0YXJ0VmVsb2NpdHkiOiJhdXRvIiwid2F2ZSI6ImF1dG8iLCJzaGFwZSI6ImF1dG8iLCJ3aWR0aFRleGVscyI6ImF1dG8iLCJjb2xvciI6ImF1dG8iLCJzaWRlIjoiYXV0byIsImNvcm5lckRldmlhdGlvbiI6ImF1dG8iLCJmbGV4aWJpbGl0eSI6ImF1dG8iLCJmbGV4aWJsZUNvcm5lciI6ImF1dG8iLCJiZW5kaW5nIjoiYXV0byIsImhlaWdodFRleGVscyI6ImF1dG8ifSwiY292ZXIiOnsid2F2ZSI6ImF1dG8iLCJjb2xvciI6ImF1dG8iLCJzaWRlIjoiYXV0byIsImJpbmRlclRleHR1cmUiOiJhdXRvIiwiZGVwdGgiOiJhdXRvIiwicGFkZGluZyI6ImF1dG8iLCJzdGFydFZlbG9jaXR5IjoiYXV0byIsImZsZXhpYmlsaXR5IjoiYXV0byIsImZsZXhpYmxlQ29ybmVyIjoiYXV0byIsImJlbmRpbmciOiJhdXRvIiwid2lkdGhUZXhlbHMiOiJhdXRvIiwiaGVpZ2h0VGV4ZWxzIjoiYXV0byIsIm1hc3MiOiJhdXRvIiwic2hhcGUiOiJhdXRvIn0sInBhZ2UiOnsid2F2ZSI6ImF1dG8iLCJjb2xvciI6ImF1dG8iLCJzaWRlIjoiYXV0byIsImRlcHRoIjoiYXV0byIsInN0YXJ0VmVsb2NpdHkiOiJhdXRvIiwiZmxleGliaWxpdHkiOiJhdXRvIiwiZmxleGlibGVDb3JuZXIiOiJhdXRvIiwiYmVuZGluZyI6ImF1dG8iLCJ3aWR0aFRleGVscyI6ImF1dG8iLCJoZWlnaHRUZXhlbHMiOiJhdXRvIiwibWFzcyI6ImF1dG8iLCJzaGFwZSI6ImF1dG8ifSwiaGVpZ2h0IjoiYXV0byIsIndpZHRoIjoiYXV0byIsImdyYXZpdHkiOiJhdXRvIiwicGFnZXNGb3JQcmVkaWN0aW5nIjoiYXV0byJ9LCJjb250cm9sUHJvcHMiOnsiYWN0aW9ucyI6eyJjbWRUb2MiOnsiZW5hYmxlZCI6ImF1dG8iLCJlbmFibGVkSW5OYXJyb3ciOiJhdXRvIiwiYWN0aXZlIjoiYXV0byIsImRlZmF1bHRUYWIiOiJhdXRvIn0sImNtZEF1dG9QbGF5Ijp7ImVuYWJsZWQiOiJhdXRvIiwiZW5hYmxlZEluTmFycm93IjoiYXV0byIsImFjdGl2ZSI6ImF1dG8ifSwiY21kU2F2ZSI6eyJlbmFibGVkIjoiYXV0byIsImVuYWJsZWRJbk5hcnJvdyI6ImF1dG8ifSwiY21kUHJpbnQiOnsiZW5hYmxlZCI6ImF1dG8iLCJlbmFibGVkSW5OYXJyb3ciOiJhdXRvIn0sImNtZFNpbmdsZVBhZ2UiOnsiZW5hYmxlZCI6ImF1dG8iLCJlbmFibGVkSW5OYXJyb3ciOiJhdXRvIiwiYWN0aXZlIjoiYXV0byIsImFjdGl2ZUZvck1vYmlsZSI6ImF1dG8ifSwid2lkVG9vbGJhciI6eyJlbmFibGVkIjoiYXV0byIsImVuYWJsZWRJbk5hcnJvdyI6ImF1dG8ifX19LCJhdXRvVGh1bWJuYWlsIjoiaHR0cHM6XC9cL3d3dy5pY3BhLWd6Lm9yZy5weVwvREVcL3dwLWNvbnRlbnRcL3VwbG9hZHNcLzNkLWZsaXAtYm9va1wvYXV0by10aHVtYm5haWxzXC84ODU4LnBuZyIsInBvc3RfbmFtZSI6ImV1cm9wYWlzY2hlLXVtd2VsdGFrdGlvbnN3b2NoZSIsInBvc3RfdHlwZSI6IjNkLWZsaXAtYm9vayJ9fSwicGFnZXMiOltdLCJmaXJzdFBhZ2VzIjpbXX0=');window.FB3D_CLIENT_LOCALE && FB3D_CLIENT_LOCALE.render && FB3D_CLIENT_LOCALE.render();<\/script>\n<p>&nbsp;<\/p>\n<p><a href=\"https:\/\/www.icpa-gz.org.py\/DE\/wp-content\/uploads\/2023\/10\/Calendario-Semana-Ambiental-2023-PDF.pdf\">Kalender der Umweltaktionswoche | pdf<\/a><\/p>\n<p>Wir freuen uns \u00fcber eure Teilnahme!<\/p>\n<p>___<\/p>\n<p>Die Aktivit\u00e4ten der Umweltaktionswoche | Oktober 2023 werden organisiert von<br \/>\nder Europ\u00e4ischen Union | EUconParaguay<br \/>\nder Botschaft der Bundesrepublik Deutschland Asunci\u00f3n<br \/>\ndem Instituto Cultural Paraguayo-Alem\u00e1n \u2013 Goethe-Zentrum | ICPA-GZ<br \/>\nder Allianza Francesa Asunci\u00f3n | af<br \/>\nder Franz\u00f6sische Botschaft in Paraguay (Ambassade de France au Paraguay)<br \/>\ndem Centro Cultural de Espa\u00f1a Juan de Salazar | CCEJS<br \/>\nder Fundaci\u00f3n Internacional y para Iberoam\u00e9rica de Administraci\u00f3n y Pol\u00edticas P\u00fablicas | FIIAPP<\/p>\n","protected":false},"excerpt":{"rendered":"<p>Dieses letzte Treffen besteht aus einer Retrospektive der \u00f6ffentlichen R\u00e4ume, Gr\u00fcnfl\u00e4chen und Wildnisgebiete, die im Laufe des Jahres erkundet wurden.<\/p>\n","protected":false},"author":1,"featured_media":11382,"template":"","meta":{"colormag_page_container_layout":"default_layout","colormag_page_sidebar_layout":"default_layout","_tribe_events_status":"","_tribe_events_status_reason":"","_joinchat":[],"footnotes":""},"tags":[],"tribe_events_cat":[77,48],"class_list":["post-8935","tribe_events","type-tribe_events","status-publish","has-post-thumbnail","hentry","tribe_events_cat-prasenzveranstaltung","tribe_events_cat-umweltaktionswoche","cat_prasenzveranstaltung","cat_umweltaktionswoche"],"_links":{"self":[{"href":"https:\/\/www.icpa-gz.org.py\/DE\/wp-json\/wp\/v2\/tribe_events\/8935","targetHints":{"allow":["GET"]}}],"collection":[{"href":"https:\/\/www.icpa-gz.org.py\/DE\/wp-json\/wp\/v2\/tribe_events"}],"about":[{"href":"https:\/\/www.icpa-gz.org.py\/DE\/wp-json\/wp\/v2\/types\/tribe_events"}],"author":[{"embeddable":true,"href":"https:\/\/www.icpa-gz.org.py\/DE\/wp-json\/wp\/v2\/users\/1"}],"version-history":[{"count":5,"href":"https:\/\/www.icpa-gz.org.py\/DE\/wp-json\/wp\/v2\/tribe_events\/8935\/revisions"}],"predecessor-version":[{"id":10546,"href":"https:\/\/www.icpa-gz.org.py\/DE\/wp-json\/wp\/v2\/tribe_events\/8935\/revisions\/10546"}],"wp:featuredmedia":[{"embeddable":true,"href":"https:\/\/www.icpa-gz.org.py\/DE\/wp-json\/wp\/v2\/media\/11382"}],"wp:attachment":[{"href":"https:\/\/www.icpa-gz.org.py\/DE\/wp-json\/wp\/v2\/media?parent=8935"}],"wp:term":[{"taxonomy":"post_tag","embeddable":true,"href":"https:\/\/www.icpa-gz.org.py\/DE\/wp-json\/wp\/v2\/tags?post=8935"},{"taxonomy":"tribe_events_cat","embeddable":true,"href":"https:\/\/www.icpa-gz.org.py\/DE\/wp-json\/wp\/v2\/tribe_events_cat?post=8935"}],"curies":[{"name":"wp","href":"https:\/\/api.w.org\/{rel}","templated":true}]}}