{"id":8420,"date":"2023-09-07T18:29:59","date_gmt":"2023-09-07T22:29:59","guid":{"rendered":"https:\/\/www.icpa-gz.org.py\/DE\/?post_type=tribe_events&#038;p=8420"},"modified":"2023-09-28T15:32:41","modified_gmt":"2023-09-28T19:32:41","slug":"inmigrant-pya-guasu-desde-adentro-gefordert-vom-icpa-gz-3","status":"publish","type":"tribe_events","link":"https:\/\/www.icpa-gz.org.py\/DE\/evento\/inmigrant-pya-guasu-desde-adentro-gefordert-vom-icpa-gz-3\/","title":{"rendered":"INMIGRANT PY&#8217;A GUASU (desde adentro) | gef\u00f6rdert vom ICPA-GZ"},"content":{"rendered":"<p><strong>VERANSTALTUNGEN<\/strong><br \/>\nSamstag 7 | 19:00 hs.<br \/>\nSonntag 8 | 19:00 hs.<br \/>\nSitio Memorial y Centro Cultural 1A<\/p>\n<p><strong>TICKETS<\/strong><br \/>\nAllgemeine Vorverkaufskarten | 70.000 Gs.<br \/>\nkontaktiere <a href=\"https:\/\/www.instagram.com\/inmigrant_danza_py\">inmigrant danza_py<\/a> | Instagram<\/p>\n<p>________<\/p>\n<p><strong>Libretto, Visualisierung und Regie | @Instagram<\/strong><br \/>\nFABIO ESTECHE CABRERA | @fabitoestechec<\/p>\n<p><strong>Darsteller:innen und Mitwirkende<\/strong><br \/>\nRUTH BOBADILLA | @ruthlafemme<br \/>\nESTEBAN BOGADO | @estebanbogado<br \/>\nANTONIA CABRERA DE ESTECHE | @cabreradeesteche<br \/>\nORNELLA ALIANA COLM\u00c1N | @alianaorne<br \/>\n\u00d3NIX FERN\u00c1NDEZ B\u00c1EZ | @onixdefuego<br \/>\nROC\u00cdO FERN\u00c1NDEZ | @roelfer<br \/>\nANAL\u00cdA GALEANO | @anagalemog<br \/>\nCATALINA MART\u00cdNEZ | @catmartinez<br \/>\nMECHE RIVAS | @meche_rivas_<br \/>\nJES\u00daS S\u00c1NCHEZ | @jesussanchezvera<br \/>\nCAROLINA SANDOVAL | @carosandovalpro<br \/>\nJAZM\u00cdN SERV\u00cdN | @jazzservin<br \/>\nDIANA V\u00c1ZQUEZ | @madivazquez<\/p>\n<p><strong>Choreografie<\/strong><br \/>\nNATALIA ALDANA | @natynill &amp; FABIO ESTECHE CABRERA | @fabitoestechec<\/p>\n<p><strong>K\u00f6rperliche Vorbereitung<\/strong><br \/>\nNATALIA ALDANA | @natynill<\/p>\n<p><strong>Design und Kommunikation<\/strong><br \/>\nFABIO ESTECHE CABRERA | @ @fabitoestechec<\/p>\n<p><strong>Lektorat des Drehbuchs<\/strong><br \/>\nVANESSA SANDOVAL NAKAO | @vanesando<\/p>\n<p><strong>Musik<\/strong><br \/>\nPEROT\u00c1 CHING\u00d3 | @perota_chingo<\/p>\n<p><strong>Kost\u00fcme<\/strong><br \/>\nDISLEXIA SEVERA | @dislexiasevera<\/p>\n<p><strong>Beleuchtung<\/strong><br \/>\nMARTIN PIZZICHINI | @mpiluminacion<\/p>\n<p><strong>Ton<\/strong><br \/>\nH\u00c9CTOR ESTECHE CABRERA F\u00dcR &#8220;COMO VOS QUIERAS&#8221; | @hectoresteche @comovosquieras<\/p>\n<p><strong>Allgemeine Produktion<\/strong><br \/>\nNATALIA ALDANA | @amandabogado<br \/>\nAMANDA BOGADO PAULA BOZZANO | @p.bozzano<br \/>\nFABIO ESTECHE CABRERA | @fabitoestechec<\/p>\n<p><strong>Gef\u00f6rdert von<\/strong><br \/>\nFondos Culturales de la Municipalidad de Asunci\u00f3n | @muniasu<br \/>\nNationales Sekretariat f\u00fcr Kultur von Paraguay | @cultura_py<br \/>\nInstituto Cultural Paraguayo-Alem\u00e1n &#8211; Goethe-Zentrum (ICPA-GZ) | @icpa_gz<br \/>\nEspacio E | @espacio_e<br \/>\nPerot\u00e1 Ching\u00f3 | @perota_chingo<br \/>\nEl Teatrario | @elteatrario<br \/>\nComoVosQuierasPY | @comovosquieras<br \/>\nCentro Paraguayo Japon\u00e9s | @cpj_asu<\/p>\n","protected":false},"excerpt":{"rendered":"<p>VERANSTALTUNGEN Samstag 7 | 19:00 hs. Sonntag 8 | 19:00 hs. Sitio Memorial y Centro Cultural 1A TICKETS Allgemeine Vorverkaufskarten<\/p>\n","protected":false},"author":1,"featured_media":8412,"template":"","meta":{"colormag_page_container_layout":"default_layout","colormag_page_sidebar_layout":"default_layout","_tribe_events_status":"","_tribe_events_status_reason":"","_joinchat":[],"footnotes":""},"tags":[],"tribe_events_cat":[49,41],"class_list":["post-8420","tribe_events","type-tribe_events","status-publish","has-post-thumbnail","hentry","tribe_events_cat-gefordert-vom-icpa-gz","tribe_events_cat-theater","cat_gefordert-vom-icpa-gz","cat_theater"],"_links":{"self":[{"href":"https:\/\/www.icpa-gz.org.py\/DE\/wp-json\/wp\/v2\/tribe_events\/8420","targetHints":{"allow":["GET"]}}],"collection":[{"href":"https:\/\/www.icpa-gz.org.py\/DE\/wp-json\/wp\/v2\/tribe_events"}],"about":[{"href":"https:\/\/www.icpa-gz.org.py\/DE\/wp-json\/wp\/v2\/types\/tribe_events"}],"author":[{"embeddable":true,"href":"https:\/\/www.icpa-gz.org.py\/DE\/wp-json\/wp\/v2\/users\/1"}],"version-history":[{"count":1,"href":"https:\/\/www.icpa-gz.org.py\/DE\/wp-json\/wp\/v2\/tribe_events\/8420\/revisions"}],"predecessor-version":[{"id":8421,"href":"https:\/\/www.icpa-gz.org.py\/DE\/wp-json\/wp\/v2\/tribe_events\/8420\/revisions\/8421"}],"wp:featuredmedia":[{"embeddable":true,"href":"https:\/\/www.icpa-gz.org.py\/DE\/wp-json\/wp\/v2\/media\/8412"}],"wp:attachment":[{"href":"https:\/\/www.icpa-gz.org.py\/DE\/wp-json\/wp\/v2\/media?parent=8420"}],"wp:term":[{"taxonomy":"post_tag","embeddable":true,"href":"https:\/\/www.icpa-gz.org.py\/DE\/wp-json\/wp\/v2\/tags?post=8420"},{"taxonomy":"tribe_events_cat","embeddable":true,"href":"https:\/\/www.icpa-gz.org.py\/DE\/wp-json\/wp\/v2\/tribe_events_cat?post=8420"}],"curies":[{"name":"wp","href":"https:\/\/api.w.org\/{rel}","templated":true}]}}