{"id":4972,"date":"2022-09-07T18:49:03","date_gmt":"2022-09-07T22:49:03","guid":{"rendered":"https:\/\/www.icpa-gz.org.py\/DE\/?post_type=tribe_events&#038;p=4972"},"modified":"2022-10-20T11:25:52","modified_gmt":"2022-10-20T15:25:52","slug":"frieden-ist-die-antwort-preis-fur-bildende-kunst-2022-esp","status":"publish","type":"tribe_events","link":"https:\/\/www.icpa-gz.org.py\/DE\/evento\/frieden-ist-die-antwort-preis-fur-bildende-kunst-2022-esp\/","title":{"rendered":"Frieden ist die Antwort | Preis f\u00fcr Wandmalerei 2022"},"content":{"rendered":"<p>La Embajada de Alemania en colaboraci\u00f3n con el Instituto Cultural Paraguayo-Alem\u00e1n \u2013 Goethe-Zentrum convocan a la 8ta. Edici\u00f3n del Premio de Artes Visuales, dedicado al g\u00e9nero muralista. Est\u00e1n invitados todos los artistas mayores de 18 a\u00f1os y radicados en Paraguay a presentar un proyecto de mural para el concurso. El tema propuesto en esta edici\u00f3n es \u201cPaz es la respuesta\u201d y los interesados pueden presentar un proyecto hasta el 21 de octubre. El creador del proyecto ganador obtendr\u00e1 un premio de 1000 Euros.<\/p>\n<p>El lema Paz es la respuesta hace alusi\u00f3n a la agresi\u00f3n b\u00e9lica que est\u00e1 sufriendo Ucrania de parte de Rusia y pretende invitar a artistas locales a crear conciencia sobre que la coexistencia pac\u00edfica de los humanos no puede ser tomada como algo dado, debe ser cultivada todos los d\u00edas, requiere del esfuerzo de todas y todos.<\/p>\n<p>\u201cEl ataque no provocado de Rusia contra su pa\u00eds vecino Ucrania no puede dejar indiferente a nadie en el mundo. No es solo un ataque a los principios del derecho internacional, sino que nos muestra toda la crueldad de la guerra y su terrible impacto en los civiles y sus medios de subsistencia. A\u00fan no es concebible c\u00f3mo se puede poner fin a esta guerra y restaurar la paz.\u201d<\/p>\n<p>\u201cPero el llamado a la paz no debe ser silenciado! Los artistas y sus medios de expresi\u00f3n juegan un papel fundamental \u00a0en esto. Recuerdo en este contexto la famosa obra que Pablo Picasso pint\u00f3 despu\u00e9s de que la ciudad vasca de Guernica fuera destruida durante la Guerra Civil Espa\u00f1ola en 1937. Consultado sobre la inspiraci\u00f3n para este cuadro, Picasso dijo que un artista que vive y se ocupa de los valores espirituales no puede permanecer indiferente ante un conflicto en el que est\u00e1n en juego los m\u00e1s altos valores de la humanidad y la civilizaci\u00f3n. Eso es tan cierto hoy como lo era hace 85 a\u00f1os.\u201d (Embajador Holger Scherf)<\/p>\n<p>La convocatoria para los artistas estar\u00e1 abierta hasta el 21 de octubre del a\u00f1o en curso. Los detalle de la convocatoria est\u00e1n establecidos en las\u00a0<a href=\"https:\/\/asuncion.diplo.de\/blob\/2550564\/c4eeadabf2c5236f1d71a505087275d9\/teilnahmebedingungen-kunstpreis-2022-data.pdf\">bases y condiciones del Premio<\/a>. La participaci\u00f3n se inicia mediante la entrega de un proyecto de mural en formato digital v\u00eda correo electr\u00f3nico, con el<a href=\"https:\/\/asuncion.diplo.de\/blob\/2550562\/86b2bdbb37f1a632f92524e430c6ac08\/neuer-inhalt-data.docx\">\u00a0formulario de participaci\u00f3n<\/a>, acompa\u00f1ado de una imagen del proyecto de mural planteado, una breve descripci\u00f3n de la obra planteada referida a la t\u00e9cnica a ser utilizada y el mensaje\/contenido plasmado as\u00ed como un portafolio del artista incluyendo informaci\u00f3n sobre el curr\u00edculum del participante y su proceso creativo hasta la fecha y su experiencia en la realizaci\u00f3n de murales.<\/p>\n<p>Los documentos deben ser entregados a la Embajada de la Rep\u00fablica Federal de Alemania enviando un correo electr\u00f3nico a la direcci\u00f3n premiodeartesvisuales@gmail.com. Consultas sobre el proceso de postulaci\u00f3n se pueden dirigir a info@asuncion.diplo.de.<\/p>\n<p>Un jurado seleccionar\u00e1 el proyecto ganador que ser\u00e1 luego plasmado por el mismo artista en un espacio designado por los organizadores.<\/p>\n<p><a href=\"https:\/\/www.icpa-gz.org.py\/wp-content\/uploads\/2022\/09\/teilnahmebedingungen-kunstpreis-2022-data.pdf\">Bases y condiciones Premio de Artes Visuales 2022<\/a>\u00a0 |\u00a0\u00a0<a href=\"https:\/\/www.icpa-gz.org.py\/wp-content\/uploads\/2022\/09\/teilnahmeformular-data.docx\">Formulario de participaci\u00f3n<\/a><\/p>\n","protected":false},"excerpt":{"rendered":"<p>La Embajada de Alemania en colaboraci\u00f3n con el Instituto Cultural Paraguayo-Alem\u00e1n \u2013 Goethe-Zentrum convocan a la 8ta. Edici\u00f3n del Premio<\/p>\n","protected":false},"author":1,"featured_media":4968,"template":"","meta":{"colormag_page_container_layout":"default_layout","colormag_page_sidebar_layout":"default_layout","_tribe_events_status":"","_tribe_events_status_reason":"","_joinchat":[],"footnotes":""},"tags":[],"tribe_events_cat":[],"class_list":["post-4972","tribe_events","type-tribe_events","status-publish","has-post-thumbnail","hentry"],"_links":{"self":[{"href":"https:\/\/www.icpa-gz.org.py\/DE\/wp-json\/wp\/v2\/tribe_events\/4972","targetHints":{"allow":["GET"]}}],"collection":[{"href":"https:\/\/www.icpa-gz.org.py\/DE\/wp-json\/wp\/v2\/tribe_events"}],"about":[{"href":"https:\/\/www.icpa-gz.org.py\/DE\/wp-json\/wp\/v2\/types\/tribe_events"}],"author":[{"embeddable":true,"href":"https:\/\/www.icpa-gz.org.py\/DE\/wp-json\/wp\/v2\/users\/1"}],"version-history":[{"count":3,"href":"https:\/\/www.icpa-gz.org.py\/DE\/wp-json\/wp\/v2\/tribe_events\/4972\/revisions"}],"predecessor-version":[{"id":5627,"href":"https:\/\/www.icpa-gz.org.py\/DE\/wp-json\/wp\/v2\/tribe_events\/4972\/revisions\/5627"}],"wp:featuredmedia":[{"embeddable":true,"href":"https:\/\/www.icpa-gz.org.py\/DE\/wp-json\/wp\/v2\/media\/4968"}],"wp:attachment":[{"href":"https:\/\/www.icpa-gz.org.py\/DE\/wp-json\/wp\/v2\/media?parent=4972"}],"wp:term":[{"taxonomy":"post_tag","embeddable":true,"href":"https:\/\/www.icpa-gz.org.py\/DE\/wp-json\/wp\/v2\/tags?post=4972"},{"taxonomy":"tribe_events_cat","embeddable":true,"href":"https:\/\/www.icpa-gz.org.py\/DE\/wp-json\/wp\/v2\/tribe_events_cat?post=4972"}],"curies":[{"name":"wp","href":"https:\/\/api.w.org\/{rel}","templated":true}]}}