{"id":47774,"date":"2026-03-31T18:07:40","date_gmt":"2026-03-31T21:07:40","guid":{"rendered":"https:\/\/www.icpa-gz.org.py\/DE\/?post_type=tribe_events&#038;p=47774"},"modified":"2026-03-31T18:07:40","modified_gmt":"2026-03-31T21:07:40","slug":"gitarrenworkshop-diego-guzman-1-4-2","status":"publish","type":"tribe_events","link":"https:\/\/www.icpa-gz.org.py\/DE\/evento\/gitarrenworkshop-diego-guzman-1-4-2\/","title":{"rendered":"Gitarrenworkshop | Diego Guzm\u00e1n 1\/4"},"content":{"rendered":"<p>In diesem Monat beginnen die Gitarrenkurse im ICPA-GZ. Der Musiker\u00a0<a href=\"https:\/\/www.instagram.com\/diegoguzmanpy\">Diego Guzm\u00e1n<\/a>\u00a0bietet diesen offenen Kurs f\u00fcr alle an, die dieses Instrument lernen m\u00f6chten. Egal, ob Sie Anf\u00e4nger sind oder bereits spielen k\u00f6nnen und weiter \u00fcben m\u00f6chten, dieser Kurs ist f\u00fcr alle Niveaus geeignet.<\/p>\n<p>Jeden Mittwoch<br \/>\nAb 17 Uhr<br \/>\nKosten: 250.000 Gs. pro Monat<\/p>\n<p>Anmeldung unter:<\/p>\n<div dir=\"auto\">\n<div dir=\"auto\">+595 (21) 22 44 55<\/div>\n<div dir=\"auto\"><a href=\"http:\/\/wa.me\/595983307150\">+595 983 307 150 | WhatsApp<\/a><\/div>\n<\/div>\n<div dir=\"auto\"><\/div>\n<div dir=\"auto\">Instituto Cultural Paraguayo-Alem\u00e1n \u2013 Goethe-Zentrum<\/div>\n<div dir=\"auto\">Juan de Salazar 310 esq. Artigas<\/div>\n","protected":false},"excerpt":{"rendered":"<p>In diesem Monat beginnen die Gitarrenkurse im ICPA-GZ. Der Musiker\u00a0Diego Guzm\u00e1n\u00a0bietet diesen offenen Kurs f\u00fcr alle an, die dieses Instrument<\/p>\n","protected":false},"author":1,"featured_media":47781,"template":"","meta":{"colormag_page_container_layout":"default_layout","colormag_page_sidebar_layout":"default_layout","_tribe_events_status":"","_tribe_events_status_reason":"","_joinchat":[],"footnotes":""},"tags":[],"tribe_events_cat":[49,50,51,45,77,34],"class_list":["post-47774","tribe_events","type-tribe_events","status-publish","has-post-thumbnail","hentry","tribe_events_cat-gefordert-vom-icpa-gz","tribe_events_cat-kultur","tribe_events_cat-kunst","tribe_events_cat-musik","tribe_events_cat-prasenzveranstaltung","tribe_events_cat-workshop","cat_gefordert-vom-icpa-gz","cat_kultur","cat_kunst","cat_musik","cat_prasenzveranstaltung","cat_workshop"],"_links":{"self":[{"href":"https:\/\/www.icpa-gz.org.py\/DE\/wp-json\/wp\/v2\/tribe_events\/47774","targetHints":{"allow":["GET"]}}],"collection":[{"href":"https:\/\/www.icpa-gz.org.py\/DE\/wp-json\/wp\/v2\/tribe_events"}],"about":[{"href":"https:\/\/www.icpa-gz.org.py\/DE\/wp-json\/wp\/v2\/types\/tribe_events"}],"author":[{"embeddable":true,"href":"https:\/\/www.icpa-gz.org.py\/DE\/wp-json\/wp\/v2\/users\/1"}],"version-history":[{"count":2,"href":"https:\/\/www.icpa-gz.org.py\/DE\/wp-json\/wp\/v2\/tribe_events\/47774\/revisions"}],"predecessor-version":[{"id":47789,"href":"https:\/\/www.icpa-gz.org.py\/DE\/wp-json\/wp\/v2\/tribe_events\/47774\/revisions\/47789"}],"wp:featuredmedia":[{"embeddable":true,"href":"https:\/\/www.icpa-gz.org.py\/DE\/wp-json\/wp\/v2\/media\/47781"}],"wp:attachment":[{"href":"https:\/\/www.icpa-gz.org.py\/DE\/wp-json\/wp\/v2\/media?parent=47774"}],"wp:term":[{"taxonomy":"post_tag","embeddable":true,"href":"https:\/\/www.icpa-gz.org.py\/DE\/wp-json\/wp\/v2\/tags?post=47774"},{"taxonomy":"tribe_events_cat","embeddable":true,"href":"https:\/\/www.icpa-gz.org.py\/DE\/wp-json\/wp\/v2\/tribe_events_cat?post=47774"}],"curies":[{"name":"wp","href":"https:\/\/api.w.org\/{rel}","templated":true}]}}