{"id":47552,"date":"2026-03-12T19:01:21","date_gmt":"2026-03-12T22:01:21","guid":{"rendered":"https:\/\/www.icpa-gz.org.py\/DE\/?post_type=tribe_events&#038;p=47552"},"modified":"2026-03-12T19:01:21","modified_gmt":"2026-03-12T22:01:21","slug":"konzert-von-jeremias-1-2","status":"publish","type":"tribe_events","link":"https:\/\/www.icpa-gz.org.py\/DE\/evento\/konzert-von-jeremias-1-2\/","title":{"rendered":"Konzert von Jerem\u00edas 1\/2"},"content":{"rendered":"<p>JEREM\u00cdAS ist eine deutsche Indie-Pop-Band, die 2018 in Hannover gegr\u00fcndet wurde und deren Stil melancholische und tanzbare Elemente verbindet. Die Gruppe besteht aus vier Mitgliedern und verdankt ihren Namen dem Leads\u00e4nger Jeremias Heimbach. Sie kombinieren Liebes- und Trennungslieder mit melancholischen und anderen fr\u00f6hlicheren und tanzbaren Momenten.<\/p>\n<p>Die Band wird am 21. und 22. M\u00e4rz zwei Konzerte in La Tarantela (ehemals JazzCube) geben. Die Tickets f\u00fcr diese Shows waren sofort ausverkauft, als sie \u00fcber die Website in den Verkauf gingen. Paraguay ist eine der Stationen der Lateinamerika-Tournee, die auch Termine in Mexiko, Kolumbien, Argentinien und unserem Land umfasst.<\/p>\n<p>Um mehr \u00fcber die Band zu erfahren, besuchen <a href=\"https:\/\/www.jeremiasmusik.de\">Sie ihre Website<\/a>. Sie k\u00f6nnen sich auch ihre Videos auf dem <a href=\"https:\/\/www.youtube.com\/channel\/UCgTEnqePKXxYBH-HV9ZkiHQ\">Youtube-Kanal von JEREM\u00cdAS<\/a> ansehen.<\/p>\n","protected":false},"excerpt":{"rendered":"<p>JEREM\u00cdAS ist eine deutsche Indie-Pop-Band, die 2018 in Hannover gegr\u00fcndet wurde und deren Stil melancholische und tanzbare Elemente verbindet. Die<\/p>\n","protected":false},"author":1,"featured_media":47536,"template":"","meta":{"colormag_page_container_layout":"default_layout","colormag_page_sidebar_layout":"default_layout","_tribe_events_status":"","_tribe_events_status_reason":"","_joinchat":[],"footnotes":""},"tags":[],"tribe_events_cat":[49,35,50,51,45,77],"class_list":["post-47552","tribe_events","type-tribe_events","status-publish","has-post-thumbnail","hentry","tribe_events_cat-gefordert-vom-icpa-gz","tribe_events_cat-konzert","tribe_events_cat-kultur","tribe_events_cat-kunst","tribe_events_cat-musik","tribe_events_cat-prasenzveranstaltung","cat_gefordert-vom-icpa-gz","cat_konzert","cat_kultur","cat_kunst","cat_musik","cat_prasenzveranstaltung"],"_links":{"self":[{"href":"https:\/\/www.icpa-gz.org.py\/DE\/wp-json\/wp\/v2\/tribe_events\/47552","targetHints":{"allow":["GET"]}}],"collection":[{"href":"https:\/\/www.icpa-gz.org.py\/DE\/wp-json\/wp\/v2\/tribe_events"}],"about":[{"href":"https:\/\/www.icpa-gz.org.py\/DE\/wp-json\/wp\/v2\/types\/tribe_events"}],"author":[{"embeddable":true,"href":"https:\/\/www.icpa-gz.org.py\/DE\/wp-json\/wp\/v2\/users\/1"}],"version-history":[{"count":2,"href":"https:\/\/www.icpa-gz.org.py\/DE\/wp-json\/wp\/v2\/tribe_events\/47552\/revisions"}],"predecessor-version":[{"id":47568,"href":"https:\/\/www.icpa-gz.org.py\/DE\/wp-json\/wp\/v2\/tribe_events\/47552\/revisions\/47568"}],"wp:featuredmedia":[{"embeddable":true,"href":"https:\/\/www.icpa-gz.org.py\/DE\/wp-json\/wp\/v2\/media\/47536"}],"wp:attachment":[{"href":"https:\/\/www.icpa-gz.org.py\/DE\/wp-json\/wp\/v2\/media?parent=47552"}],"wp:term":[{"taxonomy":"post_tag","embeddable":true,"href":"https:\/\/www.icpa-gz.org.py\/DE\/wp-json\/wp\/v2\/tags?post=47552"},{"taxonomy":"tribe_events_cat","embeddable":true,"href":"https:\/\/www.icpa-gz.org.py\/DE\/wp-json\/wp\/v2\/tribe_events_cat?post=47552"}],"curies":[{"name":"wp","href":"https:\/\/api.w.org\/{rel}","templated":true}]}}