{"id":41056,"date":"2025-05-20T15:34:20","date_gmt":"2025-05-20T19:34:20","guid":{"rendered":"https:\/\/www.icpa-gz.org.py\/DE\/?post_type=tribe_events&#038;p=41056"},"modified":"2025-05-20T15:34:48","modified_gmt":"2025-05-20T19:34:48","slug":"that-they-may-face-the-rising-sun-xvi-europaisches-filmfestival","status":"publish","type":"tribe_events","link":"https:\/\/www.icpa-gz.org.py\/DE\/evento\/that-they-may-face-the-rising-sun-xvi-europaisches-filmfestival\/","title":{"rendered":"That they may face the rising sun | XVI Europ\u00e4isches Filmfestival"},"content":{"rendered":"<p>Die 16. Europ\u00e4ische Filmsaison findet vom 22. bis 30. Mai statt. Wir erwarten Sie, um alle Filme zu sehen, die wir f\u00fcr Sie bereithalten, mit freiem Zugang.<\/p>\n<p><strong>That they may face the rising sun<\/strong><\/p>\n<p>Joe und Kate Ruttledge kehren aus London in eine Gemeinde am See zur\u00fcck, in der Joe aufgewachsen ist. Eingebunden in das Leben am See, entfaltet sich ihr Drama und das der Menschen um sie herum durch allt\u00e4gliche Rituale und den Lauf der Jahreszeiten. Nach dem gleichnamigen, hochgelobten Roman von John McGahern.<\/p>\n<p><strong>Datum:<\/strong> Freitag, 23. Mai 2025<\/p>\n<p><strong>Uhrzeit:<\/strong> 19:30 Uhr Hs.<\/p>\n<p><strong>Ort:<\/strong> Cines Villamorra | Saal 1<\/p>\n<p>&nbsp;<\/p>\n<p><strong>Mehr Informationen \u00fcber die Filmreihe:<\/strong><\/p>\n<p><a href=\"https:\/\/www.instagram.com\/ueenparaguay\/\">UE Paraguay auf Instagram<\/a><\/p>\n<p><a href=\"https:\/\/www.facebook.com\/UnionEuropeaenParaguay\">UE Paraguay auf Facebook<\/a><\/p>\n","protected":false},"excerpt":{"rendered":"<p>Die 16. Europ\u00e4ische Filmsaison findet vom 22. bis 30. Mai statt. Wir erwarten Sie, um alle Filme zu sehen, die<\/p>\n","protected":false},"author":1,"featured_media":41063,"template":"","meta":{"colormag_page_container_layout":"default_layout","colormag_page_sidebar_layout":"default_layout","_tribe_events_status":"","_tribe_events_status_reason":"","_joinchat":[],"footnotes":""},"tags":[],"tribe_events_cat":[67,73,39,50,51,77],"class_list":["post-41056","tribe_events","type-tribe_events","status-publish","has-post-thumbnail","hentry","tribe_events_cat-europa-monat","tribe_events_cat-europaisches-filmfestival-in-paraguay","tribe_events_cat-filmtheater","tribe_events_cat-kultur","tribe_events_cat-kunst","tribe_events_cat-prasenzveranstaltung","cat_europa-monat","cat_europaisches-filmfestival-in-paraguay","cat_filmtheater","cat_kultur","cat_kunst","cat_prasenzveranstaltung"],"_links":{"self":[{"href":"https:\/\/www.icpa-gz.org.py\/DE\/wp-json\/wp\/v2\/tribe_events\/41056","targetHints":{"allow":["GET"]}}],"collection":[{"href":"https:\/\/www.icpa-gz.org.py\/DE\/wp-json\/wp\/v2\/tribe_events"}],"about":[{"href":"https:\/\/www.icpa-gz.org.py\/DE\/wp-json\/wp\/v2\/types\/tribe_events"}],"author":[{"embeddable":true,"href":"https:\/\/www.icpa-gz.org.py\/DE\/wp-json\/wp\/v2\/users\/1"}],"version-history":[{"count":3,"href":"https:\/\/www.icpa-gz.org.py\/DE\/wp-json\/wp\/v2\/tribe_events\/41056\/revisions"}],"predecessor-version":[{"id":41071,"href":"https:\/\/www.icpa-gz.org.py\/DE\/wp-json\/wp\/v2\/tribe_events\/41056\/revisions\/41071"}],"wp:featuredmedia":[{"embeddable":true,"href":"https:\/\/www.icpa-gz.org.py\/DE\/wp-json\/wp\/v2\/media\/41063"}],"wp:attachment":[{"href":"https:\/\/www.icpa-gz.org.py\/DE\/wp-json\/wp\/v2\/media?parent=41056"}],"wp:term":[{"taxonomy":"post_tag","embeddable":true,"href":"https:\/\/www.icpa-gz.org.py\/DE\/wp-json\/wp\/v2\/tags?post=41056"},{"taxonomy":"tribe_events_cat","embeddable":true,"href":"https:\/\/www.icpa-gz.org.py\/DE\/wp-json\/wp\/v2\/tribe_events_cat?post=41056"}],"curies":[{"name":"wp","href":"https:\/\/api.w.org\/{rel}","templated":true}]}}