{"id":40968,"date":"2025-05-19T16:41:01","date_gmt":"2025-05-19T20:41:01","guid":{"rendered":"https:\/\/www.icpa-gz.org.py\/DE\/?post_type=tribe_events&#038;p=40968"},"modified":"2025-05-19T16:41:01","modified_gmt":"2025-05-19T20:41:01","slug":"europa-symphonie-gala-monat-europa","status":"publish","type":"tribe_events","link":"https:\/\/www.icpa-gz.org.py\/DE\/evento\/europa-symphonie-gala-monat-europa\/","title":{"rendered":"Europa-Symphonie-Gala &#8211; Monat Europa"},"content":{"rendered":"<p>Das<a href=\"https:\/\/www.instagram.com\/osca_py\/?hl=es-la\"> Orquesta Sinf\u00f3nica de la Ciudad de Asunci\u00f3n (OSCA)<\/a> wird unter der Leitung von Maestro Luis Szar\u00e1n ein spannendes Konzert geben. Gespielt werden die klassischsten Werke von Legenden wie Bach, Mozart, Rossini und Puccini. Die Veranstaltung findet zum Gedenken an den Europamonat und zur Er\u00f6ffnung der XVI. Europ\u00e4ischen Filmreihe statt, die von der <a href=\"https:\/\/www.instagram.com\/ueenparaguay\/\">Delegation der Europ\u00e4ischen Union in Paraguay<\/a> organisiert wird.<\/p>\n<p><strong>Datum:<\/strong> Dienstag, 20. Mai, ab 20:00 Uhr.<br \/>\nDer Eintritt ist frei. Der Einlass erfolgt in der Reihenfolge der Anmeldungen.<br \/>\n<strong>Veranstaltungsort:<\/strong> Centro Cultural Paraguayo Japon\u00e9s (CPJ)<br \/>\n<strong>Adresse:<\/strong> Julio Correa y Domingo Portillo | Asunci\u00f3n &#8211; Paraguay<\/p>\n<p>Weitere Informationen \u00fcber die Filmreihe:<br \/>\n<a href=\"https:\/\/www.facebook.com\/UnionEuropeaenParaguay\">UE Paraguay auf Facebook<\/a><br \/>\n<a href=\"https:\/\/www.instagram.com\/ueenparaguay\/\">UE Paraguay auf Instagram<\/a><\/p>\n","protected":false},"excerpt":{"rendered":"<p>Das Orquesta Sinf\u00f3nica de la Ciudad de Asunci\u00f3n (OSCA) wird unter der Leitung von Maestro Luis Szar\u00e1n ein spannendes Konzert<\/p>\n","protected":false},"author":1,"featured_media":40975,"template":"","meta":{"colormag_page_container_layout":"default_layout","colormag_page_sidebar_layout":"default_layout","_tribe_events_status":"","_tribe_events_status_reason":"","_joinchat":[],"footnotes":""},"tags":[],"tribe_events_cat":[73,104,35,50,51,45,77],"class_list":["post-40968","tribe_events","type-tribe_events","status-publish","has-post-thumbnail","hentry","tribe_events_cat-europaisches-filmfestival-in-paraguay","tribe_events_cat-europameisterschaft-2024","tribe_events_cat-konzert","tribe_events_cat-kultur","tribe_events_cat-kunst","tribe_events_cat-musik","tribe_events_cat-prasenzveranstaltung","cat_europaisches-filmfestival-in-paraguay","cat_europameisterschaft-2024","cat_konzert","cat_kultur","cat_kunst","cat_musik","cat_prasenzveranstaltung"],"_links":{"self":[{"href":"https:\/\/www.icpa-gz.org.py\/DE\/wp-json\/wp\/v2\/tribe_events\/40968","targetHints":{"allow":["GET"]}}],"collection":[{"href":"https:\/\/www.icpa-gz.org.py\/DE\/wp-json\/wp\/v2\/tribe_events"}],"about":[{"href":"https:\/\/www.icpa-gz.org.py\/DE\/wp-json\/wp\/v2\/types\/tribe_events"}],"author":[{"embeddable":true,"href":"https:\/\/www.icpa-gz.org.py\/DE\/wp-json\/wp\/v2\/users\/1"}],"version-history":[{"count":2,"href":"https:\/\/www.icpa-gz.org.py\/DE\/wp-json\/wp\/v2\/tribe_events\/40968\/revisions"}],"predecessor-version":[{"id":40983,"href":"https:\/\/www.icpa-gz.org.py\/DE\/wp-json\/wp\/v2\/tribe_events\/40968\/revisions\/40983"}],"wp:featuredmedia":[{"embeddable":true,"href":"https:\/\/www.icpa-gz.org.py\/DE\/wp-json\/wp\/v2\/media\/40975"}],"wp:attachment":[{"href":"https:\/\/www.icpa-gz.org.py\/DE\/wp-json\/wp\/v2\/media?parent=40968"}],"wp:term":[{"taxonomy":"post_tag","embeddable":true,"href":"https:\/\/www.icpa-gz.org.py\/DE\/wp-json\/wp\/v2\/tags?post=40968"},{"taxonomy":"tribe_events_cat","embeddable":true,"href":"https:\/\/www.icpa-gz.org.py\/DE\/wp-json\/wp\/v2\/tribe_events_cat?post=40968"}],"curies":[{"name":"wp","href":"https:\/\/api.w.org\/{rel}","templated":true}]}}