{"id":3852,"date":"2022-04-20T17:50:23","date_gmt":"2022-04-20T20:50:23","guid":{"rendered":"http:\/\/www.icpa-gz.org.py\/DE\/?post_type=tribe_events&#038;p=3852"},"modified":"2022-04-20T17:50:23","modified_gmt":"2022-04-20T20:50:23","slug":"habitantes-kurzdokumentarfilm-esp","status":"publish","type":"tribe_events","link":"https:\/\/www.icpa-gz.org.py\/DE\/evento\/habitantes-kurzdokumentarfilm-esp\/","title":{"rendered":"Habitantes | Kurzdokumentarfilm [esp]"},"content":{"rendered":"<p>El elenco Alas Abiertas estrena este\u00a0 s\u00e1bado 23 de abril a las 19 horas el corto documental Habitantes bajo la direcci\u00f3n de Javier Valdez y Sergio Nu\u00f1ez, con el arte sonoro y captura de sonidos a cargo de Javier Palma.<\/p>\n<p>El material se centra en las vivencias de las integrantes del\u00a0 elenco, quienes algunas\u00a0 de ellas residen en el Ba\u00f1ado Sur. Las protagonistas trabajaron en base a sus propios movimientos y se adentraron en el barrio\u00a0 a traves del lenguaje de la danza, a partir de ah\u00ed ellas nos cuentan y nos muestran la vida en un barrio tan emblem\u00e1tico y a veces estigmatizado\u00a0 como lo es el Ba\u00f1ado Sur.<\/p>\n<p>El corto documental Habitantes ha sido\u00a0 financiado por el Instituto Cultural Paraguayo-Alem\u00e1n y cuenta con el apoyo del Centro Cultural de Espa\u00f1a Juan de Salazar, Bazzar y el espacio RO-CA.<\/p>\n<p><strong>Sinopsis<\/strong><\/p>\n<p>Seis mujeres j\u00f3venes que salen del Ba\u00f1ado Sur a cumplir sus aspiraciones profesionales\u00a0 a trav\u00e9s de la danza y c\u00f3mo es conciliar\u00a0 esa tarea con el diario vivir en un lugar donde las prioridades\u00a0 de supervivencia\u00a0\u00a0 son la principal preocupaci\u00f3n\u00a0 de sus habitantes.\u00a0 En ese contexto\u00a0 las bailarinas se expresan con sus\u00a0 movimientos, danzando y\u00a0 cont\u00e1ndonos de sus inquietudes y sue\u00f1os.<\/p>\n<p>Esta historia nos muestra a la danza que resiste y se sostiene a trav\u00e9s de sus protagonistas, en uno de los\u00a0 barrios m\u00e1s\u00a0 populares de nuestra ciudad.<\/p>\n","protected":false},"excerpt":{"rendered":"<p>El elenco Alas Abiertas estrena este\u00a0 s\u00e1bado 23 de abril a las 19 horas el corto documental Habitantes bajo la<\/p>\n","protected":false},"author":1,"featured_media":3853,"template":"","meta":{"colormag_page_container_layout":"default_layout","colormag_page_sidebar_layout":"default_layout","_tribe_events_status":"","_tribe_events_status_reason":"","_joinchat":[],"footnotes":""},"tags":[],"tribe_events_cat":[],"class_list":["post-3852","tribe_events","type-tribe_events","status-publish","has-post-thumbnail","hentry"],"_links":{"self":[{"href":"https:\/\/www.icpa-gz.org.py\/DE\/wp-json\/wp\/v2\/tribe_events\/3852","targetHints":{"allow":["GET"]}}],"collection":[{"href":"https:\/\/www.icpa-gz.org.py\/DE\/wp-json\/wp\/v2\/tribe_events"}],"about":[{"href":"https:\/\/www.icpa-gz.org.py\/DE\/wp-json\/wp\/v2\/types\/tribe_events"}],"author":[{"embeddable":true,"href":"https:\/\/www.icpa-gz.org.py\/DE\/wp-json\/wp\/v2\/users\/1"}],"version-history":[{"count":2,"href":"https:\/\/www.icpa-gz.org.py\/DE\/wp-json\/wp\/v2\/tribe_events\/3852\/revisions"}],"predecessor-version":[{"id":3855,"href":"https:\/\/www.icpa-gz.org.py\/DE\/wp-json\/wp\/v2\/tribe_events\/3852\/revisions\/3855"}],"wp:featuredmedia":[{"embeddable":true,"href":"https:\/\/www.icpa-gz.org.py\/DE\/wp-json\/wp\/v2\/media\/3853"}],"wp:attachment":[{"href":"https:\/\/www.icpa-gz.org.py\/DE\/wp-json\/wp\/v2\/media?parent=3852"}],"wp:term":[{"taxonomy":"post_tag","embeddable":true,"href":"https:\/\/www.icpa-gz.org.py\/DE\/wp-json\/wp\/v2\/tags?post=3852"},{"taxonomy":"tribe_events_cat","embeddable":true,"href":"https:\/\/www.icpa-gz.org.py\/DE\/wp-json\/wp\/v2\/tribe_events_cat?post=3852"}],"curies":[{"name":"wp","href":"https:\/\/api.w.org\/{rel}","templated":true}]}}