{"id":38484,"date":"2025-01-13T18:29:53","date_gmt":"2025-01-13T21:29:53","guid":{"rendered":"https:\/\/www.icpa-gz.org.py\/DE\/?post_type=tribe_events&#038;p=38484"},"modified":"2025-01-13T18:29:53","modified_gmt":"2025-01-13T21:29:53","slug":"das-meer-und-der-korper-ausstellung-quieres-conocer-el-mar","status":"publish","type":"tribe_events","link":"https:\/\/www.icpa-gz.org.py\/DE\/evento\/das-meer-und-der-korper-ausstellung-quieres-conocer-el-mar\/","title":{"rendered":"Das Meer und der K\u00f6rper | Ausstellung &#8220;\u00bfQuieres conocer el mar?&#8221;"},"content":{"rendered":"<p>Bei dieser Aktivit\u00e4t k\u00f6nnen Sie eine Yogastunde in der immersiven Installation \u201e\u00bfQuer\u00e9s conocer el mar?<\/p>\n<p>Es handelt sich um eine immersive\/sensorische Installation, die dazu einl\u00e4dt, ein Meer kennenzulernen, das geografisch nicht existiert, sondern sich aus visuellen und akustischen Aufzeichnungen materialisiert, die die K\u00fcnstlerin Jazm\u00edn Ceb\u00e9 f\u00fcr diese Erfahrung kompiliert\/generiert. Dieses Werk taucht in den Alltag eines Sommertages in Paraguay ein und verwandelt Videos und T\u00f6ne in eine poetische, pers\u00f6nliche, aber auch kollektive Erfahrung. Kuratiert von der preisgekr\u00f6nten K\u00fcnstlerin Bel\u00e9n Rodriguez.<\/p>\n<p>Datum: Mittwoch, 15. Januar 2025<\/p>\n<p>Zeit: 17:30 Uhr Hs.<\/p>\n<p>Ort: Rolando Rasmussen-Saal &#8211; Paraguayisch-Deutsches Kulturinstitut &#8211; Goethe-Zentrum<\/p>\n<p>Adresse: Juan de Salazar 310 esq. Artigas<\/p>\n","protected":false},"excerpt":{"rendered":"<p>Bei dieser Aktivit\u00e4t k\u00f6nnen Sie eine Yogastunde in der immersiven Installation \u201e\u00bfQuer\u00e9s conocer el mar? Es handelt sich um eine<\/p>\n","protected":false},"author":1,"featured_media":38475,"template":"","meta":{"colormag_page_container_layout":"default_layout","colormag_page_sidebar_layout":"default_layout","_tribe_events_status":"","_tribe_events_status_reason":"","_joinchat":[],"footnotes":""},"tags":[],"tribe_events_cat":[43,49,50,51,34],"class_list":["post-38484","tribe_events","type-tribe_events","status-publish","has-post-thumbnail","hentry","tribe_events_cat-ausstellung","tribe_events_cat-gefordert-vom-icpa-gz","tribe_events_cat-kultur","tribe_events_cat-kunst","tribe_events_cat-workshop","cat_ausstellung","cat_gefordert-vom-icpa-gz","cat_kultur","cat_kunst","cat_workshop"],"_links":{"self":[{"href":"https:\/\/www.icpa-gz.org.py\/DE\/wp-json\/wp\/v2\/tribe_events\/38484","targetHints":{"allow":["GET"]}}],"collection":[{"href":"https:\/\/www.icpa-gz.org.py\/DE\/wp-json\/wp\/v2\/tribe_events"}],"about":[{"href":"https:\/\/www.icpa-gz.org.py\/DE\/wp-json\/wp\/v2\/types\/tribe_events"}],"author":[{"embeddable":true,"href":"https:\/\/www.icpa-gz.org.py\/DE\/wp-json\/wp\/v2\/users\/1"}],"version-history":[{"count":2,"href":"https:\/\/www.icpa-gz.org.py\/DE\/wp-json\/wp\/v2\/tribe_events\/38484\/revisions"}],"predecessor-version":[{"id":38498,"href":"https:\/\/www.icpa-gz.org.py\/DE\/wp-json\/wp\/v2\/tribe_events\/38484\/revisions\/38498"}],"wp:featuredmedia":[{"embeddable":true,"href":"https:\/\/www.icpa-gz.org.py\/DE\/wp-json\/wp\/v2\/media\/38475"}],"wp:attachment":[{"href":"https:\/\/www.icpa-gz.org.py\/DE\/wp-json\/wp\/v2\/media?parent=38484"}],"wp:term":[{"taxonomy":"post_tag","embeddable":true,"href":"https:\/\/www.icpa-gz.org.py\/DE\/wp-json\/wp\/v2\/tags?post=38484"},{"taxonomy":"tribe_events_cat","embeddable":true,"href":"https:\/\/www.icpa-gz.org.py\/DE\/wp-json\/wp\/v2\/tribe_events_cat?post=38484"}],"curies":[{"name":"wp","href":"https:\/\/api.w.org\/{rel}","templated":true}]}}