{"id":37917,"date":"2024-12-12T18:12:32","date_gmt":"2024-12-12T21:12:32","guid":{"rendered":"https:\/\/www.icpa-gz.org.py\/DE\/?post_type=tribe_events&#038;p=37917"},"modified":"2024-12-12T18:12:32","modified_gmt":"2024-12-12T21:12:32","slug":"ausstellung-willst-du-das-meer-sehen-jazmin-cebe","status":"publish","type":"tribe_events","link":"https:\/\/www.icpa-gz.org.py\/DE\/evento\/ausstellung-willst-du-das-meer-sehen-jazmin-cebe\/","title":{"rendered":"Ausstellung \u201eWillst du das Meer sehen?  | Jazm\u00edn Ceb\u00e9"},"content":{"rendered":"<p>Das Deutsch-Paraguayische Kulturinstitut, das Goethe-Zentrum und das Centro Cultural La Chispa f\u00f6rdern diese immersive und sinnliche Installation, die von Bel\u00e9n Rodriguez kuratiert wurde. Von G\u00e4rten nach dem Rauchregen der Agrarindustrie bis hin zu st\u00e4dtischen R\u00e4umen, die durch Hitze und kollektiven Einfallsreichtum ver\u00e4ndert wurden, spiegeln die Elemente Intimit\u00e4t, die kreative Aneignung \u00f6ffentlicher R\u00e4ume und die F\u00e4higkeit, sich andere Horizonte vorzustellen.<\/p>\n<p>Inspiriert von der gleichnamigen Kurzgeschichte, die 2023 den 2. Internationalen Ita\u00fa-Kurzgeschichtenpreis gewann, bietet die Ausstellung eine sensorische Reise durch die Umwandlung von Alltagsbildern in digitale Histogramme.<\/p>\n<p>Er\u00f6ffnung<br \/>\nDatum: Dienstag, 17. Dezember 2024<br \/>\nUhrzeit: 19:00 Uhr Hs.<br \/>\nEintritt: Kostenlos<\/p>\n<p>Schauplatz: Sal\u00f3n Rolando Rasmussen &#8211; Instituto Cultural Paraguayo-Alem\u00e1n-Goethe Zentrum<br \/>\nJuan de Salazar 310 c\/ Avda. Artigas<\/p>\n","protected":false},"excerpt":{"rendered":"<p>Das Deutsch-Paraguayische Kulturinstitut, das Goethe-Zentrum und das Centro Cultural La Chispa f\u00f6rdern diese immersive und sinnliche Installation, die von Bel\u00e9n<\/p>\n","protected":false},"author":1,"featured_media":37924,"template":"","meta":{"colormag_page_container_layout":"default_layout","colormag_page_sidebar_layout":"default_layout","_tribe_events_status":"","_tribe_events_status_reason":"","_joinchat":[],"footnotes":""},"tags":[],"tribe_events_cat":[49,50,51,77,95],"class_list":["post-37917","tribe_events","type-tribe_events","status-publish","has-post-thumbnail","hentry","tribe_events_cat-gefordert-vom-icpa-gz","tribe_events_cat-kultur","tribe_events_cat-kunst","tribe_events_cat-prasenzveranstaltung","tribe_events_cat-videokunst","cat_gefordert-vom-icpa-gz","cat_kultur","cat_kunst","cat_prasenzveranstaltung","cat_videokunst"],"_links":{"self":[{"href":"https:\/\/www.icpa-gz.org.py\/DE\/wp-json\/wp\/v2\/tribe_events\/37917","targetHints":{"allow":["GET"]}}],"collection":[{"href":"https:\/\/www.icpa-gz.org.py\/DE\/wp-json\/wp\/v2\/tribe_events"}],"about":[{"href":"https:\/\/www.icpa-gz.org.py\/DE\/wp-json\/wp\/v2\/types\/tribe_events"}],"author":[{"embeddable":true,"href":"https:\/\/www.icpa-gz.org.py\/DE\/wp-json\/wp\/v2\/users\/1"}],"version-history":[{"count":2,"href":"https:\/\/www.icpa-gz.org.py\/DE\/wp-json\/wp\/v2\/tribe_events\/37917\/revisions"}],"predecessor-version":[{"id":37932,"href":"https:\/\/www.icpa-gz.org.py\/DE\/wp-json\/wp\/v2\/tribe_events\/37917\/revisions\/37932"}],"wp:featuredmedia":[{"embeddable":true,"href":"https:\/\/www.icpa-gz.org.py\/DE\/wp-json\/wp\/v2\/media\/37924"}],"wp:attachment":[{"href":"https:\/\/www.icpa-gz.org.py\/DE\/wp-json\/wp\/v2\/media?parent=37917"}],"wp:term":[{"taxonomy":"post_tag","embeddable":true,"href":"https:\/\/www.icpa-gz.org.py\/DE\/wp-json\/wp\/v2\/tags?post=37917"},{"taxonomy":"tribe_events_cat","embeddable":true,"href":"https:\/\/www.icpa-gz.org.py\/DE\/wp-json\/wp\/v2\/tribe_events_cat?post=37917"}],"curies":[{"name":"wp","href":"https:\/\/api.w.org\/{rel}","templated":true}]}}