{"id":36883,"date":"2024-11-15T17:45:30","date_gmt":"2024-11-15T20:45:30","guid":{"rendered":"https:\/\/www.icpa-gz.org.py\/DE\/?post_type=tribe_events&#038;p=36883"},"modified":"2024-11-15T17:45:30","modified_gmt":"2024-11-15T20:45:30","slug":"noisse-sessions-festival-purape","status":"publish","type":"tribe_events","link":"https:\/\/www.icpa-gz.org.py\/DE\/evento\/noisse-sessions-festival-purape\/","title":{"rendered":"Noisse Sessions | Festival Purape"},"content":{"rendered":"<p>\ud835\ude4f\ud835\ude5a \ud835\ude5a\ud835\ude68\ud835\ude65\ud835\ude5a\ud835\ude67\ud835\ude56\ud835\ude62\ud835\ude64\ud835\ude68 \ud835\ude5a\ud835\ude63 \ud835\ude5a\ud835\ude61 \ud835\ude58\ud835\ude5e\ud835\ude5a\ud835\ude67\ud835\ude67\ud835\ude5a \ud835\ude59\ud835\ude5a \ud835\ude4b\ud835\ude6a\ud835\ude67\ud835\ude56\ud835\ude65\ud835\ude5a \ud835\ude44\ud835\ude44 \ud835\ude58\ud835\ude64\ud835\ude63 \ud835\ude6a\ud835\ude63\ud835\ude56 \ud835\ude49\ud835\ude64\ud835\ude5e\ud835\ude68\ud835\ude5a \ud835\ude4e\ud835\ude5a\ud835\ude68\ud835\ude68\ud835\ude5e\ud835\ude64\ud835\ude63. Es wird eine Nacht der akustischen Erkundung, in der \ud835\ude4e\ud835\ude64\ud835\ude63\ud835\udfed\ud835\ude59\ud835\udfed\ud835\ude69\ud835\udfed \ud835\ude6e \ud835\ude68\ud835\ude6a\ud835\ude6a\ud835\ude68 \ud835\udff0\ud835\ude62\ud835\udfed\ud835\ude5c\ud835\ude6a\ud835\udfed\ud835\ude69\ud835\ude6d\ud835\ude68 , zusammen mit K\u00fcnstlern wie \ud835\ude4e\ud835\ude5e\ud835\ude62\ud835\ude64\u0301\ud835\ude63\ud835\ude63 \ud835\ude49\ud835\ude64\ud835\ude58\ud835\ude5d\ud835\ude5a\ud835\ude68, \ud835\ude3c\ud835\ude61\ud835\ude5e\ud835\ude5a\ud835\ude63\ud835\ude56\ud835\ude69\ud835\ude5a\ud835\ude59 \ud835\ude40\ud835\ude63\ud835\ude69\ud835\ude5e\ud835\ude69\ud835\ude6e, \ud835\ude48\ud835\ude5e \ud835\ude4e\ud835\ude6a\ud835\ude5a\ud835\ude63\u0303\ud835\ude64 \ud835\ude4b\ud835\ude64\u0301\ud835\ude68\ud835\ude69\ud835\ude6a\ud835\ude62\ud835\ude64 \ud835\ude6e \ud835\ude42\ud835\ude56\ud835\ude57\ud835\ude67\ud835\ude5e\ud835\ude5a\ud835\ude61 \ud835\ude4e\ud835\ude56\ud835\ude68\ud835\ude56\ud835\ude63\ud835\ude6a\ud835\ude62\ud835\ude56, wird uns ein fesselndes und anspruchsvolles H\u00f6rerlebnis geboten.<\/p>\n<p>A \ud835\ude49\ud835\ude64\ud835\ude5e\ud835\ude68\ud835\ude5a \ud835\ude4e\ud835\ude5a\ud835\ude68\ud835\ude68\ud835\ude5e\ud835\ude64\ud835\ude63 l\u00e4dt uns ein, uns von den traditionellen Rhythmen zu entfernen und in ein Klanguniversum aus intensiven Kl\u00e4ngen, lebendigen Texturen und abstrakten Atmosph\u00e4ren einzutauchen, in dem L\u00e4rm als Kunst und Ausdruck neu definiert wird.<\/p>\n<p><strong>Datum:<\/strong> Samstag, 16. November 2024<br \/>\n<strong>Eintritt:<\/strong> Frei.<br \/>\n<strong>Uhrzeit:<\/strong> 20:00 Uhr.<br \/>\n<strong>Veranstaltungsort:<\/strong> Instituto Cultural Paraguayo-Alem\u00e1n \u2013 Goethe Zentrum<br \/>\nJuan de Salazar N\u00b0 310 c\/Artigas<\/p>\n<p>Das Festival Purape II wird von der Produktionsfirma Cuarto Mundo mit der Unterst\u00fctzung von ICPA-GZ durchgef\u00fchrt. <strong>Mehr Informationen unter <a href=\"https:\/\/www.instagram.com\/purape.4m\/?hl=es-la\">@purape.4m | Instagram<\/a><\/strong><\/p>\n","protected":false},"excerpt":{"rendered":"<p>\ud835\ude4f\ud835\ude5a \ud835\ude5a\ud835\ude68\ud835\ude65\ud835\ude5a\ud835\ude67\ud835\ude56\ud835\ude62\ud835\ude64\ud835\ude68 \ud835\ude5a\ud835\ude63 \ud835\ude5a\ud835\ude61 \ud835\ude58\ud835\ude5e\ud835\ude5a\ud835\ude67\ud835\ude67\ud835\ude5a \ud835\ude59\ud835\ude5a \ud835\ude4b\ud835\ude6a\ud835\ude67\ud835\ude56\ud835\ude65\ud835\ude5a \ud835\ude44\ud835\ude44 \ud835\ude58\ud835\ude64\ud835\ude63 \ud835\ude6a\ud835\ude63\ud835\ude56 \ud835\ude49\ud835\ude64\ud835\ude5e\ud835\ude68\ud835\ude5a \ud835\ude4e\ud835\ude5a\ud835\ude68\ud835\ude68\ud835\ude5e\ud835\ude64\ud835\ude63. Es wird eine Nacht der akustischen Erkundung, in<\/p>\n","protected":false},"author":1,"featured_media":36890,"template":"","meta":{"colormag_page_container_layout":"default_layout","colormag_page_sidebar_layout":"default_layout","_tribe_events_status":"","_tribe_events_status_reason":"","_joinchat":[],"footnotes":""},"tags":[],"tribe_events_cat":[43,89,101,49,103,35,50,51,45,26,77],"class_list":["post-36883","tribe_events","type-tribe_events","status-publish","has-post-thumbnail","hentry","tribe_events_cat-ausstellung","tribe_events_cat-festival","tribe_events_cat-forum","tribe_events_cat-gefordert-vom-icpa-gz","tribe_events_cat-konferenz","tribe_events_cat-konzert","tribe_events_cat-kultur","tribe_events_cat-kunst","tribe_events_cat-musik","tribe_events_cat-podcast","tribe_events_cat-prasenzveranstaltung","cat_ausstellung","cat_festival","cat_forum","cat_gefordert-vom-icpa-gz","cat_konferenz","cat_konzert","cat_kultur","cat_kunst","cat_musik","cat_podcast","cat_prasenzveranstaltung"],"_links":{"self":[{"href":"https:\/\/www.icpa-gz.org.py\/DE\/wp-json\/wp\/v2\/tribe_events\/36883","targetHints":{"allow":["GET"]}}],"collection":[{"href":"https:\/\/www.icpa-gz.org.py\/DE\/wp-json\/wp\/v2\/tribe_events"}],"about":[{"href":"https:\/\/www.icpa-gz.org.py\/DE\/wp-json\/wp\/v2\/types\/tribe_events"}],"author":[{"embeddable":true,"href":"https:\/\/www.icpa-gz.org.py\/DE\/wp-json\/wp\/v2\/users\/1"}],"version-history":[{"count":2,"href":"https:\/\/www.icpa-gz.org.py\/DE\/wp-json\/wp\/v2\/tribe_events\/36883\/revisions"}],"predecessor-version":[{"id":36898,"href":"https:\/\/www.icpa-gz.org.py\/DE\/wp-json\/wp\/v2\/tribe_events\/36883\/revisions\/36898"}],"wp:featuredmedia":[{"embeddable":true,"href":"https:\/\/www.icpa-gz.org.py\/DE\/wp-json\/wp\/v2\/media\/36890"}],"wp:attachment":[{"href":"https:\/\/www.icpa-gz.org.py\/DE\/wp-json\/wp\/v2\/media?parent=36883"}],"wp:term":[{"taxonomy":"post_tag","embeddable":true,"href":"https:\/\/www.icpa-gz.org.py\/DE\/wp-json\/wp\/v2\/tags?post=36883"},{"taxonomy":"tribe_events_cat","embeddable":true,"href":"https:\/\/www.icpa-gz.org.py\/DE\/wp-json\/wp\/v2\/tribe_events_cat?post=36883"}],"curies":[{"name":"wp","href":"https:\/\/api.w.org\/{rel}","templated":true}]}}