{"id":2471,"date":"2021-09-24T17:57:06","date_gmt":"2021-09-24T20:57:06","guid":{"rendered":"http:\/\/www.icpa-gz.org.py\/DE\/?post_type=tribe_events&#038;p=2471"},"modified":"2021-10-01T11:58:50","modified_gmt":"2021-10-01T14:58:50","slug":"vortrag-uber-das-studium-in-deutschland-und-kunstausstellung-deutsche-woche-2021","status":"publish","type":"tribe_events","link":"https:\/\/www.icpa-gz.org.py\/DE\/evento\/vortrag-uber-das-studium-in-deutschland-und-kunstausstellung-deutsche-woche-2021\/","title":{"rendered":"VORTRAG \u00dcBER DAS STUDIUM IN DEUTSCHLAND UND KUNSTAUSSTELLUNG | DEUTSCHE WOCHE 2021"},"content":{"rendered":"<p><strong>Mittwoch, 6. Oktober | 16:00 Uhr &amp; 19:00 Uhr &#8211; Vortrag \u00fcber das Studium in Deutschland und Kunstausstellung (spanischsprachige Veranstaltungen)<\/strong><\/p>\n<p>Um <strong>16:00 Uhr<\/strong> h\u00e4lt die DAAD-Lektorin Gabriela Dyck einen Informationsvortrag f\u00fcr Studieninteressierte in Deutschland. Sie gibt Auskunft \u00fcber die notwendigen Voraussetzungen, die akademischen Anforderungen, die Lebenshaltungskosten usw. Der Vortrag findet in virtueller Form \u00fcber die Zoom-Plattform statt. Um teilzunehmen, registrieren Sie sich bitte \u00fcber den folgenden Link: https:\/\/t1p.de\/1r9z<\/p>\n<p>Am selben Tag wird um<strong> 19:00 Uhr<\/strong> im Auditorium des Deutsch-Paraguayischen Kulturinstituts (ICPA Goethe-Zentrum) die Kunstausstellung &#8220;Mit Leichtigkeit oder F\u00fclle sprie\u00dfen &#8211; Eine Ann\u00e4herung an Joseph Beuys&#8221; er\u00f6ffnet. Kurator Dami\u00e1n Cabrera hat lokale K\u00fcnstler zu einer Hommage des deutschen K\u00fcnstler Beuys im Rahemn seines 100 .Geburtstag eingeladen. Der Zugang ist nach vorheriger schriftlicher oder telefonischer Anmeldung unter 0983307150 (13:00 bis 19:00 Uhr) kostenlos.<\/p>\n<p>&nbsp;<\/p>\n<p><strong><a href=\"https:\/\/www.icpa-gz.org.py\/DE\/wp-content\/uploads\/2021\/09\/SemanaAlemana_DeutscheWoche_2021.pdf\">Programm der Deutschen Woche 2021 | spanisch<\/a><\/strong><\/p>\n","protected":false},"excerpt":{"rendered":"<p>Mittwoch, 6. Oktober | 16:00 Uhr &amp; 19:00 Uhr &#8211; Vortrag \u00fcber das Studium in Deutschland und Kunstausstellung (spanischsprachige Veranstaltungen)<\/p>\n","protected":false},"author":1,"featured_media":2548,"template":"","meta":{"colormag_page_container_layout":"default_layout","colormag_page_sidebar_layout":"default_layout","_tribe_events_status":"","_tribe_events_status_reason":"","_joinchat":[],"footnotes":""},"tags":[],"tribe_events_cat":[],"class_list":["post-2471","tribe_events","type-tribe_events","status-publish","has-post-thumbnail","hentry"],"_links":{"self":[{"href":"https:\/\/www.icpa-gz.org.py\/DE\/wp-json\/wp\/v2\/tribe_events\/2471","targetHints":{"allow":["GET"]}}],"collection":[{"href":"https:\/\/www.icpa-gz.org.py\/DE\/wp-json\/wp\/v2\/tribe_events"}],"about":[{"href":"https:\/\/www.icpa-gz.org.py\/DE\/wp-json\/wp\/v2\/types\/tribe_events"}],"author":[{"embeddable":true,"href":"https:\/\/www.icpa-gz.org.py\/DE\/wp-json\/wp\/v2\/users\/1"}],"version-history":[{"count":1,"href":"https:\/\/www.icpa-gz.org.py\/DE\/wp-json\/wp\/v2\/tribe_events\/2471\/revisions"}],"predecessor-version":[{"id":2472,"href":"https:\/\/www.icpa-gz.org.py\/DE\/wp-json\/wp\/v2\/tribe_events\/2471\/revisions\/2472"}],"wp:featuredmedia":[{"embeddable":true,"href":"https:\/\/www.icpa-gz.org.py\/DE\/wp-json\/wp\/v2\/media\/2548"}],"wp:attachment":[{"href":"https:\/\/www.icpa-gz.org.py\/DE\/wp-json\/wp\/v2\/media?parent=2471"}],"wp:term":[{"taxonomy":"post_tag","embeddable":true,"href":"https:\/\/www.icpa-gz.org.py\/DE\/wp-json\/wp\/v2\/tags?post=2471"},{"taxonomy":"tribe_events_cat","embeddable":true,"href":"https:\/\/www.icpa-gz.org.py\/DE\/wp-json\/wp\/v2\/tribe_events_cat?post=2471"}],"curies":[{"name":"wp","href":"https:\/\/api.w.org\/{rel}","templated":true}]}}