{"id":3965,"date":"2022-05-03T14:48:26","date_gmt":"2022-05-03T17:48:26","guid":{"rendered":"http:\/\/www.icpa-gz.org.py\/DE\/?page_id=3965"},"modified":"2023-07-26T16:58:04","modified_gmt":"2023-07-26T20:58:04","slug":"haus-kino","status":"publish","type":"page","link":"https:\/\/www.icpa-gz.org.py\/DE\/haus-kino\/","title":{"rendered":"HAUS-KINO"},"content":{"rendered":"\t\t<div data-elementor-type=\"wp-page\" data-elementor-id=\"3965\" class=\"elementor elementor-3965\">\n\t\t\t\t\t\t<section class=\"elementor-section elementor-top-section elementor-element elementor-element-65e3b02 elementor-section-boxed elementor-section-height-default elementor-section-height-default\" data-id=\"65e3b02\" data-element_type=\"section\" data-e-type=\"section\">\n\t\t\t\t\t\t<div class=\"elementor-container elementor-column-gap-default\">\n\t\t\t\t\t<div class=\"elementor-column elementor-col-100 elementor-top-column elementor-element elementor-element-208677c\" data-id=\"208677c\" data-element_type=\"column\" data-e-type=\"column\">\n\t\t\t<div class=\"elementor-widget-wrap elementor-element-populated\">\n\t\t\t\t\t\t<div class=\"elementor-element elementor-element-3602cb4 elementor-widget elementor-widget-text-editor\" data-id=\"3602cb4\" data-element_type=\"widget\" data-e-type=\"widget\" data-widget_type=\"text-editor.default\">\n\t\t\t\t<div class=\"elementor-widget-container\">\n\t\t\t\t\t\t\t\t\t<h5>HAUS-KINO | 2. EDITION<\/h5><p>Organisiert von mehreren Goethe-Instituten in S\u00fcdamerika und dem Goethe-Zentrum in Paraguay wurde im ersten Jahr 2021 monatlich ein Dokumentar- und ein Spielfilm sowie eine Debatte zum gleichen Thema pr\u00e4sentiert | <a href=\"#HAUS-KINO\">HAUS-KINO 2021<\/a>.<\/p><p>Im Jahr 2022 zeigt eine erweiterte Gruppe von Organisator:innen einen Dokumentarfilm und einen themengleichen Spielfilm. Organisiert von den Goethe-Instituten in Argentinien, Uruguay, Chile, Peru, Kolumbien und Venezuela und dem Goethe-Zentrum in Paraguay werden jeden Monat ein Dokumentar- und ein Spielfilm zum gleichen Thema gezeigt. Eine einmalige Gelegenheit, zeitgen\u00f6ssische Autorenfilme kennenzulernen, aber auch Klassiker des deutschen Kinos neu zu entdecken. Gezeigt werden u.a. Filme von Tatjana Turanskyj, Monika Treut, Heinz Emigholz, Janna Ji Wonders und Johannes Maria Schmidt.<\/p><p>An jedem dritten und vierten Donnerstag im Monat ist ein neuer Film mit spanischen Untertiteln kostenlos auf der Plattform Goethe-on-Demand verf\u00fcgbar. Nach der Reservierung im genannten Zeitraum steht der Film 48 Stunden zur Verf\u00fcgung.<\/p><p><a href=\"https:\/\/haus-kino.goethe-on-demand.de\">Zur Plattform Goethe on Demand<\/a><\/p>\t\t\t\t\t\t\t\t<\/div>\n\t\t\t\t<\/div>\n\t\t\t\t\t<\/div>\n\t\t<\/div>\n\t\t\t\t\t<\/div>\n\t\t<\/section>\n\t\t\t\t<section class=\"elementor-section elementor-top-section elementor-element elementor-element-fbcd07d elementor-section-boxed elementor-section-height-default elementor-section-height-default\" data-id=\"fbcd07d\" data-element_type=\"section\" data-e-type=\"section\">\n\t\t\t\t\t\t<div class=\"elementor-container elementor-column-gap-default\">\n\t\t\t\t\t<div class=\"elementor-column elementor-col-100 elementor-top-column elementor-element elementor-element-4b60e08\" data-id=\"4b60e08\" data-element_type=\"column\" data-e-type=\"column\">\n\t\t\t<div class=\"elementor-widget-wrap elementor-element-populated\">\n\t\t\t\t\t\t<div class=\"elementor-element elementor-element-3456da4 elementor-widget elementor-widget-text-editor\" data-id=\"3456da4\" data-element_type=\"widget\" data-e-type=\"widget\" data-widget_type=\"text-editor.default\">\n\t\t\t\t<div class=\"elementor-widget-container\">\n\t\t\t\t\t\t\t\t\t<h5><strong>NOVEMBER: FURCHT UND ZUVERSICHT<\/strong><\/h5><p>Der Fall der Berliner Mauer war zweifellos eines der bedeutendsten Ereignisse des 20. Jahrhunderts. Ein Triumph der B\u00fcrgerbeteiligung. Doch trotz der anf\u00e4nglichen Euphorie nahm die Zuversicht in den folgenden Jahren immer mehr ab. Das Versprechen einer besseren Zukunft f\u00fcr alle, und besonders f\u00fcr die Ostdeutschen, blieb eben das, ein Versprechen, das sich im Laufe der Zeit verfl\u00fcchtigte. Durch die Logik des Kapitalismus und der Konsumgesellschaft wurden viele Menschen ausgegrenzt. Kleine St\u00e4dte im Osten ohne Wachstumsperspektiven waren zum Ausschluss aus dem System verurteilt und ihre Einwohner, die in der DDR geboren und aufgewachsen waren, mussten alles neu lernen. Wer sich schnell anpassen konnte, vor allem junge Menschen, machte sich auf die Suche nach beruflichen, wirtschaftlichen und sozialen M\u00f6glichkeiten in den gro\u00dfen Metropolen der ehemaligen Bundesrepublik. Die beiden Filme Freies Land von Christian Alvart und Deutschlandreise von Wolfgang Ettlich, die den diesj\u00e4hrigen Zyklus von Haus-Kino abschlie\u00dfen, thematisieren diese historische Zeit der Wiedervereinigung und die darauf folgende Ern\u00fcchterung, die sich im Alltag ihrer Bewohner ausbreitete.<\/p>\t\t\t\t\t\t\t\t<\/div>\n\t\t\t\t<\/div>\n\t\t\t\t\t<\/div>\n\t\t<\/div>\n\t\t\t\t\t<\/div>\n\t\t<\/section>\n\t\t\t\t<section class=\"elementor-section elementor-top-section elementor-element elementor-element-8a8b789 elementor-section-boxed elementor-section-height-default elementor-section-height-default\" data-id=\"8a8b789\" data-element_type=\"section\" data-e-type=\"section\">\n\t\t\t\t\t\t<div class=\"elementor-container elementor-column-gap-default\">\n\t\t\t\t\t<div class=\"elementor-column elementor-col-50 elementor-top-column elementor-element elementor-element-c2b04cf\" data-id=\"c2b04cf\" data-element_type=\"column\" data-e-type=\"column\">\n\t\t\t<div class=\"elementor-widget-wrap elementor-element-populated\">\n\t\t\t\t\t\t<div class=\"elementor-element elementor-element-fb52a0c elementor-widget elementor-widget-image\" data-id=\"fb52a0c\" data-element_type=\"widget\" data-e-type=\"widget\" data-widget_type=\"image.default\">\n\t\t\t\t<div class=\"elementor-widget-container\">\n\t\t\t\t\t\t\t\t\t\t\t\t\t\t\t<img fetchpriority=\"high\" decoding=\"async\" width=\"1024\" height=\"1024\" src=\"https:\/\/www.icpa-gz.org.py\/DE\/wp-content\/uploads\/2022\/10\/Screenshot_20221108_211613_Instagram-1024x1024.jpg\" class=\"attachment-large size-large wp-image-5897\" alt=\"\" srcset=\"https:\/\/www.icpa-gz.org.py\/DE\/wp-content\/uploads\/2022\/10\/Screenshot_20221108_211613_Instagram-1024x1024.jpg 1024w, https:\/\/www.icpa-gz.org.py\/DE\/wp-content\/uploads\/2022\/10\/Screenshot_20221108_211613_Instagram-300x300.jpg 300w, https:\/\/www.icpa-gz.org.py\/DE\/wp-content\/uploads\/2022\/10\/Screenshot_20221108_211613_Instagram-150x150.jpg 150w, https:\/\/www.icpa-gz.org.py\/DE\/wp-content\/uploads\/2022\/10\/Screenshot_20221108_211613_Instagram-768x767.jpg 768w, https:\/\/www.icpa-gz.org.py\/DE\/wp-content\/uploads\/2022\/10\/Screenshot_20221108_211613_Instagram.jpg 1079w\" sizes=\"(max-width: 1024px) 100vw, 1024px\" \/>\t\t\t\t\t\t\t\t\t\t\t\t\t\t\t<\/div>\n\t\t\t\t<\/div>\n\t\t\t\t\t<\/div>\n\t\t<\/div>\n\t\t\t\t<div class=\"elementor-column elementor-col-50 elementor-top-column elementor-element elementor-element-43ab457\" data-id=\"43ab457\" data-element_type=\"column\" data-e-type=\"column\">\n\t\t\t<div class=\"elementor-widget-wrap elementor-element-populated\">\n\t\t\t\t\t\t<div class=\"elementor-element elementor-element-a640cfc elementor-widget elementor-widget-text-editor\" data-id=\"a640cfc\" data-element_type=\"widget\" data-e-type=\"widget\" data-widget_type=\"text-editor.default\">\n\t\t\t\t<div class=\"elementor-widget-container\">\n\t\t\t\t\t\t\t\t\t<p><strong>Freies Land<\/strong><\/p><p>129 Min. | 2019 | Farbe<br \/>Regie: Christian Alvart<\/p><p>Kostenlos | mit spanischsprachigem Untertitel<\/p><p>Donnerstag, 17. November, bis Sonntag, 20. November. Nach der Reservierung im genannten Zeitraum steht der Film 48 Stunden zur Verf\u00fcgung.<\/p><p><strong><a href=\"https:\/\/haus-kino.goethe-on-demand.de\/\">&gt;&gt; Goethe on Demand<\/a><\/strong><\/p>\t\t\t\t\t\t\t\t<\/div>\n\t\t\t\t<\/div>\n\t\t\t\t\t<\/div>\n\t\t<\/div>\n\t\t\t\t\t<\/div>\n\t\t<\/section>\n\t\t\t\t<section class=\"elementor-section elementor-top-section elementor-element elementor-element-c3f569a elementor-section-boxed elementor-section-height-default elementor-section-height-default\" data-id=\"c3f569a\" data-element_type=\"section\" data-e-type=\"section\">\n\t\t\t\t\t\t<div class=\"elementor-container elementor-column-gap-default\">\n\t\t\t\t\t<div class=\"elementor-column elementor-col-100 elementor-top-column elementor-element elementor-element-7049d82\" data-id=\"7049d82\" data-element_type=\"column\" data-e-type=\"column\">\n\t\t\t<div class=\"elementor-widget-wrap elementor-element-populated\">\n\t\t\t\t\t\t<div class=\"elementor-element elementor-element-0266783 elementor-widget elementor-widget-text-editor\" data-id=\"0266783\" data-element_type=\"widget\" data-e-type=\"widget\" data-widget_type=\"text-editor.default\">\n\t\t\t\t<div class=\"elementor-widget-container\">\n\t\t\t\t\t\t\t\t\t<p><strong>SYNOPSIS<\/strong><br \/>Winter 1992, irgendwo in den maroden Weiten Nordostdeutschlands: Zwei Ermittler \u2013 einer aus dem Westen, einer aus dem Osten \u2013 sollen den Mord an zwei M\u00e4dchen aufkl\u00e4ren und landen immer tiefer im Sumpf des einstmals geteilten Deutschlands; ein Thriller mit Geschichtsbewusstsein.<\/p><p>Von den durch Helmut Kohl versprochenen bl\u00fchenden Landschaften ist wenig zu sehen, in der einsamen Gegend in Nordostdeutschland, in die es die beiden Ermittler Bach und Stein verschl\u00e4gt. Zwei M\u00e4dchen sind verschwunden und man munkelt, sie h\u00e4tten sich einfach in den Westen abgesetzt; aber so richtig glaubw\u00fcrdig klingt das alles nicht. Bald darauf werden zwei \u00fcbel zugerichtete Leichen gefunden und es stellt sich heraus, dass es nicht die ersten jungen Frauen aus dem Dorf waren, die spurlos verschwunden sind. Immer tiefer dringen die ungleichen Ermittler in das L\u00fcgengeflecht der Einheimischen ein: Bach, der schon in der DDR Teil des Exekutivapparats gewesen war und dessen schwierige Vergangenheit nach und nach ans Licht kommt; Stein hingegen, emotional deutlich labiler als sein mit allen Wassern gewaschener Kompagnon, kommt aus der fremd und weit weg erscheinenden Gro\u00dfstadt Hamburg in ein Land mit eigenen Gesetzen. Regisseur Christian Alvart gelingt ein nachdenklich machendes und spannendes Genrekino mit Geschichtsbewusstsein.<\/p><p><strong>PRESSESTIMMEN<\/strong><br \/>\u201eSelten hat man im deutschen Kino eine solche Farbpalette gesehen, zugleich pr\u00e4chtig und fahl, winterlich kalt und doch von starken Kontrasten durchpulst. Das Zeitalter der unendlichen Datenmengen macht sich ein k\u00fcnstlich intensiviertes Bild vom Zeitalter der Lichtchemie. Das ist aber nur der technische Aspekt eines noch viel spannenderen Transfers, den Christian Alvart mit Freies Land vornahm. (\u2026) Freies Land ist ein Remake einer spanischen Vorlage: La isla m\u00ednima von Alberto Rodriguez, gedreht im Schwemmland an den Ausl\u00e4ufern des Guadalquivir im S\u00fcdwesten der Iberischen Halbinsel. Ebenso wichtig wie die beeindruckende Location ist auch in diesem Fall die Epoche: die Zeit des \u00dcbergangs von der Franco-Diktatur in die Demokratie, eine Zeit der Ungewissheit zwischen alten und neuen Loyalit\u00e4ten, eine Zeit der Verdr\u00e4ngung und der Angst vor Enth\u00fcllung. (\u2026) Christian Alvart folgt der Vorlage von La isla m\u00ednima sehr genau, er sucht auch f\u00fcr alle sozialen Aspekte nach einer Entsprechung und muss auch nicht lange suchen (Treuhand, Abwanderung).\u201c<\/p><p>Bert Rebhandl, Frankfurter Allgemeine Zeitung, 12.1.2020<\/p>\t\t\t\t\t\t\t\t<\/div>\n\t\t\t\t<\/div>\n\t\t\t\t\t<\/div>\n\t\t<\/div>\n\t\t\t\t\t<\/div>\n\t\t<\/section>\n\t\t\t\t<section class=\"elementor-section elementor-top-section elementor-element elementor-element-1091546 elementor-section-boxed elementor-section-height-default elementor-section-height-default\" data-id=\"1091546\" data-element_type=\"section\" data-e-type=\"section\">\n\t\t\t\t\t\t<div class=\"elementor-container elementor-column-gap-default\">\n\t\t\t\t\t<div class=\"elementor-column elementor-col-50 elementor-top-column elementor-element elementor-element-350c4e4\" data-id=\"350c4e4\" data-element_type=\"column\" data-e-type=\"column\">\n\t\t\t<div class=\"elementor-widget-wrap elementor-element-populated\">\n\t\t\t\t\t\t<div class=\"elementor-element elementor-element-c5d269c elementor-widget elementor-widget-image\" data-id=\"c5d269c\" data-element_type=\"widget\" data-e-type=\"widget\" data-widget_type=\"image.default\">\n\t\t\t\t<div class=\"elementor-widget-container\">\n\t\t\t\t\t\t\t\t\t\t\t\t\t\t\t<img decoding=\"async\" width=\"975\" height=\"1024\" src=\"https:\/\/www.icpa-gz.org.py\/DE\/wp-content\/uploads\/2022\/10\/Screenshot_20221108_211629_Instagram-975x1024.jpg\" class=\"attachment-large size-large wp-image-5896\" alt=\"\" srcset=\"https:\/\/www.icpa-gz.org.py\/DE\/wp-content\/uploads\/2022\/10\/Screenshot_20221108_211629_Instagram-975x1024.jpg 975w, https:\/\/www.icpa-gz.org.py\/DE\/wp-content\/uploads\/2022\/10\/Screenshot_20221108_211629_Instagram-286x300.jpg 286w, https:\/\/www.icpa-gz.org.py\/DE\/wp-content\/uploads\/2022\/10\/Screenshot_20221108_211629_Instagram-768x807.jpg 768w, https:\/\/www.icpa-gz.org.py\/DE\/wp-content\/uploads\/2022\/10\/Screenshot_20221108_211629_Instagram.jpg 1026w\" sizes=\"(max-width: 975px) 100vw, 975px\" \/>\t\t\t\t\t\t\t\t\t\t\t\t\t\t\t<\/div>\n\t\t\t\t<\/div>\n\t\t\t\t\t<\/div>\n\t\t<\/div>\n\t\t\t\t<div class=\"elementor-column elementor-col-50 elementor-top-column elementor-element elementor-element-8f2cdab\" data-id=\"8f2cdab\" data-element_type=\"column\" data-e-type=\"column\">\n\t\t\t<div class=\"elementor-widget-wrap elementor-element-populated\">\n\t\t\t\t\t\t<div class=\"elementor-element elementor-element-c94845d elementor-widget elementor-widget-text-editor\" data-id=\"c94845d\" data-element_type=\"widget\" data-e-type=\"widget\" data-widget_type=\"text-editor.default\">\n\t\t\t\t<div class=\"elementor-widget-container\">\n\t\t\t\t\t\t\t\t\t<p><strong>Deutschlandreise<\/strong><\/p><p>87 Min. | 2020 | Farbe<br \/>Regie: Wolfgang Ettlich<\/p><p>Kostenlos | mit spanischsprachigem Untertitel<\/p><p>Donnerstag, 24. November, bis Sonntag, 27. November. Nach der Reservierung im genannten Zeitraum steht der Film 48 Stunden zur Verf\u00fcgung.<\/p><p><strong><a href=\"https:\/\/haus-kino.goethe-on-demand.de\/\">&gt;&gt; Goethe on Demand<\/a><\/strong><\/p>\t\t\t\t\t\t\t\t<\/div>\n\t\t\t\t<\/div>\n\t\t\t\t\t<\/div>\n\t\t<\/div>\n\t\t\t\t\t<\/div>\n\t\t<\/section>\n\t\t\t\t<section class=\"elementor-section elementor-top-section elementor-element elementor-element-603e1c8 elementor-section-boxed elementor-section-height-default elementor-section-height-default\" data-id=\"603e1c8\" data-element_type=\"section\" data-e-type=\"section\">\n\t\t\t\t\t\t<div class=\"elementor-container elementor-column-gap-default\">\n\t\t\t\t\t<div class=\"elementor-column elementor-col-100 elementor-top-column elementor-element elementor-element-06981b5\" data-id=\"06981b5\" data-element_type=\"column\" data-e-type=\"column\">\n\t\t\t<div class=\"elementor-widget-wrap elementor-element-populated\">\n\t\t\t\t\t\t<div class=\"elementor-element elementor-element-2e01edf elementor-widget elementor-widget-text-editor\" data-id=\"2e01edf\" data-element_type=\"widget\" data-e-type=\"widget\" data-widget_type=\"text-editor.default\">\n\t\t\t\t<div class=\"elementor-widget-container\">\n\t\t\t\t\t\t\t\t\t<p><strong>SYNOPSIS<\/strong><br \/>Eine Zeitreise durch Ostdeutschland, 30 Jahre nach der Wiedervereinigung und nach der ersten filmischen Tour von Regisseur und Kameramann durch die untergegangene DDR \u2013 was ist geblieben von den Hoffnungen, \u00c4ngsten und Ver\u00e4nderungen?<\/p><p>Einige Monate nach dem Fall der Mauer im November 1989 begaben sich der westdeutsche Regisseur Wolfgang Ettlich und sein Kameramann Hans-Albrecht Lusznat auf eine filmische Reise ins Unbekannte, die sie seitdem mehrfach wiederholt haben und die sie nun ein allerletztes Mal unternehmen: Aus einem neugierigen Road Trip durch die ostdeutsche Provinz ist ein Roadmovie wie Zeitdokument geworden. Ettlich und Lusznat besuchen Menschen, die sie auch damals bereits interviewt und auf Film gebannt haben, fragen nach den damaligen Hoffnungen und \u00c4ngsten: Haben sie sich erf\u00fcllt? Waren sie gerechtfertigt? Wie war der Weg in den Kapitalismus? Er selbst sagt: \u201aMan darf nicht \u00fcber Dresden, Leipzig oder Chemnitz reden; aber in den Kleinst\u00e4dten, an der Grenze zu Polen, da hauen die Leute Richtung Westen ab. Und es ist eigentlich immer Thema, warum Deutschland es nicht geschafft hat, eine wirtschaftliche Gleichberechtigung zu schaffen.\u2019 Die Ver\u00e4nderungen haben sich den Biografien und Gesichtern der Menschen eingeschrieben, den Orten, den Landschaften, und \u2013 ganz nebenbei \u2013 auch der filmischen \u00c4sthetik, bedingt durch den technischen Fortschritt.<\/p><p><strong>PRESSESTIMMEN<\/strong><br \/>\u201eMit seinem Kameramann Hans-Albrecht Lusznat reiste Ettlich kurz nach der Wende in die untergegangene DDR, \u201aeine Expedition in ein unbekanntes Land\u2019, sagt er. \u201aAls die Mauer fiel, musste ich mir das angucken, ich bin in Neuk\u00f6lln an der Mauer gro\u00df geworden, oft nach Ostberlin gelaufen, um mir eine Cola-Brause f\u00fcr 20 Pfennig zu kaufen.\u2019 Die Erlebnisse in Orten wie Zittau, Zschopau, Forst oder Chemnitz lie\u00dfen ihn nicht los. (\u2026) Im Kontrast zu den alten Aufnahmen werden Ver\u00e4nderungen sichtbar. Es geht nicht nur um den \u00e4u\u00dfern Wandel, sondern auch um den inneren, um das, was die Wiedervereinigung mit den Menschen gemacht hat. Die intensive Spurensuche nach Befindlichkeiten ist manchmal von Nostalgie gepr\u00e4gt, wie von Hoffnungen und Entt\u00e4uschungen. Da bedauert die einstige SED-B\u00fcrgermeisterin \u201afr\u00fcher waren wir eine Familie, jetzt geht nichts mehr\u2019, ein Lehrerehepaar m\u00f6chte nie \u201ain die DDR zur\u00fcck, das w\u00e4re das Allerletzte\u2019, der Verk\u00e4ufer in der H\u00fchnerbraterei urteilt salomonisch: \u201aDie einen sind gl\u00fccklich geworden, die anderen nicht.\u2019\u201c<\/p><p>Margret K\u00f6hler, Abendzeitung M\u00fcnchen, 26.10.2020<\/p>\t\t\t\t\t\t\t\t<\/div>\n\t\t\t\t<\/div>\n\t\t\t\t\t<\/div>\n\t\t<\/div>\n\t\t\t\t\t<\/div>\n\t\t<\/section>\n\t\t\t\t<section class=\"elementor-section elementor-top-section elementor-element elementor-element-e38cf3d elementor-section-boxed elementor-section-height-default elementor-section-height-default\" data-id=\"e38cf3d\" data-element_type=\"section\" data-e-type=\"section\">\n\t\t\t\t\t\t<div class=\"elementor-container elementor-column-gap-default\">\n\t\t\t\t\t<div class=\"elementor-column elementor-col-100 elementor-top-column elementor-element elementor-element-c3314bc\" data-id=\"c3314bc\" data-element_type=\"column\" data-e-type=\"column\">\n\t\t\t<div class=\"elementor-widget-wrap elementor-element-populated\">\n\t\t\t\t\t\t<div class=\"elementor-element elementor-element-f7a2f00 elementor-widget-divider--view-line elementor-widget elementor-widget-divider\" data-id=\"f7a2f00\" data-element_type=\"widget\" data-e-type=\"widget\" data-widget_type=\"divider.default\">\n\t\t\t\t<div class=\"elementor-widget-container\">\n\t\t\t\t\t\t\t<div class=\"elementor-divider\">\n\t\t\t<span class=\"elementor-divider-separator\">\n\t\t\t\t\t\t<\/span>\n\t\t<\/div>\n\t\t\t\t\t\t<\/div>\n\t\t\t\t<\/div>\n\t\t\t\t\t<\/div>\n\t\t<\/div>\n\t\t\t\t\t<\/div>\n\t\t<\/section>\n\t\t\t\t<section class=\"elementor-section elementor-top-section elementor-element elementor-element-94bf838 elementor-section-boxed elementor-section-height-default elementor-section-height-default\" data-id=\"94bf838\" data-element_type=\"section\" data-e-type=\"section\">\n\t\t\t\t\t\t<div class=\"elementor-container elementor-column-gap-default\">\n\t\t\t\t\t<div class=\"elementor-column elementor-col-100 elementor-top-column elementor-element elementor-element-3b1d1b3\" data-id=\"3b1d1b3\" data-element_type=\"column\" data-e-type=\"column\">\n\t\t\t<div class=\"elementor-widget-wrap elementor-element-populated\">\n\t\t\t\t\t\t<div class=\"elementor-element elementor-element-032a5e8 elementor-widget elementor-widget-text-editor\" data-id=\"032a5e8\" data-element_type=\"widget\" data-e-type=\"widget\" data-widget_type=\"text-editor.default\">\n\t\t\t\t<div class=\"elementor-widget-container\">\n\t\t\t\t\t\t\t\t\t<div class=\"dossier-infotext w(867px) m-lr-a padding-ghdl Mb(32px)\"><h5 class=\"dossier ghdl M(0) Fs(34px) Lh(1.17) C-gi-grau-7\"><strong>OKTOBER: DAS PRIVATE IST POLITISCH<\/strong><\/h5><\/div><div class=\"dossier-infotext w(719px) m-lr-a Mb(50px)\"><p>Auch der Film befasst sich mit den aktuellen Schl\u00fcsselthemen wie Diversit\u00e4t, struktureller Rassismus und Fragen der Identit\u00e4t. Im Oktober pr\u00e4sentiert Haus-Kino zwei Filme, die von der Suche nach den Wurzeln in einer von Vorurteilen und Diskriminierung gepr\u00e4gten Gesellschaft erz\u00e4hlen. In Deutschland leben \u00fcber eine Million Personen afrikanischer Abstammung, aber ihre Geschichten bleiben weitgehend unsichtbar. In Ines Johnson-Spain&#8217;s\u00a0<i><strong>Becoming Black\u00a0<\/strong><\/i>erz\u00e4hlt die Regisseurin von ihrer Suche nach Zugeh\u00f6rigkeit. Viel Zeit verging, bis sie die Erkl\u00e4rung erhielt, die ihr nie gegeben worden war: Es kann nicht sein, dass eine wei\u00dfe Familie ein schwarzes Kind bekommt. Das Schweigen, oder genauer, das Verschweigen steht im Zentrum dieses Dokumentarfilms.\u00a0<i><strong>Ivie wie Ivie<\/strong><\/i>\u00a0von Sarah Bla\u00dfkiewitz erz\u00e4hlt die Geschichte einer jungen Frau, die trotz ihrer privilegierten Herkunft aufgrund ihres Aussehens regelm\u00e4\u00dfig mit Rassismus und Stereotypen konfrontiert wird. Sie hat diesen Zustand jedoch so verinnerlicht, dass sie ihn als normal empfindet.<\/p><p>Im Jahr 1969 machte Carol Hanisch den Begriff popul\u00e4r, der diesem Zyklus seinen Namen gibt und sich auf die Verbindungen zwischen pers\u00f6nlichen Erfahrungen und den gr\u00f6\u00dferen sozialen und politischen Strukturen bezieht. In einer Gesellschaft, die von historisch hegemonialen Diskursen dominiert wird, spricht das Kino afrodeutscher Frauen von der Existenz als Widerstand<\/p><\/div>\t\t\t\t\t\t\t\t<\/div>\n\t\t\t\t<\/div>\n\t\t\t\t\t<\/div>\n\t\t<\/div>\n\t\t\t\t\t<\/div>\n\t\t<\/section>\n\t\t\t\t<section class=\"elementor-section elementor-top-section elementor-element elementor-element-5b017ee elementor-section-boxed elementor-section-height-default elementor-section-height-default\" data-id=\"5b017ee\" data-element_type=\"section\" data-e-type=\"section\">\n\t\t\t\t\t\t<div class=\"elementor-container elementor-column-gap-default\">\n\t\t\t\t\t<div class=\"elementor-column elementor-col-50 elementor-top-column elementor-element elementor-element-96614d9\" data-id=\"96614d9\" data-element_type=\"column\" data-e-type=\"column\">\n\t\t\t<div class=\"elementor-widget-wrap elementor-element-populated\">\n\t\t\t\t\t\t<div class=\"elementor-element elementor-element-89d3216 elementor-widget elementor-widget-image\" data-id=\"89d3216\" data-element_type=\"widget\" data-e-type=\"widget\" data-widget_type=\"image.default\">\n\t\t\t\t<div class=\"elementor-widget-container\">\n\t\t\t\t\t\t\t\t\t\t\t\t\t\t\t<img decoding=\"async\" width=\"1024\" height=\"1024\" src=\"https:\/\/www.icpa-gz.org.py\/DE\/wp-content\/uploads\/2022\/09\/FeVcwfxXEB4M5zY-1-1024x1024.jpg\" class=\"attachment-large size-large wp-image-5297\" alt=\"\" srcset=\"https:\/\/www.icpa-gz.org.py\/DE\/wp-content\/uploads\/2022\/09\/FeVcwfxXEB4M5zY-1-1024x1024.jpg 1024w, https:\/\/www.icpa-gz.org.py\/DE\/wp-content\/uploads\/2022\/09\/FeVcwfxXEB4M5zY-1-300x300.jpg 300w, https:\/\/www.icpa-gz.org.py\/DE\/wp-content\/uploads\/2022\/09\/FeVcwfxXEB4M5zY-1-150x150.jpg 150w, https:\/\/www.icpa-gz.org.py\/DE\/wp-content\/uploads\/2022\/09\/FeVcwfxXEB4M5zY-1-768x768.jpg 768w, https:\/\/www.icpa-gz.org.py\/DE\/wp-content\/uploads\/2022\/09\/FeVcwfxXEB4M5zY-1.jpg 1080w\" sizes=\"(max-width: 1024px) 100vw, 1024px\" \/>\t\t\t\t\t\t\t\t\t\t\t\t\t\t\t<\/div>\n\t\t\t\t<\/div>\n\t\t\t\t\t<\/div>\n\t\t<\/div>\n\t\t\t\t<div class=\"elementor-column elementor-col-50 elementor-top-column elementor-element elementor-element-567e903\" data-id=\"567e903\" data-element_type=\"column\" data-e-type=\"column\">\n\t\t\t<div class=\"elementor-widget-wrap elementor-element-populated\">\n\t\t\t\t\t\t<div class=\"elementor-element elementor-element-fc197d5 elementor-widget elementor-widget-text-editor\" data-id=\"fc197d5\" data-element_type=\"widget\" data-e-type=\"widget\" data-widget_type=\"text-editor.default\">\n\t\t\t\t<div class=\"elementor-widget-container\">\n\t\t\t\t\t\t\t\t\t<p><strong>Becoming Black<\/strong><\/p><p>91 Min. | 2019 | Farbe<br \/>Regie: Ines Johnson-Spain<\/p><p>Kostenlos | mit spanischsprachigem Untertitel<\/p><p>Donnerstag 20. bis Sonntag 23. Oktober. Nach der Reservierung im genannten Zeitraum steht der Film 48 Stunden zur Verf\u00fcgung.<\/p><p><strong><a href=\"https:\/\/haus-kino.goethe-on-demand.de\/\">&gt;&gt; Goethe on Demand<\/a><\/strong><\/p>\t\t\t\t\t\t\t\t<\/div>\n\t\t\t\t<\/div>\n\t\t\t\t\t<\/div>\n\t\t<\/div>\n\t\t\t\t\t<\/div>\n\t\t<\/section>\n\t\t\t\t<section class=\"elementor-section elementor-top-section elementor-element elementor-element-f40641e elementor-section-boxed elementor-section-height-default elementor-section-height-default\" data-id=\"f40641e\" data-element_type=\"section\" data-e-type=\"section\">\n\t\t\t\t\t\t<div class=\"elementor-container elementor-column-gap-default\">\n\t\t\t\t\t<div class=\"elementor-column elementor-col-100 elementor-top-column elementor-element elementor-element-659204d\" data-id=\"659204d\" data-element_type=\"column\" data-e-type=\"column\">\n\t\t\t<div class=\"elementor-widget-wrap elementor-element-populated\">\n\t\t\t\t\t\t<div class=\"elementor-element elementor-element-f8e41a2 elementor-widget elementor-widget-text-editor\" data-id=\"f8e41a2\" data-element_type=\"widget\" data-e-type=\"widget\" data-widget_type=\"text-editor.default\">\n\t\t\t\t<div class=\"elementor-widget-container\">\n\t\t\t\t\t\t\t\t\t<p><strong>SYNOPSIS<\/strong><br \/>Eine wei\u00dfe Familie, die in den 1960er Jahren in der Deutschen Demokratischen Republik lebt, erkl\u00e4rt ihrer schwarzen Tochter, dass ihre Hautfarbe rein zuf\u00e4llig ist. Auch das M\u00e4dchen zieht es vor, dies zu glauben, bis sie als Teenager zuf\u00e4llig die Wahrheit entdeckt. In einem intimen, aber auch kritischen Portr\u00e4t verbindet Ines Johnson-Spain schmerzhafte und verwirrende Kindheitserinnerungen mit einer Untersuchung der sozialen und politischen Implikationen, die von einer Kultur der Ablehnung und des strukturellen Rassismus zeugen.<\/p><p><strong>REGISSEURIN: INES JOHNSON-SPAIN<\/strong><br \/>Ines Johnson-Spain ist eine unabh\u00e4ngige deutsch-togolesische Filmemacherin, die in Berlin lebt.<br \/>Sie studierte Religionswissenschaften an der Freien Universit\u00e4t Berlin (FU) und war Gaststudentin f\u00fcr Bildende Kunst und Malerei an der Universit\u00e4t der K\u00fcnste Berlin.<\/p><p>Sie arbeitete viele Jahre als Kulissenmalerin und in verschiedenen Positionen der Kunstabteilungen von nationalen und internationalen Filmproduktionen.<\/p><p>Seit 2002 entwickelt und realisiert sie ihre eigenen Dokumentarfilmprojekte. Der Schwerpunkt ihrer Arbeit liegt auf intimen Portr\u00e4ts, die sich mit dem Begriff des Selbst und der Zugeh\u00f6rigkeit auseinandersetzen. Zuletzt drehte sie den Film &#8220;L&#8217;Esprit de Madjid&#8221; \u00fcber einen jungen schwulen Mann aus Togo, der Anh\u00e4nger von Voudou ist und sich \u00fcber seine Geister mit sich selbst auseinandersetzt.<\/p><p>Der autobiografische Film &#8220;Becoming Black&#8221; ist ihr erster abendf\u00fcllender Film.<\/p>\t\t\t\t\t\t\t\t<\/div>\n\t\t\t\t<\/div>\n\t\t\t\t\t<\/div>\n\t\t<\/div>\n\t\t\t\t\t<\/div>\n\t\t<\/section>\n\t\t\t\t<section class=\"elementor-section elementor-top-section elementor-element elementor-element-6b54752 elementor-section-boxed elementor-section-height-default elementor-section-height-default\" data-id=\"6b54752\" data-element_type=\"section\" data-e-type=\"section\">\n\t\t\t\t\t\t<div class=\"elementor-container elementor-column-gap-default\">\n\t\t\t\t\t<div class=\"elementor-column elementor-col-50 elementor-top-column elementor-element elementor-element-ac2c8c2\" data-id=\"ac2c8c2\" data-element_type=\"column\" data-e-type=\"column\">\n\t\t\t<div class=\"elementor-widget-wrap elementor-element-populated\">\n\t\t\t\t\t\t<div class=\"elementor-element elementor-element-543611d elementor-widget elementor-widget-image\" data-id=\"543611d\" data-element_type=\"widget\" data-e-type=\"widget\" data-widget_type=\"image.default\">\n\t\t\t\t<div class=\"elementor-widget-container\">\n\t\t\t\t\t\t\t\t\t\t\t\t\t\t\t<img loading=\"lazy\" decoding=\"async\" width=\"1024\" height=\"1024\" src=\"https:\/\/www.icpa-gz.org.py\/DE\/wp-content\/uploads\/2022\/09\/310954760_472039698297069_933258140625842517_n-1024x1024.jpg\" class=\"attachment-large size-large wp-image-5296\" alt=\"\" srcset=\"https:\/\/www.icpa-gz.org.py\/DE\/wp-content\/uploads\/2022\/09\/310954760_472039698297069_933258140625842517_n-1024x1024.jpg 1024w, https:\/\/www.icpa-gz.org.py\/DE\/wp-content\/uploads\/2022\/09\/310954760_472039698297069_933258140625842517_n-300x300.jpg 300w, https:\/\/www.icpa-gz.org.py\/DE\/wp-content\/uploads\/2022\/09\/310954760_472039698297069_933258140625842517_n-150x150.jpg 150w, https:\/\/www.icpa-gz.org.py\/DE\/wp-content\/uploads\/2022\/09\/310954760_472039698297069_933258140625842517_n-768x768.jpg 768w, https:\/\/www.icpa-gz.org.py\/DE\/wp-content\/uploads\/2022\/09\/310954760_472039698297069_933258140625842517_n.jpg 1080w\" sizes=\"(max-width: 1024px) 100vw, 1024px\" \/>\t\t\t\t\t\t\t\t\t\t\t\t\t\t\t<\/div>\n\t\t\t\t<\/div>\n\t\t\t\t\t<\/div>\n\t\t<\/div>\n\t\t\t\t<div class=\"elementor-column elementor-col-50 elementor-top-column elementor-element elementor-element-b475fb1\" data-id=\"b475fb1\" data-element_type=\"column\" data-e-type=\"column\">\n\t\t\t<div class=\"elementor-widget-wrap elementor-element-populated\">\n\t\t\t\t\t\t<div class=\"elementor-element elementor-element-7aa58a9 elementor-widget elementor-widget-text-editor\" data-id=\"7aa58a9\" data-element_type=\"widget\" data-e-type=\"widget\" data-widget_type=\"text-editor.default\">\n\t\t\t\t<div class=\"elementor-widget-container\">\n\t\t\t\t\t\t\t\t\t<p><strong>Ivie wie Ivie<\/strong><\/p><p>109 Min. | 2021 | Farbe<br \/>Regie: Sarah Blasskiewitz<\/p><p>Kostenlos | mit spanischsprachigem Untertitel<\/p><p>Donnerstag 27. bis Sonntag 30. Oktober. Nach der Reservierung im genannten Zeitraum steht der Film 48 Stunden zur Verf\u00fcgung.<\/p><p><strong><a href=\"https:\/\/haus-kino.goethe-on-demand.de\/\">&gt;&gt; Goethe on Demand<\/a><\/strong><\/p>\t\t\t\t\t\t\t\t<\/div>\n\t\t\t\t<\/div>\n\t\t\t\t\t<\/div>\n\t\t<\/div>\n\t\t\t\t\t<\/div>\n\t\t<\/section>\n\t\t\t\t<section class=\"elementor-section elementor-top-section elementor-element elementor-element-5a0f6bc elementor-section-boxed elementor-section-height-default elementor-section-height-default\" data-id=\"5a0f6bc\" data-element_type=\"section\" data-e-type=\"section\">\n\t\t\t\t\t\t<div class=\"elementor-container elementor-column-gap-default\">\n\t\t\t\t\t<div class=\"elementor-column elementor-col-100 elementor-top-column elementor-element elementor-element-970ae16\" data-id=\"970ae16\" data-element_type=\"column\" data-e-type=\"column\">\n\t\t\t<div class=\"elementor-widget-wrap elementor-element-populated\">\n\t\t\t\t\t\t<div class=\"elementor-element elementor-element-f1b32a7 elementor-widget elementor-widget-text-editor\" data-id=\"f1b32a7\" data-element_type=\"widget\" data-e-type=\"widget\" data-widget_type=\"text-editor.default\">\n\t\t\t\t<div class=\"elementor-widget-container\">\n\t\t\t\t\t\t\t\t\t<p><strong>SYNOPSIS<\/strong><br \/>Die afrodeutsche Ivie, von ihren Freunden \u201aSchoko\u2019 genannt, wohnt mit ihrer besten Freundin Anne in Leipzig und arbeitet \u00fcbergangsweise im Solarium ihres Ex-Freundes Ingo, w\u00e4hrend sie noch auf der Suche nach einer festen Anstellung als Lehrerin ist. Pl\u00f6tzlich steht ihre \u2013 ihr bis dahin unbekannte \u2013 Berliner Halbschwester Naomi vor der T\u00fcr und konfrontiert sie mit dem Tod des gemeinsamen Vaters und dessen anstehender Beerdigung im Senegal. W\u00e4hrend die Schwestern sich langsam kennenlernen, stellt Ivie zunehmend nicht nur ihren Spitznamen, sondern auch ihr Selbstbild infrage.<\/p><p><strong>PRESSESTIMMEN<\/strong><br \/>\u201eIvie beginnt, nicht nur ihre pers\u00f6nlichen Beziehungen, sondern auch ihre Beziehung zu Kultur und Gesellschaft zu hinterfragen. Warum m\u00f6chte sie nicht, dass Naomi ihr f\u00fcr ein Bewerbungsgespr\u00e4ch einen Turban wickelt? Warum wird sie w\u00e4hrend des Gespr\u00e4chs immer wieder gefragt, woher ihre Eltern denn kommen w\u00fcrden? Was Nicht-Betroffene als unangenehme Einzelf\u00e4lle abtun, wird im Film deutlich als das gekennzeichnet, was es ist: rassistische Mikroaggressionen, die Schwarze Menschen dauernd erleben. Naomi reagiert auf diese abgebr\u00fcht \u2013 was allerdings nur noch mehr verdeutlicht, wie allt\u00e4glich sie f\u00fcr sie sind.<\/p><p>Lillith D\u00f6rsch, jetzt.de, 17.06.2021<\/p>\t\t\t\t\t\t\t\t<\/div>\n\t\t\t\t<\/div>\n\t\t\t\t\t<\/div>\n\t\t<\/div>\n\t\t\t\t\t<\/div>\n\t\t<\/section>\n\t\t\t\t<section class=\"elementor-section elementor-top-section elementor-element elementor-element-aa23119 elementor-section-boxed elementor-section-height-default elementor-section-height-default\" data-id=\"aa23119\" data-element_type=\"section\" data-e-type=\"section\">\n\t\t\t\t\t\t<div class=\"elementor-container elementor-column-gap-default\">\n\t\t\t\t\t<div class=\"elementor-column elementor-col-100 elementor-top-column elementor-element elementor-element-2176d40\" data-id=\"2176d40\" data-element_type=\"column\" data-e-type=\"column\">\n\t\t\t<div class=\"elementor-widget-wrap elementor-element-populated\">\n\t\t\t\t\t\t<div class=\"elementor-element elementor-element-370a220 elementor-widget-divider--view-line elementor-widget elementor-widget-divider\" data-id=\"370a220\" data-element_type=\"widget\" data-e-type=\"widget\" data-widget_type=\"divider.default\">\n\t\t\t\t<div class=\"elementor-widget-container\">\n\t\t\t\t\t\t\t<div class=\"elementor-divider\">\n\t\t\t<span class=\"elementor-divider-separator\">\n\t\t\t\t\t\t<\/span>\n\t\t<\/div>\n\t\t\t\t\t\t<\/div>\n\t\t\t\t<\/div>\n\t\t\t\t\t<\/div>\n\t\t<\/div>\n\t\t\t\t\t<\/div>\n\t\t<\/section>\n\t\t\t\t<section class=\"elementor-section elementor-top-section elementor-element elementor-element-db84090 elementor-section-boxed elementor-section-height-default elementor-section-height-default\" data-id=\"db84090\" data-element_type=\"section\" data-e-type=\"section\">\n\t\t\t\t\t\t<div class=\"elementor-container elementor-column-gap-default\">\n\t\t\t\t\t<div class=\"elementor-column elementor-col-100 elementor-top-column elementor-element elementor-element-e6c0361\" data-id=\"e6c0361\" data-element_type=\"column\" data-e-type=\"column\">\n\t\t\t<div class=\"elementor-widget-wrap elementor-element-populated\">\n\t\t\t\t\t\t<div class=\"elementor-element elementor-element-1dca906 elementor-widget elementor-widget-text-editor\" data-id=\"1dca906\" data-element_type=\"widget\" data-e-type=\"widget\" data-widget_type=\"text-editor.default\">\n\t\t\t\t<div class=\"elementor-widget-container\">\n\t\t\t\t\t\t\t\t\t<h5><strong>SEPTEMBER: ZUKUNFT<\/strong><\/h5><p>Im September stellt Haus-Kino zwei Filme vor, die sich mit den Themen Jugend und Zukunft besch\u00e4ftigen.<\/p><p>Futur Drei begleitet drei Berliner Jugendliche iranischen Ursprungs, die ihre Identit\u00e4t und Umgebung mit gro\u00dfer Frische und Authentizit\u00e4t erkunden.<\/p><p>Dear Future Children dokumentiert den Kampf von drei jungen Aktivistinnen in Chile, Hongkong und in Uganda, die sich f\u00fcr soziale, politische und umweltbezogene Themen einsetzen.<\/p><p>Beide Filme zeigen drei Hauptfiguren, beide sind Deb\u00fctfilme und erhielten viele Auszeichnungen. Dar\u00fcber hinaus sind beide aus Kollektiven junger Menschen hervorgegangen, die ihre Meinung und den Wunsch, Machthierarchien abzubauen klar \u00e4u\u00dfern. Es geht darum, Dinge anders zu machen, sowohl vor als auch hinter der Kamera.<\/p><p>Futur Drei ist mit den Worten des Regisseurs Faraz Shariat \u201eein Film, der eine vielschichtige Perspektive auf Rasse, Klasse, Geschlecht und Homosexualit\u00e4t bieten will. Es geht auch um die Arbeit des Protagonisten im Fl\u00fcchtlingszentrum. Das Thema Einwanderung und die Dichotomie von Einwanderung und Rassismus sind in diesem Film sehr wichtig und waren vielleicht meine Hauptmotivation, ihn zu machen.<\/p><p>Regisseur Franz B\u00f6hm sagte \u00fcber Dear Future Children: \u201eMit unserem Film wollen wir die Energie, die Wut und den Einfallsreichtum verschiedener Akteure des internationalen Protests gegen Klimawandel, die Zumutungen sozialer Ungleichheit und Aush\u00f6hlungen der Demokratie dokumentieren. Es soll eine Hommage an Menschen sein, die aus einer Position der schieren Aussichtslosigkeit heraus das Wort ergreifen und sich selbst zu Taten erm\u00e4chtigen. Dar\u00fcber hinaus zeigen wir die Wirkungen, die ihre Aktionen auf der ganzen Welt haben.\u201c<\/p>\t\t\t\t\t\t\t\t<\/div>\n\t\t\t\t<\/div>\n\t\t\t\t\t<\/div>\n\t\t<\/div>\n\t\t\t\t\t<\/div>\n\t\t<\/section>\n\t\t\t\t<section class=\"elementor-section elementor-top-section elementor-element elementor-element-23bcc1e elementor-section-boxed elementor-section-height-default elementor-section-height-default\" data-id=\"23bcc1e\" data-element_type=\"section\" data-e-type=\"section\">\n\t\t\t\t\t\t<div class=\"elementor-container elementor-column-gap-default\">\n\t\t\t\t\t<div class=\"elementor-column elementor-col-50 elementor-top-column elementor-element elementor-element-af255d2\" data-id=\"af255d2\" data-element_type=\"column\" data-e-type=\"column\">\n\t\t\t<div class=\"elementor-widget-wrap elementor-element-populated\">\n\t\t\t\t\t\t<div class=\"elementor-element elementor-element-9257e6a elementor-widget elementor-widget-image\" data-id=\"9257e6a\" data-element_type=\"widget\" data-e-type=\"widget\" data-widget_type=\"image.default\">\n\t\t\t\t<div class=\"elementor-widget-container\">\n\t\t\t\t\t\t\t\t\t\t\t\t\t\t\t<img loading=\"lazy\" decoding=\"async\" width=\"1024\" height=\"1024\" src=\"https:\/\/www.icpa-gz.org.py\/DE\/wp-content\/uploads\/2022\/08\/flyer-futuro-III-02-1024x1024.png\" class=\"attachment-large size-large wp-image-4945\" alt=\"\" srcset=\"https:\/\/www.icpa-gz.org.py\/DE\/wp-content\/uploads\/2022\/08\/flyer-futuro-III-02-1024x1024.png 1024w, https:\/\/www.icpa-gz.org.py\/DE\/wp-content\/uploads\/2022\/08\/flyer-futuro-III-02-300x300.png 300w, https:\/\/www.icpa-gz.org.py\/DE\/wp-content\/uploads\/2022\/08\/flyer-futuro-III-02-150x150.png 150w, https:\/\/www.icpa-gz.org.py\/DE\/wp-content\/uploads\/2022\/08\/flyer-futuro-III-02-768x768.png 768w, https:\/\/www.icpa-gz.org.py\/DE\/wp-content\/uploads\/2022\/08\/flyer-futuro-III-02.png 1080w\" sizes=\"(max-width: 1024px) 100vw, 1024px\" \/>\t\t\t\t\t\t\t\t\t\t\t\t\t\t\t<\/div>\n\t\t\t\t<\/div>\n\t\t\t\t\t<\/div>\n\t\t<\/div>\n\t\t\t\t<div class=\"elementor-column elementor-col-50 elementor-top-column elementor-element elementor-element-cecf7fe\" data-id=\"cecf7fe\" data-element_type=\"column\" data-e-type=\"column\">\n\t\t\t<div class=\"elementor-widget-wrap elementor-element-populated\">\n\t\t\t\t\t\t<div class=\"elementor-element elementor-element-d1db4c3 elementor-widget elementor-widget-text-editor\" data-id=\"d1db4c3\" data-element_type=\"widget\" data-e-type=\"widget\" data-widget_type=\"text-editor.default\">\n\t\t\t\t<div class=\"elementor-widget-container\">\n\t\t\t\t\t\t\t\t\t<p><strong>Futur Drei<\/strong><\/p><p>92 Min. | 2019 | Farbe<br \/>Regie: Faraz Shariat<\/p><p>Kostenlos | mit spanischsprachigem Untertitel<\/p><p>Donnerstag 15. bis Sonntag 18. September. Nach der Reservierung im genannten Zeitraum steht der Film 48 Stunden zur Verf\u00fcgung.<\/p><p><strong><a href=\"https:\/\/haus-kino.goethe-on-demand.de\/\">&gt;&gt; Goethe on Demand<\/a><\/strong><\/p>\t\t\t\t\t\t\t\t<\/div>\n\t\t\t\t<\/div>\n\t\t\t\t\t<\/div>\n\t\t<\/div>\n\t\t\t\t\t<\/div>\n\t\t<\/section>\n\t\t\t\t<section class=\"elementor-section elementor-top-section elementor-element elementor-element-033fbcf elementor-section-boxed elementor-section-height-default elementor-section-height-default\" data-id=\"033fbcf\" data-element_type=\"section\" data-e-type=\"section\">\n\t\t\t\t\t\t<div class=\"elementor-container elementor-column-gap-default\">\n\t\t\t\t\t<div class=\"elementor-column elementor-col-100 elementor-top-column elementor-element elementor-element-7ea4b95\" data-id=\"7ea4b95\" data-element_type=\"column\" data-e-type=\"column\">\n\t\t\t<div class=\"elementor-widget-wrap elementor-element-populated\">\n\t\t\t\t\t\t<div class=\"elementor-element elementor-element-de3355d elementor-widget elementor-widget-text-editor\" data-id=\"de3355d\" data-element_type=\"widget\" data-e-type=\"widget\" data-widget_type=\"text-editor.default\">\n\t\t\t\t<div class=\"elementor-widget-container\">\n\t\t\t\t\t\t\t\t\t<p><strong>SYNOPSIS<\/strong><br \/>Zwischen Dachgeschosszimmer im elterlichen Reihenhaus, Dates und Raves bewegt sich das Leben von Parvis, dessen Eltern einst aus dem Iran nach Deutschland migriert waren. Nach einem Ladendiebstahl wird er zu Sozialstunden als \u00dcbersetzer in einem Fl\u00fcchtlingsheim verurteilt, wo er ein aus dem Iran geflohenes Geschwisterpaar kennenlernt. W\u00e4hrend Amon, dem es schwerf\u00e4llt in Deutschland anzukommen, den blondierten J\u00fcngling zun\u00e4chst f\u00fcr einen von \u201eihnen\u201c h\u00e4lt, durchschaut dessen Schwester Banafshe das hiesige Leben wie die andere \u201eFremdheit\u201c von Parvis deutlich schneller; und auch das romantische Knistern zwischen den beiden M\u00e4nnern. Es wird ein Sommer der Liebe und durchtanzter N\u00e4chte, der Unbeschwertheit des Augenblicks und des prek\u00e4ren Aufenthaltsstatus, des Ann\u00e4herns an unterschiedliche Pr\u00e4gungen durch Migration.<\/p><p><strong>PRESSESTIMMEN<\/strong><br \/>Shariat versteht Futur Drei als \u201aaktivistisches Popcornkino\u2019; politisches Bewusstsein und Unterhaltung m\u00fcssen sich nicht ausschlie\u00dfen. In seiner Selbsterm\u00e4chtigung wendet sich der Film aktiv gegen Diskriminierungen durch Herkunft, Geschlecht und Sexualit\u00e4t und wird so zum k\u00fcnstlerischen wie identit\u00e4tspolitischen Befreiungsschlag. Futur Drei ist auch deshalb ein Film der Selbsterm\u00e4chtigung, weil er sich der eigenen Produktionsbedingungen nicht nur bewusst ist, sondern diese aktiv so gestaltete, dass keine althergebrachten Machtstrukturen reproduziert werden. (Sofia Glasl, filmdienst.de)<\/p>\t\t\t\t\t\t\t\t<\/div>\n\t\t\t\t<\/div>\n\t\t\t\t\t<\/div>\n\t\t<\/div>\n\t\t\t\t\t<\/div>\n\t\t<\/section>\n\t\t\t\t<section class=\"elementor-section elementor-top-section elementor-element elementor-element-97e9118 elementor-section-boxed elementor-section-height-default elementor-section-height-default\" data-id=\"97e9118\" data-element_type=\"section\" data-e-type=\"section\">\n\t\t\t\t\t\t<div class=\"elementor-container elementor-column-gap-default\">\n\t\t\t\t\t<div class=\"elementor-column elementor-col-50 elementor-top-column elementor-element elementor-element-a74b6dd\" data-id=\"a74b6dd\" data-element_type=\"column\" data-e-type=\"column\">\n\t\t\t<div class=\"elementor-widget-wrap elementor-element-populated\">\n\t\t\t\t\t\t<div class=\"elementor-element elementor-element-fb4f91e elementor-widget elementor-widget-image\" data-id=\"fb4f91e\" data-element_type=\"widget\" data-e-type=\"widget\" data-widget_type=\"image.default\">\n\t\t\t\t<div class=\"elementor-widget-container\">\n\t\t\t\t\t\t\t\t\t\t\t\t\t\t\t<img loading=\"lazy\" decoding=\"async\" width=\"1024\" height=\"1024\" src=\"https:\/\/www.icpa-gz.org.py\/DE\/wp-content\/uploads\/2022\/08\/flyer-dear-future-children-1024x1024.png\" class=\"attachment-large size-large wp-image-4944\" alt=\"\" srcset=\"https:\/\/www.icpa-gz.org.py\/DE\/wp-content\/uploads\/2022\/08\/flyer-dear-future-children-1024x1024.png 1024w, https:\/\/www.icpa-gz.org.py\/DE\/wp-content\/uploads\/2022\/08\/flyer-dear-future-children-300x300.png 300w, https:\/\/www.icpa-gz.org.py\/DE\/wp-content\/uploads\/2022\/08\/flyer-dear-future-children-150x150.png 150w, https:\/\/www.icpa-gz.org.py\/DE\/wp-content\/uploads\/2022\/08\/flyer-dear-future-children-768x768.png 768w, https:\/\/www.icpa-gz.org.py\/DE\/wp-content\/uploads\/2022\/08\/flyer-dear-future-children.png 1080w\" sizes=\"(max-width: 1024px) 100vw, 1024px\" \/>\t\t\t\t\t\t\t\t\t\t\t\t\t\t\t<\/div>\n\t\t\t\t<\/div>\n\t\t\t\t\t<\/div>\n\t\t<\/div>\n\t\t\t\t<div class=\"elementor-column elementor-col-50 elementor-top-column elementor-element elementor-element-5b1df07\" data-id=\"5b1df07\" data-element_type=\"column\" data-e-type=\"column\">\n\t\t\t<div class=\"elementor-widget-wrap elementor-element-populated\">\n\t\t\t\t\t\t<div class=\"elementor-element elementor-element-4e5325f elementor-widget elementor-widget-text-editor\" data-id=\"4e5325f\" data-element_type=\"widget\" data-e-type=\"widget\" data-widget_type=\"text-editor.default\">\n\t\t\t\t<div class=\"elementor-widget-container\">\n\t\t\t\t\t\t\t\t\t<p><strong>Dear Future Children<\/strong><\/p><p>2021 | Farbe | 89 Min.<br \/>Regie:\u00a0Franz B\u00f6hm<\/p><p>Kostenlos | mit spanischsprachigem Untertitel<\/p><p>Donnerstag 22. bis Sonntag 25. September. Nach der Reservierung im genannten Zeitraum steht der Film 48 Stunden zur Verf\u00fcgung.<\/p><p><strong><a href=\"https:\/\/haus-kino.goethe-on-demand.de\/\">&gt;&gt; Goethe on Demand<\/a><\/strong><\/p>\t\t\t\t\t\t\t\t<\/div>\n\t\t\t\t<\/div>\n\t\t\t\t\t<\/div>\n\t\t<\/div>\n\t\t\t\t\t<\/div>\n\t\t<\/section>\n\t\t\t\t<section class=\"elementor-section elementor-top-section elementor-element elementor-element-9b44d0a elementor-section-boxed elementor-section-height-default elementor-section-height-default\" data-id=\"9b44d0a\" data-element_type=\"section\" data-e-type=\"section\">\n\t\t\t\t\t\t<div class=\"elementor-container elementor-column-gap-default\">\n\t\t\t\t\t<div class=\"elementor-column elementor-col-100 elementor-top-column elementor-element elementor-element-03cd8da\" data-id=\"03cd8da\" data-element_type=\"column\" data-e-type=\"column\">\n\t\t\t<div class=\"elementor-widget-wrap elementor-element-populated\">\n\t\t\t\t\t\t<div class=\"elementor-element elementor-element-420e59d elementor-widget elementor-widget-text-editor\" data-id=\"420e59d\" data-element_type=\"widget\" data-e-type=\"widget\" data-widget_type=\"text-editor.default\">\n\t\t\t\t<div class=\"elementor-widget-container\">\n\t\t\t\t\t\t\t\t\t<p><strong>SYNOPSIS<\/strong><\/p><p>Drei Weltgegenden, drei Konflikte, drei Protagonistinnen: Hilda in Uganda, Ray\u00e9n in Santiago de Chile und Pepper in Hongkong. Erz\u00e4hlt wird von den Herausforderungen, Motivationen und pers\u00f6nlichen Konsequenzen ihres Aktivismus. Gleich ob es um Klimagerechtigkeit, Probleme sozialer Ungleichheit oder Bedrohungen der Demokratie geht, immer steht dabei auch die Zukunft auf dem Spiel. Dear Future Children erz\u00e4hlt von den Herausforderungen, denen sich Aktivist*innen unterschiedlicher internationaler Bewegungen stellen. Der Film will ihre Beweggr\u00fcnde sichtbar machen und betrachtet dabei unter anderem auch die avancierten Organisationsformen dieser Proteste.<\/p><p>Das Projekt entstand \u00fcber einen Zeitraum von zwei Jahren und wurde im Januar 2021 fertiggestellt. Erm\u00f6glicht wurde es haupts\u00e4chlich durch eine erfolgreiche Crowdfunding-Kampagne, durch die ein Betrag von 22.039 \u20ac zustande kam. An der Produktion des Films waren neben Franz B\u00f6hm als Regisseur, sowie Kameramann Friedemann Leis weitere Filmschaffende, sowie Journalist*innen, Aktivist*innen und ein breitgef\u00e4chertes Netzwerk von Berater*innen aus \u00fcber 15 verschiedenen L\u00e4ndern beteiligt.<\/p><p>In einer fr\u00fchen Absichtserkl\u00e4rung zu seinem Vorhaben formulierte Regisseur B\u00f6hm: \u201eMit unserem Film wollen wir die Energie, die Wut und den Einfallsreichtum verschiedener Akteure des internationalen Protests gegen Klimawandel, die Zumutungen sozialer Ungleichheit und Aush\u00f6hlungen der Demokratie dokumentieren. Es soll eine Hommage an Menschen werden, die aus einer Position der schieren Aussichtslosigkeit heraus das Wort ergreifen und sich selbst zu Taten erm\u00e4chtigen. Dar\u00fcber hinaus werden wir die Wirkungen zeigen, die ihre Aktionen auf der ganzen Welt haben.\u201c<\/p>\t\t\t\t\t\t\t\t<\/div>\n\t\t\t\t<\/div>\n\t\t\t\t\t<\/div>\n\t\t<\/div>\n\t\t\t\t\t<\/div>\n\t\t<\/section>\n\t\t\t\t<section class=\"elementor-section elementor-top-section elementor-element elementor-element-974ca32 elementor-section-boxed elementor-section-height-default elementor-section-height-default\" data-id=\"974ca32\" data-element_type=\"section\" data-e-type=\"section\">\n\t\t\t\t\t\t<div class=\"elementor-container elementor-column-gap-default\">\n\t\t\t\t\t<div class=\"elementor-column elementor-col-100 elementor-top-column elementor-element elementor-element-d35f1c1\" data-id=\"d35f1c1\" data-element_type=\"column\" data-e-type=\"column\">\n\t\t\t<div class=\"elementor-widget-wrap elementor-element-populated\">\n\t\t\t\t\t\t<div class=\"elementor-element elementor-element-33982ac elementor-widget-divider--view-line elementor-widget elementor-widget-divider\" data-id=\"33982ac\" data-element_type=\"widget\" data-e-type=\"widget\" data-widget_type=\"divider.default\">\n\t\t\t\t<div class=\"elementor-widget-container\">\n\t\t\t\t\t\t\t<div class=\"elementor-divider\">\n\t\t\t<span class=\"elementor-divider-separator\">\n\t\t\t\t\t\t<\/span>\n\t\t<\/div>\n\t\t\t\t\t\t<\/div>\n\t\t\t\t<\/div>\n\t\t\t\t\t<\/div>\n\t\t<\/div>\n\t\t\t\t\t<\/div>\n\t\t<\/section>\n\t\t\t\t<section class=\"elementor-section elementor-top-section elementor-element elementor-element-fba1f4f elementor-section-boxed elementor-section-height-default elementor-section-height-default\" data-id=\"fba1f4f\" data-element_type=\"section\" data-e-type=\"section\">\n\t\t\t\t\t\t<div class=\"elementor-container elementor-column-gap-default\">\n\t\t\t\t\t<div class=\"elementor-column elementor-col-100 elementor-top-column elementor-element elementor-element-d560116\" data-id=\"d560116\" data-element_type=\"column\" data-e-type=\"column\">\n\t\t\t<div class=\"elementor-widget-wrap elementor-element-populated\">\n\t\t\t\t\t\t<div class=\"elementor-element elementor-element-c095dbe elementor-widget elementor-widget-text-editor\" data-id=\"c095dbe\" data-element_type=\"widget\" data-e-type=\"widget\" data-widget_type=\"text-editor.default\">\n\t\t\t\t<div class=\"elementor-widget-container\">\n\t\t\t\t\t\t\t\t\t<h5><strong>AUGUST: LIEBE IN ZEITEN DER DEKOLONISIERUNG<\/strong><\/h5><p>Wir alle sind oder waren irgendwann, auf irgendeine Art und Weise, Migranten. Sowohl die Sozialwissenschaften als auch die Politik haben sich mit Migration, Anpassung, Machtverh\u00e4ltnissen und in j\u00fcngster Zeit auch mit Diskursen \u00fcber Dekolonisierung besch\u00e4ftigt. So bietet auch der Film immer wieder die M\u00f6glichkeit, dem Ph\u00e4nomen der Migration Gesichter und pers\u00f6nliche Geschichten zu geben. Im August pr\u00e4sentiert Haus-Kino R.W. Fassbinders herzersch\u00fctternden Klassiker Angst essen Seele auf, ein Melodram, das anhand einer Liebesgeschichte B\u00fcrokratie und ironische Blicke auf die bestehenden Zust\u00e4nde sozialer Unterdr\u00fcckung darstellt. Liebe und Hartn\u00e4ckigkeit wiederholen sich in Dar\u00edo Aguirres biografischem Dokumentarfilm En el pa\u00eds de mis hijos.<\/p>\t\t\t\t\t\t\t\t<\/div>\n\t\t\t\t<\/div>\n\t\t\t\t\t<\/div>\n\t\t<\/div>\n\t\t\t\t\t<\/div>\n\t\t<\/section>\n\t\t\t\t<section class=\"elementor-section elementor-top-section elementor-element elementor-element-37275a6 elementor-section-boxed elementor-section-height-default elementor-section-height-default\" data-id=\"37275a6\" data-element_type=\"section\" data-e-type=\"section\">\n\t\t\t\t\t\t<div class=\"elementor-container elementor-column-gap-default\">\n\t\t\t\t\t<div class=\"elementor-column elementor-col-50 elementor-top-column elementor-element elementor-element-ef9e963\" data-id=\"ef9e963\" data-element_type=\"column\" data-e-type=\"column\">\n\t\t\t<div class=\"elementor-widget-wrap elementor-element-populated\">\n\t\t\t\t\t\t<div class=\"elementor-element elementor-element-994f189 elementor-widget elementor-widget-image\" data-id=\"994f189\" data-element_type=\"widget\" data-e-type=\"widget\" data-widget_type=\"image.default\">\n\t\t\t\t<div class=\"elementor-widget-container\">\n\t\t\t\t\t\t\t\t\t\t\t\t\t\t\t<img loading=\"lazy\" decoding=\"async\" width=\"1024\" height=\"1024\" src=\"https:\/\/www.icpa-gz.org.py\/DE\/wp-content\/uploads\/2022\/08\/FZ45fbgaAAAtfIU-1-1024x1024.jpg\" class=\"attachment-large size-large wp-image-4763\" alt=\"\" srcset=\"https:\/\/www.icpa-gz.org.py\/DE\/wp-content\/uploads\/2022\/08\/FZ45fbgaAAAtfIU-1-1024x1024.jpg 1024w, https:\/\/www.icpa-gz.org.py\/DE\/wp-content\/uploads\/2022\/08\/FZ45fbgaAAAtfIU-1-300x300.jpg 300w, https:\/\/www.icpa-gz.org.py\/DE\/wp-content\/uploads\/2022\/08\/FZ45fbgaAAAtfIU-1-150x150.jpg 150w, https:\/\/www.icpa-gz.org.py\/DE\/wp-content\/uploads\/2022\/08\/FZ45fbgaAAAtfIU-1-768x768.jpg 768w, https:\/\/www.icpa-gz.org.py\/DE\/wp-content\/uploads\/2022\/08\/FZ45fbgaAAAtfIU-1.jpg 1080w\" sizes=\"(max-width: 1024px) 100vw, 1024px\" \/>\t\t\t\t\t\t\t\t\t\t\t\t\t\t\t<\/div>\n\t\t\t\t<\/div>\n\t\t\t\t\t<\/div>\n\t\t<\/div>\n\t\t\t\t<div class=\"elementor-column elementor-col-50 elementor-top-column elementor-element elementor-element-8c0be0a\" data-id=\"8c0be0a\" data-element_type=\"column\" data-e-type=\"column\">\n\t\t\t<div class=\"elementor-widget-wrap elementor-element-populated\">\n\t\t\t\t\t\t<div class=\"elementor-element elementor-element-39a821b elementor-widget elementor-widget-text-editor\" data-id=\"39a821b\" data-element_type=\"widget\" data-e-type=\"widget\" data-widget_type=\"text-editor.default\">\n\t\t\t\t<div class=\"elementor-widget-container\">\n\t\t\t\t\t\t\t\t\t<p><strong>Angst essen Seele auf<\/strong><\/p><p>91 Min. | 1973 | Farbe<\/p><p>Regie: Rainer Werner Fassbinder<\/p><p>Kostenlos | mit spanischsprachigem Untertitel<\/p><p>Donnerstag 18. bis Sonntag 21 August. Nach der Reservierung im genannten Zeitraum steht der Film 48 Stunden zur Verf\u00fcgung.<\/p><p><strong><a href=\"https:\/\/haus-kino.goethe-on-demand.de\/\">&gt;&gt; Goethe on Demand<\/a><\/strong><\/p>\t\t\t\t\t\t\t\t<\/div>\n\t\t\t\t<\/div>\n\t\t\t\t\t<\/div>\n\t\t<\/div>\n\t\t\t\t\t<\/div>\n\t\t<\/section>\n\t\t\t\t<section class=\"elementor-section elementor-top-section elementor-element elementor-element-66ff776 elementor-section-boxed elementor-section-height-default elementor-section-height-default\" data-id=\"66ff776\" data-element_type=\"section\" data-e-type=\"section\">\n\t\t\t\t\t\t<div class=\"elementor-container elementor-column-gap-default\">\n\t\t\t\t\t<div class=\"elementor-column elementor-col-100 elementor-top-column elementor-element elementor-element-b85a7fc\" data-id=\"b85a7fc\" data-element_type=\"column\" data-e-type=\"column\">\n\t\t\t<div class=\"elementor-widget-wrap elementor-element-populated\">\n\t\t\t\t\t\t<div class=\"elementor-element elementor-element-5514ae7 elementor-widget elementor-widget-text-editor\" data-id=\"5514ae7\" data-element_type=\"widget\" data-e-type=\"widget\" data-widget_type=\"text-editor.default\">\n\t\t\t\t<div class=\"elementor-widget-container\">\n\t\t\t\t\t\t\t\t\t<p><strong>SYNOPSIS<\/strong><\/p><p>Emmi, eine \u00e4ltere Putzfrau, liebt und heiratet Ali, einen weit j\u00fcngeren Gastarbeiter aus Marokko. Emmis Verwandte und die Nachbarschaft reagieren mit Unverst\u00e4ndnis, bis sie die Verwertbarkeit des Paars entdecken. Doch der Druck, der auf den beiden lastet, ist zu gro\u00df. Ein \u201cFilm \u00fcber die Liebe, die eigentlich unm\u00f6glich ist, aber eben doch eine M\u00f6glichkeit\u201d. (Rainer Werner Fassbinder)<\/p>\t\t\t\t\t\t\t\t<\/div>\n\t\t\t\t<\/div>\n\t\t\t\t\t<\/div>\n\t\t<\/div>\n\t\t\t\t\t<\/div>\n\t\t<\/section>\n\t\t\t\t<section class=\"elementor-section elementor-top-section elementor-element elementor-element-c1c24c0 elementor-section-boxed elementor-section-height-default elementor-section-height-default\" data-id=\"c1c24c0\" data-element_type=\"section\" data-e-type=\"section\">\n\t\t\t\t\t\t<div class=\"elementor-container elementor-column-gap-default\">\n\t\t\t\t\t<div class=\"elementor-column elementor-col-50 elementor-top-column elementor-element elementor-element-28e69b7\" data-id=\"28e69b7\" data-element_type=\"column\" data-e-type=\"column\">\n\t\t\t<div class=\"elementor-widget-wrap elementor-element-populated\">\n\t\t\t\t\t\t<div class=\"elementor-element elementor-element-86bd116 elementor-widget elementor-widget-image\" data-id=\"86bd116\" data-element_type=\"widget\" data-e-type=\"widget\" data-widget_type=\"image.default\">\n\t\t\t\t<div class=\"elementor-widget-container\">\n\t\t\t\t\t\t\t\t\t\t\t\t\t\t\t<img loading=\"lazy\" decoding=\"async\" width=\"1024\" height=\"1024\" src=\"https:\/\/www.icpa-gz.org.py\/DE\/wp-content\/uploads\/2022\/08\/297852561_5492514950825417_5736159956486769594_n-1024x1024.png\" class=\"attachment-large size-large wp-image-4880\" alt=\"\" srcset=\"https:\/\/www.icpa-gz.org.py\/DE\/wp-content\/uploads\/2022\/08\/297852561_5492514950825417_5736159956486769594_n-1024x1024.png 1024w, https:\/\/www.icpa-gz.org.py\/DE\/wp-content\/uploads\/2022\/08\/297852561_5492514950825417_5736159956486769594_n-300x300.png 300w, https:\/\/www.icpa-gz.org.py\/DE\/wp-content\/uploads\/2022\/08\/297852561_5492514950825417_5736159956486769594_n-150x150.png 150w, https:\/\/www.icpa-gz.org.py\/DE\/wp-content\/uploads\/2022\/08\/297852561_5492514950825417_5736159956486769594_n-768x768.png 768w, https:\/\/www.icpa-gz.org.py\/DE\/wp-content\/uploads\/2022\/08\/297852561_5492514950825417_5736159956486769594_n.png 1080w\" sizes=\"(max-width: 1024px) 100vw, 1024px\" \/>\t\t\t\t\t\t\t\t\t\t\t\t\t\t\t<\/div>\n\t\t\t\t<\/div>\n\t\t\t\t\t<\/div>\n\t\t<\/div>\n\t\t\t\t<div class=\"elementor-column elementor-col-50 elementor-top-column elementor-element elementor-element-954f58f\" data-id=\"954f58f\" data-element_type=\"column\" data-e-type=\"column\">\n\t\t\t<div class=\"elementor-widget-wrap elementor-element-populated\">\n\t\t\t\t\t\t<div class=\"elementor-element elementor-element-b53f585 elementor-widget elementor-widget-text-editor\" data-id=\"b53f585\" data-element_type=\"widget\" data-e-type=\"widget\" data-widget_type=\"text-editor.default\">\n\t\t\t\t<div class=\"elementor-widget-container\">\n\t\t\t\t\t\t\t\t\t<p><strong>Im Land meiner Kinder<\/strong><\/p><p>88 Min. | 2018 | Farbe<br \/>Regie: Dar\u00edo Aguirre<\/p><p>Kostenlos | mit spanischsprachigem Untertitel<\/p><p>Donnerstag 25. bis Sonntag 28 August. Nach der Reservierung im genannten Zeitraum steht der Film 48 Stunden zur Verf\u00fcgung.<\/p><p><strong><a href=\"https:\/\/haus-kino.goethe-on-demand.de\/\">&gt;&gt; Goethe on Demand<\/a><\/strong><\/p>\t\t\t\t\t\t\t\t<\/div>\n\t\t\t\t<\/div>\n\t\t\t\t\t<\/div>\n\t\t<\/div>\n\t\t\t\t\t<\/div>\n\t\t<\/section>\n\t\t\t\t<section class=\"elementor-section elementor-top-section elementor-element elementor-element-94b5fff elementor-section-boxed elementor-section-height-default elementor-section-height-default\" data-id=\"94b5fff\" data-element_type=\"section\" data-e-type=\"section\">\n\t\t\t\t\t\t<div class=\"elementor-container elementor-column-gap-default\">\n\t\t\t\t\t<div class=\"elementor-column elementor-col-100 elementor-top-column elementor-element elementor-element-18042a7\" data-id=\"18042a7\" data-element_type=\"column\" data-e-type=\"column\">\n\t\t\t<div class=\"elementor-widget-wrap elementor-element-populated\">\n\t\t\t\t\t\t<div class=\"elementor-element elementor-element-96e5e2c elementor-widget elementor-widget-text-editor\" data-id=\"96e5e2c\" data-element_type=\"widget\" data-e-type=\"widget\" data-widget_type=\"text-editor.default\">\n\t\t\t\t<div class=\"elementor-widget-container\">\n\t\t\t\t\t\t\t\t\t<p><strong>SYNOPSIS<\/strong><br \/>Dar\u00edo ist wegen Stephanie aus Ecuador nach Deutschland gekommen, aber die Ausl\u00e4nderbeh\u00f6rden geh\u00f6rten vom ersten Tag an zu ihrer Beziehung dazu. In den folgenden 15 Jahren sammelte er insgesamt 10 Visa \u2013 eine lange Aufz\u00e4hlung von Papieren, Stempeln, Genehmigungen und Einschr\u00e4nkungen verband Dario mit Deutschland und hielt ihn doch auch immer auf Abstand. Und dann das: Der damalige Hamburger B\u00fcrgermeister, Olaf Scholz, l\u00e4dt Dario dazu ein, Deutscher zu werden. Eine Liebeserkl\u00e4rung? Dar\u00edo erwiderte mit einem einf\u00fchlsam-ironischen Roadmovie, der seinen qualvollen Weg vom Land seiner Eltern in das Land seiner Kinder zeigt.<\/p><p><strong>REGISSEUR: DARI\u0301O AGUIRRE<\/strong><br \/>Autor, Regisseur und Produzent, geboren 1979 in Ecuador. Er studierte bei Gerd Roscher und Wim Wenders Visuelle Kommunikation und Medien an der Hochschule f\u00fcr bildende K\u00fcnste in Hamburg (HfbK). Zwischen 2004 und 2013 war er Co-Direktor des Kurzfilmfestivals \u201cambulart\u201d in Ecuador, Mexiko und Deutschland. Dar\u00edo Aguirre ist ein preisgekr\u00f6nter Filmemacher, in der deutschen und internationalen Dokumentarfilmszene bekannt. Seine Filme werden zu internationalen Filmfestivals eingeladen, u.a. Santa Barbara, Toulouse, Nyon, Cartagena und Berlinale, in Kinos gezeigt und an Fernsehsender in aller Welt verkauft. Im Jahr 2020 gr\u00fcndete er die Produktionsfirma Tiempo Filmproduktion, mit Schwerpunkt auf Autorenkino. Seine vorherigen Dokumentarfilme waren El Grill de C\u00e9sar (2013) und Five Ways to Dar\u00edo (2010).<\/p>\t\t\t\t\t\t\t\t<\/div>\n\t\t\t\t<\/div>\n\t\t\t\t\t<\/div>\n\t\t<\/div>\n\t\t\t\t\t<\/div>\n\t\t<\/section>\n\t\t\t\t<section class=\"elementor-section elementor-top-section elementor-element elementor-element-b210103 elementor-section-boxed elementor-section-height-default elementor-section-height-default\" data-id=\"b210103\" data-element_type=\"section\" data-e-type=\"section\">\n\t\t\t\t\t\t<div class=\"elementor-container elementor-column-gap-default\">\n\t\t\t\t\t<div class=\"elementor-column elementor-col-100 elementor-top-column elementor-element elementor-element-b946ce6\" data-id=\"b946ce6\" data-element_type=\"column\" data-e-type=\"column\">\n\t\t\t<div class=\"elementor-widget-wrap elementor-element-populated\">\n\t\t\t\t\t\t<div class=\"elementor-element elementor-element-9a93887 elementor-widget-divider--view-line elementor-widget elementor-widget-divider\" data-id=\"9a93887\" data-element_type=\"widget\" data-e-type=\"widget\" data-widget_type=\"divider.default\">\n\t\t\t\t<div class=\"elementor-widget-container\">\n\t\t\t\t\t\t\t<div class=\"elementor-divider\">\n\t\t\t<span class=\"elementor-divider-separator\">\n\t\t\t\t\t\t<\/span>\n\t\t<\/div>\n\t\t\t\t\t\t<\/div>\n\t\t\t\t<\/div>\n\t\t\t\t\t<\/div>\n\t\t<\/div>\n\t\t\t\t\t<\/div>\n\t\t<\/section>\n\t\t\t\t<section class=\"elementor-section elementor-top-section elementor-element elementor-element-cac3d6d elementor-section-boxed elementor-section-height-default elementor-section-height-default\" data-id=\"cac3d6d\" data-element_type=\"section\" data-e-type=\"section\">\n\t\t\t\t\t\t<div class=\"elementor-container elementor-column-gap-default\">\n\t\t\t\t\t<div class=\"elementor-column elementor-col-100 elementor-top-column elementor-element elementor-element-dd08f01\" data-id=\"dd08f01\" data-element_type=\"column\" data-e-type=\"column\">\n\t\t\t<div class=\"elementor-widget-wrap elementor-element-populated\">\n\t\t\t\t\t\t<div class=\"elementor-element elementor-element-9b9638b elementor-widget elementor-widget-text-editor\" data-id=\"9b9638b\" data-element_type=\"widget\" data-e-type=\"widget\" data-widget_type=\"text-editor.default\">\n\t\t\t\t<div class=\"elementor-widget-container\">\n\t\t\t\t\t\t\t\t\t<h5><strong>JULI: DIE ERZ\u00c4HLKUNST NEU ERFINDEN<\/strong><\/h5><p>Die Formen des Erz\u00e4hlens im Film werden st\u00e4ndig neu gepr\u00e4gt, ver\u00e4ndern sich und verschieben ihre Grenzen. Im Juli pr\u00e4sentiert Haus-Kino zwei Filme, die neue Wege der Kommunikation mit dem Publikum einschlagen und traditionelle Ideen des Filmemachens infrage stellen. The Lobby von Heinz Emigholz ist ein Film, der in seinen Aufnahmen mit visueller Akrobatik neue Erz\u00e4hlformen erfindet. Und die iranische Filmemacherin Narges Kalhor erz\u00e4hlt in ihrem Dokumentarfilm In the Name of Scheherazade oder der erste Biergarten in Teheran eine Geschichte, die sich mit einer anarchischen Wucht des Filmens, des Begehrens und der Wahrnehmung zwischen Traum und Realit\u00e4t bewegt. Beide Filme versetzen uns in einen Zustand der Verunsicherung und Verzauberung, indem sie die \u00fcbliche, bequeme Zuschauerhaltung aufbrechen, mit der wir gew\u00f6hnlich Filme sehen. Sie stellen eine Herausforderung, eine Verf\u00fchrung und eine Suche des experimentellen Filmens dar.<\/p>\t\t\t\t\t\t\t\t<\/div>\n\t\t\t\t<\/div>\n\t\t\t\t\t<\/div>\n\t\t<\/div>\n\t\t\t\t\t<\/div>\n\t\t<\/section>\n\t\t\t\t<section class=\"elementor-section elementor-top-section elementor-element elementor-element-dff0c22 elementor-section-boxed elementor-section-height-default elementor-section-height-default\" data-id=\"dff0c22\" data-element_type=\"section\" data-e-type=\"section\">\n\t\t\t\t\t\t<div class=\"elementor-container elementor-column-gap-default\">\n\t\t\t\t\t<div class=\"elementor-column elementor-col-50 elementor-top-column elementor-element elementor-element-2d1f2cd\" data-id=\"2d1f2cd\" data-element_type=\"column\" data-e-type=\"column\">\n\t\t\t<div class=\"elementor-widget-wrap elementor-element-populated\">\n\t\t\t\t\t\t<div class=\"elementor-element elementor-element-5aa6d9d elementor-widget elementor-widget-image\" data-id=\"5aa6d9d\" data-element_type=\"widget\" data-e-type=\"widget\" data-widget_type=\"image.default\">\n\t\t\t\t<div class=\"elementor-widget-container\">\n\t\t\t\t\t\t\t\t\t\t\t\t\t\t\t<img loading=\"lazy\" decoding=\"async\" width=\"1024\" height=\"1024\" src=\"https:\/\/www.icpa-gz.org.py\/DE\/wp-content\/uploads\/2022\/07\/flyer-the-lobby-1024x1024.png\" class=\"attachment-large size-large wp-image-4548\" alt=\"\" srcset=\"https:\/\/www.icpa-gz.org.py\/DE\/wp-content\/uploads\/2022\/07\/flyer-the-lobby-1024x1024.png 1024w, https:\/\/www.icpa-gz.org.py\/DE\/wp-content\/uploads\/2022\/07\/flyer-the-lobby-300x300.png 300w, https:\/\/www.icpa-gz.org.py\/DE\/wp-content\/uploads\/2022\/07\/flyer-the-lobby-150x150.png 150w, https:\/\/www.icpa-gz.org.py\/DE\/wp-content\/uploads\/2022\/07\/flyer-the-lobby-768x768.png 768w, https:\/\/www.icpa-gz.org.py\/DE\/wp-content\/uploads\/2022\/07\/flyer-the-lobby.png 1080w\" sizes=\"(max-width: 1024px) 100vw, 1024px\" \/>\t\t\t\t\t\t\t\t\t\t\t\t\t\t\t<\/div>\n\t\t\t\t<\/div>\n\t\t\t\t\t<\/div>\n\t\t<\/div>\n\t\t\t\t<div class=\"elementor-column elementor-col-50 elementor-top-column elementor-element elementor-element-aba752b\" data-id=\"aba752b\" data-element_type=\"column\" data-e-type=\"column\">\n\t\t\t<div class=\"elementor-widget-wrap elementor-element-populated\">\n\t\t\t\t\t\t<div class=\"elementor-element elementor-element-3e105c5 elementor-widget elementor-widget-text-editor\" data-id=\"3e105c5\" data-element_type=\"widget\" data-e-type=\"widget\" data-widget_type=\"text-editor.default\">\n\t\t\t\t<div class=\"elementor-widget-container\">\n\t\t\t\t\t\t\t\t\t<p><strong>The Lobby<\/strong><\/p><p>76 Min. |\u00a0 2020<br \/>Regie: Heinz Emigholz<br \/>mit spanischem Untertitel<\/p><p>Donnerstag 21. bis Sonntag 24 Juli.\u00a0Nach der Reservierung im genannten Zeitraum steht der Film 48 Stunden zur Verf\u00fcgung.<\/p><p>\u00a0<strong><a href=\"https:\/\/haus-kino.goethe-on-demand.de\/\">&gt;&gt; Goethe on Demand<\/a><\/strong><\/p>\t\t\t\t\t\t\t\t<\/div>\n\t\t\t\t<\/div>\n\t\t\t\t\t<\/div>\n\t\t<\/div>\n\t\t\t\t\t<\/div>\n\t\t<\/section>\n\t\t\t\t<section class=\"elementor-section elementor-top-section elementor-element elementor-element-6e4bb84 elementor-section-boxed elementor-section-height-default elementor-section-height-default\" data-id=\"6e4bb84\" data-element_type=\"section\" data-e-type=\"section\">\n\t\t\t\t\t\t<div class=\"elementor-container elementor-column-gap-default\">\n\t\t\t\t\t<div class=\"elementor-column elementor-col-100 elementor-top-column elementor-element elementor-element-d784105\" data-id=\"d784105\" data-element_type=\"column\" data-e-type=\"column\">\n\t\t\t<div class=\"elementor-widget-wrap elementor-element-populated\">\n\t\t\t\t\t\t<div class=\"elementor-element elementor-element-7971443 elementor-widget elementor-widget-text-editor\" data-id=\"7971443\" data-element_type=\"widget\" data-e-type=\"widget\" data-widget_type=\"text-editor.default\">\n\t\t\t\t<div class=\"elementor-widget-container\">\n\t\t\t\t\t\t\t\t\t<p><strong>SYNOPSIS<\/strong><br \/>\u201eThere is no Here here.\u201c Eine Figur mit dem schlichten Namen \u201eOld White Male\u201c (John Erdman) behaust die Lobbys verschiedener Apartmenth\u00e4user in Buenos Aires und \u00e4u\u00dfert sich mit gem\u00e4\u00dfigtem Ekel \u00fcber den Tod, das Bewusstsein und den Zustand der heutigen menschlichen Beziehungen. Die meist unaufgeforderten \u00c4u\u00dferungen des Mannes bilden einen schonungslosen, zusammengen\u00e4hten modernen Monolog, der zwischen absurd und abschreckend, vern\u00fcnftig und grotesk wechselt. Im Oktober 2019 in Buenos Aires gedreht, ist Heinz Emigholz\u2019 Film Fortsetzung \u2013 und sardonische Destillation \u2013 bestimmter Themen, die von dem Regisseur zuletzt in \u201eDie letzte Stadt\u201c untersucht worden waren \u2013 morbid, konfrontativ und urkomisch.<\/p><p><strong>PROLOG DES FILMS<\/strong><br \/>\u201eEs gibt diese Lobbies in eleganten Apartmenth\u00e4usern in ehemals reichen St\u00e4dten, wie Buenos Aires eine ist. Sie beherbergen Spiegel, Sitzgelegenheiten, Lampen und W\u00e4nde aus edlen Materialien, Holz, Marmor, Glas und Metall, manchmal auch Pflanzen und Vasen. Sie repr\u00e4sentieren Reichtum, Ordnung und Sicherheit und sind doch nur Durchgangszonen zu den eigentlichen Wohnr\u00e4umen der Menschen oder zur Stra\u00dfe. Manchmal sind sie aber auch Warter\u00e4ume. Jemand sitzt dort und wartet, auf besseres Wetter, auf einen Freund oder einen sich versp\u00e4tenden Verwandten. Oder jemand sitzt dort auch nur von morgens bis abends.\u201c<\/p><p><div style=\"width: 640px;\" class=\"wp-video\"><video class=\"wp-video-shortcode\" id=\"video-3965-1\" width=\"640\" height=\"360\" preload=\"metadata\" controls=\"controls\"><source type=\"video\/mp4\" src=\"https:\/\/inbituin.com\/goethe\/stories\/story-the-lobby.mp4?_=1\" \/><a href=\"https:\/\/inbituin.com\/goethe\/stories\/story-the-lobby.mp4\">https:\/\/inbituin.com\/goethe\/stories\/story-the-lobby.mp4<\/a><\/video><\/div><\/p><p><strong>REGISSEUR: HEINZ EMIGHOLZ<\/strong><br \/>Heinz Emigholz wurde 1948 in Achim bei Bremen geboren. Seit 1973 ist er in Deutschland und in den USA als freischaffender Filmemacher, bildender K\u00fcnstler, Kameramann, Autor, Publizist und Produzent t\u00e4tig. Viele Ausstellungen, Retrospektiven, Vortr\u00e4ge und Publikationen im In- und Ausland. 1974 Beginn der enzyklop\u00e4dischen Zeichenserie Die Basis des Make-Up, der 2007\/08 im Berliner Museum Hamburger Bahnhof eine gro\u00dfe Einzelausstellung gewidmet war. 1978 gr\u00fcndete er die Produktionsfirma Pym Films. 1993 bis 2013 hatte er den Lehrstuhl f\u00fcr Experimentelle Filmgestaltung an der Universit\u00e4t der K\u00fcnste Berlin inne. Er ist Mitbegr\u00fcnder des dortigen Instituts f\u00fcr zeitbasierte Medien und des Studiengangs Kunst und Medien.<\/p>\t\t\t\t\t\t\t\t<\/div>\n\t\t\t\t<\/div>\n\t\t\t\t\t<\/div>\n\t\t<\/div>\n\t\t\t\t\t<\/div>\n\t\t<\/section>\n\t\t\t\t<section class=\"elementor-section elementor-top-section elementor-element elementor-element-db93f2b elementor-section-boxed elementor-section-height-default elementor-section-height-default\" data-id=\"db93f2b\" data-element_type=\"section\" data-e-type=\"section\">\n\t\t\t\t\t\t<div class=\"elementor-container elementor-column-gap-default\">\n\t\t\t\t\t<div class=\"elementor-column elementor-col-100 elementor-top-column elementor-element elementor-element-c260d70\" data-id=\"c260d70\" data-element_type=\"column\" data-e-type=\"column\">\n\t\t\t<div class=\"elementor-widget-wrap elementor-element-populated\">\n\t\t\t\t\t\t\t<\/div>\n\t\t<\/div>\n\t\t\t\t\t<\/div>\n\t\t<\/section>\n\t\t\t\t<section class=\"elementor-section elementor-top-section elementor-element elementor-element-3d3b964 elementor-section-boxed elementor-section-height-default elementor-section-height-default\" data-id=\"3d3b964\" data-element_type=\"section\" data-e-type=\"section\">\n\t\t\t\t\t\t<div class=\"elementor-container elementor-column-gap-default\">\n\t\t\t\t\t<div class=\"elementor-column elementor-col-50 elementor-top-column elementor-element elementor-element-69818f1\" data-id=\"69818f1\" data-element_type=\"column\" data-e-type=\"column\">\n\t\t\t<div class=\"elementor-widget-wrap elementor-element-populated\">\n\t\t\t\t\t\t<div class=\"elementor-element elementor-element-61dcd42 elementor-widget elementor-widget-image\" data-id=\"61dcd42\" data-element_type=\"widget\" data-e-type=\"widget\" data-widget_type=\"image.default\">\n\t\t\t\t<div class=\"elementor-widget-container\">\n\t\t\t\t\t\t\t\t\t\t\t\t\t\t\t<img loading=\"lazy\" decoding=\"async\" width=\"1024\" height=\"1024\" src=\"https:\/\/www.icpa-gz.org.py\/DE\/wp-content\/uploads\/2022\/07\/flyer-scheherazade-1024x1024.png\" class=\"attachment-large size-large wp-image-4549\" alt=\"\" srcset=\"https:\/\/www.icpa-gz.org.py\/DE\/wp-content\/uploads\/2022\/07\/flyer-scheherazade-1024x1024.png 1024w, https:\/\/www.icpa-gz.org.py\/DE\/wp-content\/uploads\/2022\/07\/flyer-scheherazade-300x300.png 300w, https:\/\/www.icpa-gz.org.py\/DE\/wp-content\/uploads\/2022\/07\/flyer-scheherazade-150x150.png 150w, https:\/\/www.icpa-gz.org.py\/DE\/wp-content\/uploads\/2022\/07\/flyer-scheherazade-768x768.png 768w, https:\/\/www.icpa-gz.org.py\/DE\/wp-content\/uploads\/2022\/07\/flyer-scheherazade.png 1080w\" sizes=\"(max-width: 1024px) 100vw, 1024px\" \/>\t\t\t\t\t\t\t\t\t\t\t\t\t\t\t<\/div>\n\t\t\t\t<\/div>\n\t\t\t\t\t<\/div>\n\t\t<\/div>\n\t\t\t\t<div class=\"elementor-column elementor-col-50 elementor-top-column elementor-element elementor-element-ff66335\" data-id=\"ff66335\" data-element_type=\"column\" data-e-type=\"column\">\n\t\t\t<div class=\"elementor-widget-wrap elementor-element-populated\">\n\t\t\t\t\t\t<div class=\"elementor-element elementor-element-fbda46a elementor-widget elementor-widget-text-editor\" data-id=\"fbda46a\" data-element_type=\"widget\" data-e-type=\"widget\" data-widget_type=\"text-editor.default\">\n\t\t\t\t<div class=\"elementor-widget-container\">\n\t\t\t\t\t\t\t\t\t<p><strong>In The Name Of Scheherazade oder der erste Biergarten in Teheran<\/strong><\/p><p>76 Min. | 2018\/2019<br \/>Regie:\u00a0Narges Kalhor<br \/>mit spanischem Untertitel<\/p><p>Donnerstag 28. bis Sonntag 31 Juli.\u00a0Nach der Reservierung im genannten Zeitraum steht der Film 48 Stunden zur Verf\u00fcgung.<\/p><p>\u00a0<strong><a href=\"https:\/\/haus-kino.goethe-on-demand.de\/\">&gt;&gt; Goethe on Demand<\/a><\/strong><\/p>\t\t\t\t\t\t\t\t<\/div>\n\t\t\t\t<\/div>\n\t\t\t\t\t<\/div>\n\t\t<\/div>\n\t\t\t\t\t<\/div>\n\t\t<\/section>\n\t\t\t\t<section class=\"elementor-section elementor-top-section elementor-element elementor-element-97e26d0 elementor-section-boxed elementor-section-height-default elementor-section-height-default\" data-id=\"97e26d0\" data-element_type=\"section\" data-e-type=\"section\">\n\t\t\t\t\t\t<div class=\"elementor-container elementor-column-gap-default\">\n\t\t\t\t\t<div class=\"elementor-column elementor-col-100 elementor-top-column elementor-element elementor-element-e214df1\" data-id=\"e214df1\" data-element_type=\"column\" data-e-type=\"column\">\n\t\t\t<div class=\"elementor-widget-wrap elementor-element-populated\">\n\t\t\t\t\t\t<div class=\"elementor-element elementor-element-1cf0443 elementor-widget elementor-widget-text-editor\" data-id=\"1cf0443\" data-element_type=\"widget\" data-e-type=\"widget\" data-widget_type=\"text-editor.default\">\n\t\t\t\t<div class=\"elementor-widget-container\">\n\t\t\t\t\t\t\t\t\t<p><strong>SYNOPSIS<\/strong><br \/>Die animierte Scheherazade der Rahmenhandlung hat auch heute noch viel zu erz\u00e4hlen: Von einem homosexuellen Teenager aus Syrien, der f\u00fcrchten muss, dass sein in Deutschland gestellter Asylantrag abgelehnt wird, von einer in Berlin geborenen und nur deutsch sprechenden K\u00fcnstlerin, die dennoch immer wieder auf ihre afghanischen Wurzeln zur\u00fcckverwiesen wird, von einer iranisch-st\u00e4mmigen Bierbrauerin, die in Teheran die (alkoholfreie) bayerische Braukultur etablieren m\u00f6chte, die sie beim Studium in M\u00fcnchen kennen gelernt hat und von der Regisseurin selbst, die um diesen ihren Dokumentarfilm mit einem aus dem Off sprechenden, aber ansonsten unsichtbar bleibenden Filmdozenten ringt. Mit feinem Humor und einem Gesp\u00fcr f\u00fcr die Absurdit\u00e4ten des deutschen Alltags dekonstruiert Regisseurin Narges Kalhor nicht nur das hiesige Orientbild, sondern auch die Vorstellungen von dem, was ein Dokumentarfilm zu sein hat. Es ist ein Film \u00fcber das Geschichtenerz\u00e4hlen und zugleich eine Identit\u00e4tssuche der Filmemacherin, die selbst aus dem Iran nach Deutschland immigriert ist.<\/p><p><strong>NARGES KALHOR \u00dcBER IHREN FILM<\/strong><br \/>(\u2026) In the Name of Scheherazade spielt eben mit \u201eexotischen Einsprengseln\u201c. In einer Szene stehen Ausstellungsbesucher um eine K\u00fcnstlerin mit lockigen Haaren und dunklerem Teint. Eine Kuratorin stellt sie vor, stellt ihr Fragen und danach ist das Publikum dran, sich zu \u00e4u\u00dfern. W\u00e4hrenddessen fallen kleine Steine aus der Installation \u2013 aus einigen in der Luft h\u00e4ngenden nackten Gummipuppen. Die K\u00fcnstlerin versucht, ihre Vorgehensweise und ihre Haltung zu erkl\u00e4ren. Das Ganze kann als Kritik an den Klischees und Erwartungen der deutschen Mehrheitsgesellschaft an \u201eExoten\u201c verstanden werden. Der Film spielt mit den Klischees und befriedigt sie auch, um seinerseits Erfolg beim Publikum zu haben. Das ist richtig! Darum der Titel \u201eIn the Name of Scheherazade or The first Beergarden in Teheran\u201c. Am Ende, wenn die Kamera sich zur\u00fcckzieht, zeige ich, was alles nicht stimmt, was vorher behauptet wurde: Bier kommt nicht aus dem Iran. Aber die Zuschauer gehen genau deswegen ins Kino, weil sie den Film \u201aBiergarten in Teheran\u2019 sehen wollen. Das alles ist bewusst ausgew\u00e4hlt. Steinbrecher, der Tutor, der im Film immer nur im Off zu h\u00f6ren ist, sagt einmal, dass der Filmtitel einen Bezug zum Heimatland der Regisseurin haben muss. Ich kritisiere nicht nur westliche Erwartungen, sondern auch mich selbst. Ich kritisiere die K\u00fcnstlerin mit den Gummipuppen und die, die gar nichts mit dem Nahen Osten zu tun haben, aber \u201eNaher-Osten-Kunst\u201c produzieren.<\/p><p><div style=\"width: 640px;\" class=\"wp-video\"><video class=\"wp-video-shortcode\" id=\"video-3965-2\" width=\"640\" height=\"360\" preload=\"metadata\" controls=\"controls\"><source type=\"video\/mp4\" src=\"https:\/\/inbituin.com\/goethe\/stories\/story-scheherazade.mp4?_=2\" \/><a href=\"https:\/\/inbituin.com\/goethe\/stories\/story-scheherazade.mp4\">https:\/\/inbituin.com\/goethe\/stories\/story-scheherazade.mp4<\/a><\/video><\/div><\/p><p><strong>REGIE: NARGES KALHOR<\/strong><br \/>Narges Kalhor ist 1984 in Tehran geboren und aufgewachsen. Nach ihrer allgemeinen Hochschulreife 2001 begann sie an der Filmhochschule Teheran den Studiengang Spielfilmregie zu studieren. Dort wurde sie von verschiedenen bekannten Filmemachern, u.a. Abbas Kiarostami, betreut. 2009 kam Narges Kalhor mit ihrem Kurzfilm Die Egge aus dem Iran nach N\u00fcrnberg zum internationalen N\u00fcrnberger Filmfestival der Menschenrechte. Dort beantragte sie, Tochter des rangh\u00f6chsten Kulturberaters des damaligen iranischen Pr\u00e4sidenten Ahmadinehjad, politisches Asyl in Deutschland. Inzwischen hat sie Asyl in Deutschland erhalten und studierte an der Hochschule f\u00fcr Fernsehen und Film in M\u00fcnchen. 2010 erhielt sie ein Stipendium bei Vodafone Chance f\u00fcr ihr ganzes Studium. Ihr zweiter Film an der Filmhochschule als Co-Regisseurin Shoot Me war f\u00fcr den Deutschen Kurzfilm Preis nominiert und wurde als bester Film der Nonfiktionale 2014 ausgezeichnet. Narges Kalhor arbeitet inzwischen im Filmkunstbereich f\u00fcr diverse Ausstellungen und Museen. Ihr Abschlussfilm In the name of Scheherdazade feierte seine Welt-Premiere bei Vision Du R\u00e9el 2019 und wurde mit dem Preis Best Deutscher Dokumentarfilm vom Goethe Institut beim DOK Leipzig 2019 ausgezeichnet. Au\u00dferdem erhielt sie daf\u00fcr im gleichen Jahr den Kulturpreis Bayern sowie 2020 den Starter-Filmpreis.<\/p>\t\t\t\t\t\t\t\t<\/div>\n\t\t\t\t<\/div>\n\t\t\t\t\t<\/div>\n\t\t<\/div>\n\t\t\t\t\t<\/div>\n\t\t<\/section>\n\t\t\t\t<section class=\"elementor-section elementor-top-section elementor-element elementor-element-eef5152 elementor-section-boxed elementor-section-height-default elementor-section-height-default\" data-id=\"eef5152\" data-element_type=\"section\" data-e-type=\"section\">\n\t\t\t\t\t\t<div class=\"elementor-container elementor-column-gap-default\">\n\t\t\t\t\t<div class=\"elementor-column elementor-col-100 elementor-top-column elementor-element elementor-element-e42b25e\" data-id=\"e42b25e\" data-element_type=\"column\" data-e-type=\"column\">\n\t\t\t<div class=\"elementor-widget-wrap elementor-element-populated\">\n\t\t\t\t\t\t<div class=\"elementor-element elementor-element-1cfb648 elementor-widget-divider--view-line elementor-widget elementor-widget-divider\" data-id=\"1cfb648\" data-element_type=\"widget\" data-e-type=\"widget\" data-widget_type=\"divider.default\">\n\t\t\t\t<div class=\"elementor-widget-container\">\n\t\t\t\t\t\t\t<div class=\"elementor-divider\">\n\t\t\t<span class=\"elementor-divider-separator\">\n\t\t\t\t\t\t<\/span>\n\t\t<\/div>\n\t\t\t\t\t\t<\/div>\n\t\t\t\t<\/div>\n\t\t\t\t\t<\/div>\n\t\t<\/div>\n\t\t\t\t\t<\/div>\n\t\t<\/section>\n\t\t\t\t<section class=\"elementor-section elementor-top-section elementor-element elementor-element-0971885 elementor-section-boxed elementor-section-height-default elementor-section-height-default\" data-id=\"0971885\" data-element_type=\"section\" data-e-type=\"section\">\n\t\t\t\t\t\t<div class=\"elementor-container elementor-column-gap-default\">\n\t\t\t\t\t<div class=\"elementor-column elementor-col-100 elementor-top-column elementor-element elementor-element-79b7f5d\" data-id=\"79b7f5d\" data-element_type=\"column\" data-e-type=\"column\">\n\t\t\t<div class=\"elementor-widget-wrap elementor-element-populated\">\n\t\t\t\t\t\t<div class=\"elementor-element elementor-element-a280740 elementor-widget elementor-widget-text-editor\" data-id=\"a280740\" data-element_type=\"widget\" data-e-type=\"widget\" data-widget_type=\"text-editor.default\">\n\t\t\t\t<div class=\"elementor-widget-container\">\n\t\t\t\t\t\t\t\t\t<h5 class=\"dossier ghdl M(0) Fs(34px) Lh(1.17) C-gi-grau-7\"><strong>JUNI: GENERATIONSPERSPEKTIVE<\/strong><\/h5><p>Im Juni zeigt das Haus-Kino im Rahmen des \u201eInternational Pride Day\u201c zum Gedenken an die Stonewall-Unruhen von 1969 zwei Filme zum Thema Geschlechteridentit\u00e4t, die den Blick erweitern und dazu einladen, uns darauf einzulassen. Es handelt sich dabei um den neuen Dokumentarfilm Genderation der schon legend\u00e4ren Regisseurin Monika Treut, f\u00fcr den sie nach San Francisco zur\u00fcckkehrt, um die \u201eGendernauten\u201c der Trans-Bewegung der 1990er Jahre zu besuchen. Zum anderen wird der Spielfilm Neubau gezeigt, das Filmdeb\u00fct von Johannes Maria Schmit, ein queerer Heimatfilm \u00fcber einen jungen Transsexuellen, der zwischen der Ruhe auf dem Land und dem Gl\u00fccksversprechen der Gro\u00dfstadt schwankt. Aus der Perspektive verschiedener Generationen von Filmemachern und Protagonisten schildern beide Filme auf einf\u00fchlsame und hoffnungsvolle Weise die (fiktive oder reale) Gegenwart, das Leben in der Gemeinschaft, das Alter und den Tod, den Raum und die Sehns\u00fcchte von Transmenschen.<\/p>\t\t\t\t\t\t\t\t<\/div>\n\t\t\t\t<\/div>\n\t\t\t\t\t<\/div>\n\t\t<\/div>\n\t\t\t\t\t<\/div>\n\t\t<\/section>\n\t\t\t\t<section class=\"elementor-section elementor-top-section elementor-element elementor-element-76d7e21 elementor-section-boxed elementor-section-height-default elementor-section-height-default\" data-id=\"76d7e21\" data-element_type=\"section\" data-e-type=\"section\">\n\t\t\t\t\t\t<div class=\"elementor-container elementor-column-gap-default\">\n\t\t\t\t\t<div class=\"elementor-column elementor-col-50 elementor-top-column elementor-element elementor-element-d3fcf00\" data-id=\"d3fcf00\" data-element_type=\"column\" data-e-type=\"column\">\n\t\t\t<div class=\"elementor-widget-wrap elementor-element-populated\">\n\t\t\t\t\t\t<div class=\"elementor-element elementor-element-014357a elementor-widget elementor-widget-image\" data-id=\"014357a\" data-element_type=\"widget\" data-e-type=\"widget\" data-widget_type=\"image.default\">\n\t\t\t\t<div class=\"elementor-widget-container\">\n\t\t\t\t\t\t\t\t\t\t\t\t\t\t\t<img loading=\"lazy\" decoding=\"async\" width=\"680\" height=\"680\" src=\"https:\/\/www.icpa-gz.org.py\/DE\/wp-content\/uploads\/2022\/06\/FVIvbj_UUAEmvOX.jpg\" class=\"attachment-large size-large wp-image-4379\" alt=\"\" srcset=\"https:\/\/www.icpa-gz.org.py\/DE\/wp-content\/uploads\/2022\/06\/FVIvbj_UUAEmvOX.jpg 680w, https:\/\/www.icpa-gz.org.py\/DE\/wp-content\/uploads\/2022\/06\/FVIvbj_UUAEmvOX-300x300.jpg 300w, https:\/\/www.icpa-gz.org.py\/DE\/wp-content\/uploads\/2022\/06\/FVIvbj_UUAEmvOX-150x150.jpg 150w\" sizes=\"(max-width: 680px) 100vw, 680px\" \/>\t\t\t\t\t\t\t\t\t\t\t\t\t\t\t<\/div>\n\t\t\t\t<\/div>\n\t\t\t\t\t<\/div>\n\t\t<\/div>\n\t\t\t\t<div class=\"elementor-column elementor-col-50 elementor-top-column elementor-element elementor-element-2a42df1\" data-id=\"2a42df1\" data-element_type=\"column\" data-e-type=\"column\">\n\t\t\t<div class=\"elementor-widget-wrap elementor-element-populated\">\n\t\t\t\t\t\t<div class=\"elementor-element elementor-element-8946548 elementor-widget elementor-widget-text-editor\" data-id=\"8946548\" data-element_type=\"widget\" data-e-type=\"widget\" data-widget_type=\"text-editor.default\">\n\t\t\t\t<div class=\"elementor-widget-container\">\n\t\t\t\t\t\t\t\t\t<p><strong>Genderation<\/strong><\/p><p>88 Min. | 2021<br \/>Regie: Monika Treut<br \/>mit spanischem Untertitel<\/p><p>Donnerstag 16. bis Sonntag 19. Juni. Nach der Reservierung im genannten Zeitraum steht der Film 48 Stunden zur Verf\u00fcgung.<\/p><p><strong><a href=\"https:\/\/haus-kino.goethe-on-demand.de\/\">&gt;&gt; Goethe on Demand<\/a><\/strong><\/p>\t\t\t\t\t\t\t\t<\/div>\n\t\t\t\t<\/div>\n\t\t\t\t\t<\/div>\n\t\t<\/div>\n\t\t\t\t\t<\/div>\n\t\t<\/section>\n\t\t\t\t<section class=\"elementor-section elementor-top-section elementor-element elementor-element-f067fab elementor-section-boxed elementor-section-height-default elementor-section-height-default\" data-id=\"f067fab\" data-element_type=\"section\" data-e-type=\"section\">\n\t\t\t\t\t\t<div class=\"elementor-container elementor-column-gap-default\">\n\t\t\t\t\t<div class=\"elementor-column elementor-col-100 elementor-top-column elementor-element elementor-element-48ab986\" data-id=\"48ab986\" data-element_type=\"column\" data-e-type=\"column\">\n\t\t\t<div class=\"elementor-widget-wrap elementor-element-populated\">\n\t\t\t\t\t\t<div class=\"elementor-element elementor-element-ac22e7c elementor-widget elementor-widget-text-editor\" data-id=\"ac22e7c\" data-element_type=\"widget\" data-e-type=\"widget\" data-widget_type=\"text-editor.default\">\n\t\t\t\t<div class=\"elementor-widget-container\">\n\t\t\t\t\t\t\t\t\t<p><strong>SYNOPSIS<\/strong><br \/>\u00dcber zwei Jahrzehnte nach \u201eGendernauts\u201c (1999) kehrt Monika Treut nach Kalifornien zur\u00fcck, um die Protagonist*innen ihres bahnbrechenden queeren Filmklassikers wiederzutreffen. Sandy Stone, Susan Stryker, Stafford und Max Wolf Valerio waren einst die jungen Pionier*innen der Transbewegung und lebten fast alle in der damaligen Au\u00dfenseitermetropole San Francisco. Heute sind sie zwischen 58 und 84 Jahre alt, und kaum eine*r kann es sich noch leisten, in der Stadt zu wohnen. Doch die Energie der Gendernauten und ihrer Unterst\u00fctzer*innen Annie Sprinkle und Beth Stephens ist ungebrochen. <br \/>Wie hat sich ihr Leben ver\u00e4ndert? Wie gehen sie als B\u00fcrgerrechts-Aktivist*innen mit der rechtskonservativen Politik um, die die lange erk\u00e4mpften Rechte der Minderheiten bedroht? \u201eGenderation\u201c wirft einen utopischen Blick zur\u00fcck und zeigt den kreativen Widerstand der Gendernauten gegen die bedrohlichen Lebensbedingungen in den US of A.<\/p><p><iframe title=\"Genderation\" src=\"https:\/\/player.vimeo.com\/video\/695722317?dnt=1&amp;app_id=122963\" width=\"800\" height=\"450\" frameborder=\"0\" allow=\"autoplay; fullscreen; picture-in-picture\" allowfullscreen><\/iframe><\/p><p><strong>REGISSEURIN: MONIKA TREUT<\/strong><br \/>Seit \u00fcber 35 Jahren pr\u00e4gt die lesbische Regisseurin, Autorin und Produzentin Monika Treut mit ihren lustvoll-subversiven Spiel- und Dokumentarfilmen das queere Kino in Deutschland und der ganzen Welt. Geboren am 6. April 1954 in M\u00f6nchengladbach, studierte sie in Marburg Germanistik und Politik (Staatsexamen 1978) und promovierte 1984 mit der Dissertation \u201eDie grausame Frau. Zum Frauenbild bei de Sade und Sacher Masoch\u201c. Im selben Jahr gr\u00fcndete sie mit Elfi Mikesch die Hy\u00e4ne Filmproduktion in Hamburg. Es folgte eine Theaterregie-Assistenz bei Werner Schroeter am D\u00fcsseldorfer Schauspielhaus. Als zentrale Figur der freien deutschen Filmszene ging sie Ende der 80er in die USA und gab mit ihrem konventionskritischen Ansatz und ihrer progressiven Perspektive auf lesbisch-schwule Sexualit\u00e4t dem gerade entstehenden New Queer Cinema entscheidende Impulse.<\/p><p>Zu ihrem Werk geh\u00f6ren das sadomasochistische und von der damaligen Presse leidenschaftlich angefeindete Liebesdrama Verf\u00fchrung: Die grausame Frau (1985), das abenteuerliche Sex-Melodram Die Jungfrauenmaschine (1988), die in New York gedrehte Familienkom\u00f6die My Father Is Coming (1991), der in San Francisco entstandene und vielfach preisgekr\u00f6nte trans*futuristische Dokumentarfilm Gendernauts (1999) und das lesbische Coming-of-Age-Drama Von M\u00e4dchen und Pferden (2014). Ihre Spiel- und Dokumentarfilme erhielten Preise in Deutschland, Italien, Brasilien, England, den USA und Griechenland. Retrospektiven fanden bisher in Ankara, Bern, Lyon, New York City, Seoul, Hamburg, Bogota, Buenos Aires, Tel Aviv, Cambridge, Bologna, Los Angeles, Toronto, Mexiko City, Lissabon, Thessaloniki, Athen, Sao Paolo, Helsinki, Taipeh, Warschau, Prag und Rio de Janeiro statt. 2017 wurde Treut f\u00fcr ihr Lebenswerk mit dem Special Teddy der Berlinale ausgezeichnet. Zwischen den Filmprojekten unterrichtet sie an Universit\u00e4ten in Kalifornien und New York und schreibt Beitr\u00e4ge f\u00fcr B\u00fccher und Zeitschriften. Seit 2018 vertritt sie die Professur f\u00fcr Medien an der Universit\u00e4t Hildesheim.<\/p><p>\u00a0<\/p><p>\u00a0<\/p>\t\t\t\t\t\t\t\t<\/div>\n\t\t\t\t<\/div>\n\t\t\t\t\t<\/div>\n\t\t<\/div>\n\t\t\t\t\t<\/div>\n\t\t<\/section>\n\t\t\t\t<section class=\"elementor-section elementor-top-section elementor-element elementor-element-92c79f3 elementor-section-boxed elementor-section-height-default elementor-section-height-default\" data-id=\"92c79f3\" data-element_type=\"section\" data-e-type=\"section\">\n\t\t\t\t\t\t<div class=\"elementor-container elementor-column-gap-default\">\n\t\t\t\t\t<div class=\"elementor-column elementor-col-100 elementor-top-column elementor-element elementor-element-cc7fecb\" data-id=\"cc7fecb\" data-element_type=\"column\" data-e-type=\"column\">\n\t\t\t<div class=\"elementor-widget-wrap\">\n\t\t\t\t\t\t\t<\/div>\n\t\t<\/div>\n\t\t\t\t\t<\/div>\n\t\t<\/section>\n\t\t\t\t<section class=\"elementor-section elementor-top-section elementor-element elementor-element-2387ad7 elementor-section-boxed elementor-section-height-default elementor-section-height-default\" data-id=\"2387ad7\" data-element_type=\"section\" data-e-type=\"section\">\n\t\t\t\t\t\t<div class=\"elementor-container elementor-column-gap-default\">\n\t\t\t\t\t<div class=\"elementor-column elementor-col-50 elementor-top-column elementor-element elementor-element-237b7f5\" data-id=\"237b7f5\" data-element_type=\"column\" data-e-type=\"column\">\n\t\t\t<div class=\"elementor-widget-wrap elementor-element-populated\">\n\t\t\t\t\t\t<div class=\"elementor-element elementor-element-b312e9e elementor-widget elementor-widget-image\" data-id=\"b312e9e\" data-element_type=\"widget\" data-e-type=\"widget\" data-widget_type=\"image.default\">\n\t\t\t\t<div class=\"elementor-widget-container\">\n\t\t\t\t\t\t\t\t\t\t\t\t\t\t\t<img loading=\"lazy\" decoding=\"async\" width=\"927\" height=\"423\" src=\"https:\/\/www.icpa-gz.org.py\/DE\/wp-content\/uploads\/2022\/05\/diseno-sin-titulo-48-formatkey-png-default.png\" class=\"attachment-large size-large wp-image-4253\" alt=\"\" srcset=\"https:\/\/www.icpa-gz.org.py\/DE\/wp-content\/uploads\/2022\/05\/diseno-sin-titulo-48-formatkey-png-default.png 927w, https:\/\/www.icpa-gz.org.py\/DE\/wp-content\/uploads\/2022\/05\/diseno-sin-titulo-48-formatkey-png-default-300x137.png 300w, https:\/\/www.icpa-gz.org.py\/DE\/wp-content\/uploads\/2022\/05\/diseno-sin-titulo-48-formatkey-png-default-768x350.png 768w\" sizes=\"(max-width: 927px) 100vw, 927px\" \/>\t\t\t\t\t\t\t\t\t\t\t\t\t\t\t<\/div>\n\t\t\t\t<\/div>\n\t\t\t\t\t<\/div>\n\t\t<\/div>\n\t\t\t\t<div class=\"elementor-column elementor-col-50 elementor-top-column elementor-element elementor-element-8fd5e11\" data-id=\"8fd5e11\" data-element_type=\"column\" data-e-type=\"column\">\n\t\t\t<div class=\"elementor-widget-wrap elementor-element-populated\">\n\t\t\t\t\t\t<div class=\"elementor-element elementor-element-3f6fdf6 elementor-widget elementor-widget-text-editor\" data-id=\"3f6fdf6\" data-element_type=\"widget\" data-e-type=\"widget\" data-widget_type=\"text-editor.default\">\n\t\t\t\t<div class=\"elementor-widget-container\">\n\t\t\t\t\t\t\t\t\t<p><strong>Neubau<\/strong><\/p><p>82 Min. | 2020<br \/>Regie: Johannes Maria Schmit<br \/>mit spanischem Untertitel<\/p><p>Donnerstag 23. bis Sonntag 26 Juni. Nach der Reservierung im genannten Zeitraum steht der Film 48 Stunden zur Verf\u00fcgung.<\/p><p><strong><a href=\"https:\/\/haus-kino.goethe-on-demand.de\/\">&gt;&gt; Goethe on Demand<\/a><\/strong><\/p>\t\t\t\t\t\t\t\t<\/div>\n\t\t\t\t<\/div>\n\t\t\t\t\t<\/div>\n\t\t<\/div>\n\t\t\t\t\t<\/div>\n\t\t<\/section>\n\t\t\t\t<section class=\"elementor-section elementor-top-section elementor-element elementor-element-294f79c elementor-section-boxed elementor-section-height-default elementor-section-height-default\" data-id=\"294f79c\" data-element_type=\"section\" data-e-type=\"section\">\n\t\t\t\t\t\t<div class=\"elementor-container elementor-column-gap-default\">\n\t\t\t\t\t<div class=\"elementor-column elementor-col-100 elementor-top-column elementor-element elementor-element-d62e0f8\" data-id=\"d62e0f8\" data-element_type=\"column\" data-e-type=\"column\">\n\t\t\t<div class=\"elementor-widget-wrap elementor-element-populated\">\n\t\t\t\t\t\t<div class=\"elementor-element elementor-element-8b24c85 elementor-widget elementor-widget-text-editor\" data-id=\"8b24c85\" data-element_type=\"widget\" data-e-type=\"widget\" data-widget_type=\"text-editor.default\">\n\t\t\t\t<div class=\"elementor-widget-container\">\n\t\t\t\t\t\t\t\t\t<p><strong>SYNOPSIS<\/strong><br \/>Markus lebt in der Brandenburger Provinz. Seine Mutter ist fr\u00fch verstorben, der Vater ging schon vor seiner Geburt in den Westen. Als Familie bleiben ihm seine geliebte Gro\u00dfmutter Alma und deren Partnerin Sabine. Die beiden wohnen ein paar D\u00f6rfer weiter und sind auf ihn angewiesen: Alma, weil sie dement ist, und Sabine, weil sie eine Schulter zum Anlehnen braucht. Doch eigentlich sind die Kisten in Markus\u2018 Neubauwohnung schon gepackt f\u00fcr den erhofften Umzug nach Berlin. Auf den Feldern, beim Joggen und Autofahren bef\u00e4llt Markus immer wieder die Sehnsucht nach einem Leben fernab der Provinz, wo sein Job \u201amini\u2018 ist und er sich die Zeit mit einem gelegentlichen Grindr-Date vertreibt. In Tagtr\u00e4umen erscheint ihm eine Schar schillernder D\u00e4monen als Vorboten einer urbanen Wahlfamilie, die ihn aus seiner Einsamkeit befreit. Als sich Almas gesundheitlicher Zustand verschlechtert und er sich in den jungen Fernsehtechniker Duc verliebt, muss sich Markus entscheiden, wo er in Zukunft leben m\u00f6chte.<\/p><p>REGIESTATEMENT \u2013 Johannes Maria Schmit<\/p><p>Der vorliegende Film ist der Versuch einer \u00dcbersetzung ohne Verallgemeinerung. Er bem\u00fcht sich die Lebenswelt einer sehr besonderen Figur in allen Aspekten sichtbar zu machen, ohne gleichzeitig den Abgleich mit einer dazu in Konflikt stehenden Norm zu suchen. Nach M\u00f6glichkeit haben wir das Genre des Coming-Out-Dramas umschifft und stattdessen versucht Menschen auf dem Land in konkreten Beziehungen und in immer-neuen Alltagen zu zeigen. Inspiriert von der Zeitlichkeit der Landschaft, in der der Film spielt, werden Wendepunkte entsprechend nicht scharfkantig dramatisiert, sondern gleichsam sanft von H\u00fcgel zu H\u00fcgel getragen. Commitment und F\u00fcrsorge sind die ethischen Werte innerhalb der Erz\u00e4hlung, die dieser \u00c4sthetik zu Grunde liegen. Einen Lebensentwurf wie den der Hauptfigur mit Selbstverst\u00e4ndlichkeit zu erz\u00e4hlen ohne wiederum dessen Prekarit\u00e4t zu unterschlagen, scheint mir die dramaturgische wie politische Herausforderung der Stunde.<\/p><p><iframe title=\"Neubau\" src=\"https:\/\/player.vimeo.com\/video\/667242747?dnt=1&amp;app_id=122963\" width=\"800\" height=\"450\" frameborder=\"0\" allow=\"autoplay; fullscreen; picture-in-picture\" allowfullscreen><\/iframe><\/p><p><strong>REGISSEUR: JOHANNES MARIA SCHMIT<\/strong><br \/>Johannes Maria Schmit wurde 1981 in Trier geboren und studierte Regie an der Hochschule f\u00fcr Schauspielkunst Ernst Busch in der Klasse von Thomas Ostermeier. Seine Abschlussarbeit (2009), mentoriert von Ren\u00e9 Pollesch, erhielt besondere Auszeichnung. Nach seinem Studium wurde Schmit als Hausregisseur am Centraltheater Leipzig engagiert, wo er ma\u00dfgeblich an der Konzeption und dem Aufbauteam der Spielst\u00e4tte SKALA beteiligt war und mit seinen Arbeiten erste Erfolge feierte, u.a. beim Festival radikal jung in M\u00fcnchen. Die Zusammenarbeiten mit Laurent Ch\u00e9touane, Ren\u00e9 Pollesch und Tuck\u00e9 Royale pr\u00e4gen seinen Arbeitsstil. Seit 2011 arbeitet Schmit als freier Regisseur im deutschsprachigen Raum sowie in der schwedischen Theaterszene, vor allem mit der Gruppe Institutet (Malm\u00f6\/Berlin). Schmits Arbeiten kann regelm\u00e4\u00dfig am Gorki-Theater in Berlin sehen. Im Februar 2017 gewann er zusammen mit der d\u00e4nischen K\u00fcnstlerin Inga Gerner Nielsen den Leipziger Bewegungskunstpreis. Seit Januar 2019 ist Schmit Doktorand an der Kunsthochschule Stockholm \/ Uniarts. Neubau ist Schmits Deb\u00fctfilm.<\/p>\t\t\t\t\t\t\t\t<\/div>\n\t\t\t\t<\/div>\n\t\t\t\t\t<\/div>\n\t\t<\/div>\n\t\t\t\t\t<\/div>\n\t\t<\/section>\n\t\t\t\t<section class=\"elementor-section elementor-top-section elementor-element elementor-element-a7f62b1 elementor-section-boxed elementor-section-height-default elementor-section-height-default\" data-id=\"a7f62b1\" data-element_type=\"section\" data-e-type=\"section\">\n\t\t\t\t\t\t<div class=\"elementor-container elementor-column-gap-default\">\n\t\t\t\t\t<div class=\"elementor-column elementor-col-100 elementor-top-column elementor-element elementor-element-fbd29ec\" data-id=\"fbd29ec\" data-element_type=\"column\" data-e-type=\"column\">\n\t\t\t<div class=\"elementor-widget-wrap elementor-element-populated\">\n\t\t\t\t\t\t<div class=\"elementor-element elementor-element-c0fd700 elementor-widget-divider--view-line elementor-widget elementor-widget-divider\" data-id=\"c0fd700\" data-element_type=\"widget\" data-e-type=\"widget\" data-widget_type=\"divider.default\">\n\t\t\t\t<div class=\"elementor-widget-container\">\n\t\t\t\t\t\t\t<div class=\"elementor-divider\">\n\t\t\t<span class=\"elementor-divider-separator\">\n\t\t\t\t\t\t<\/span>\n\t\t<\/div>\n\t\t\t\t\t\t<\/div>\n\t\t\t\t<\/div>\n\t\t\t\t\t<\/div>\n\t\t<\/div>\n\t\t\t\t\t<\/div>\n\t\t<\/section>\n\t\t\t\t<section class=\"elementor-section elementor-top-section elementor-element elementor-element-a8f6d31 elementor-section-boxed elementor-section-height-default elementor-section-height-default\" data-id=\"a8f6d31\" data-element_type=\"section\" data-e-type=\"section\">\n\t\t\t\t\t\t<div class=\"elementor-container elementor-column-gap-default\">\n\t\t\t\t\t<div class=\"elementor-column elementor-col-100 elementor-top-column elementor-element elementor-element-4a0e816\" data-id=\"4a0e816\" data-element_type=\"column\" data-e-type=\"column\">\n\t\t\t<div class=\"elementor-widget-wrap elementor-element-populated\">\n\t\t\t\t\t\t<div class=\"elementor-element elementor-element-f05a404 elementor-widget elementor-widget-text-editor\" data-id=\"f05a404\" data-element_type=\"widget\" data-e-type=\"widget\" data-widget_type=\"text-editor.default\">\n\t\t\t\t<div class=\"elementor-widget-container\">\n\t\t\t\t\t\t\t\t\t<h5><strong>MAI: EMANZIPIERT?<\/strong><\/h5><p>Im Mai zeigt das Haus-Kino zwei Filme, die sich mit der Emanzipation der Frau in ihren pers\u00f6nlichen und beruflichen Beziehungen befassen.<\/p>\t\t\t\t\t\t\t\t<\/div>\n\t\t\t\t<\/div>\n\t\t\t\t\t<\/div>\n\t\t<\/div>\n\t\t\t\t\t<\/div>\n\t\t<\/section>\n\t\t\t\t<section class=\"elementor-section elementor-top-section elementor-element elementor-element-78275f7 elementor-section-boxed elementor-section-height-default elementor-section-height-default\" data-id=\"78275f7\" data-element_type=\"section\" data-e-type=\"section\">\n\t\t\t\t\t\t<div class=\"elementor-container elementor-column-gap-default\">\n\t\t\t\t\t<div class=\"elementor-column elementor-col-50 elementor-top-column elementor-element elementor-element-8ca2fb1\" data-id=\"8ca2fb1\" data-element_type=\"column\" data-e-type=\"column\">\n\t\t\t<div class=\"elementor-widget-wrap elementor-element-populated\">\n\t\t\t\t\t\t<div class=\"elementor-element elementor-element-32807ab elementor-widget elementor-widget-image\" data-id=\"32807ab\" data-element_type=\"widget\" data-e-type=\"widget\" data-widget_type=\"image.default\">\n\t\t\t\t<div class=\"elementor-widget-container\">\n\t\t\t\t\t\t\t\t\t\t\t\t\t\t\t<img loading=\"lazy\" decoding=\"async\" width=\"1080\" height=\"1080\" src=\"https:\/\/www.icpa-gz.org.py\/DE\/wp-content\/uploads\/2022\/05\/flyers-eine-flexible-frau-01-001.png\" class=\"attachment-full size-full wp-image-4070\" alt=\"\" srcset=\"https:\/\/www.icpa-gz.org.py\/DE\/wp-content\/uploads\/2022\/05\/flyers-eine-flexible-frau-01-001.png 1080w, https:\/\/www.icpa-gz.org.py\/DE\/wp-content\/uploads\/2022\/05\/flyers-eine-flexible-frau-01-001-300x300.png 300w, https:\/\/www.icpa-gz.org.py\/DE\/wp-content\/uploads\/2022\/05\/flyers-eine-flexible-frau-01-001-1024x1024.png 1024w, https:\/\/www.icpa-gz.org.py\/DE\/wp-content\/uploads\/2022\/05\/flyers-eine-flexible-frau-01-001-150x150.png 150w, https:\/\/www.icpa-gz.org.py\/DE\/wp-content\/uploads\/2022\/05\/flyers-eine-flexible-frau-01-001-768x768.png 768w\" sizes=\"(max-width: 1080px) 100vw, 1080px\" \/>\t\t\t\t\t\t\t\t\t\t\t\t\t\t\t<\/div>\n\t\t\t\t<\/div>\n\t\t\t\t\t<\/div>\n\t\t<\/div>\n\t\t\t\t<div class=\"elementor-column elementor-col-50 elementor-top-column elementor-element elementor-element-011d03e\" data-id=\"011d03e\" data-element_type=\"column\" data-e-type=\"column\">\n\t\t\t<div class=\"elementor-widget-wrap elementor-element-populated\">\n\t\t\t\t\t\t<div class=\"elementor-element elementor-element-5941110 elementor-widget elementor-widget-text-editor\" data-id=\"5941110\" data-element_type=\"widget\" data-e-type=\"widget\" data-widget_type=\"text-editor.default\">\n\t\t\t\t<div class=\"elementor-widget-container\">\n\t\t\t\t\t\t\t\t\t<p><strong>Eine flexible Frau<\/strong><\/p><p>97 min. | 2010<br \/>Regie: Tatjana Turanskyj<br \/>mit spanischem Untertitel<\/p><p>Donnerstag 19. bis Sonntag 22. Mai. Nach der Reservierung im genannten Zeitraum steht der Film 48 Stunden zur Verf\u00fcgung.<\/p><p><a href=\"https:\/\/haus-kino.goethe-on-demand.de\"><strong>&gt;&gt; Goethe on Demand<\/strong><\/a><\/p>\t\t\t\t\t\t\t\t<\/div>\n\t\t\t\t<\/div>\n\t\t\t\t\t<\/div>\n\t\t<\/div>\n\t\t\t\t\t<\/div>\n\t\t<\/section>\n\t\t\t\t<section class=\"elementor-section elementor-top-section elementor-element elementor-element-d8aa11d elementor-section-boxed elementor-section-height-default elementor-section-height-default\" data-id=\"d8aa11d\" data-element_type=\"section\" data-e-type=\"section\">\n\t\t\t\t\t\t<div class=\"elementor-container elementor-column-gap-default\">\n\t\t\t\t\t<div class=\"elementor-column elementor-col-100 elementor-top-column elementor-element elementor-element-03bb8af\" data-id=\"03bb8af\" data-element_type=\"column\" data-e-type=\"column\">\n\t\t\t<div class=\"elementor-widget-wrap elementor-element-populated\">\n\t\t\t\t\t\t<div class=\"elementor-element elementor-element-3504bf8 elementor-widget elementor-widget-text-editor\" data-id=\"3504bf8\" data-element_type=\"widget\" data-e-type=\"widget\" data-widget_type=\"text-editor.default\">\n\t\t\t\t<div class=\"elementor-widget-container\">\n\t\t\t\t\t\t\t\t\t<p><strong>SYNOPSIS<\/strong><br \/>Greta M. (Mira Partecke), 40, eine Frau in Berlin mit einer postmodernen, br\u00fcchigen Architektinnenbiografie, verliert ihren Job. Auch im Callcenter wird sie gefeuert. Wie Don Quichotte k\u00e4mpft sie gegen unheimliche M\u00e4chte an: ihren Sohn, die gef\u00e4hrliche Mutterschaft, den Bewerbungscoach, die verhinderte Architektur des neuen Berlins (Townh\u00e4user, Humboldtforum, soziale Stadtgrenzen) und nicht zuletzt gegen die eigene Paranoia und Statusangst, eine Frau ohne Auftrag zu sein. Sie trinkt und driftet zwischen Anpassung und Widerspruch durch ihr Leben. Auf dieser Tour de Force zwischen Callcenter, Arbeitssuche, Jobcenter, Coach, Architekturb\u00fcros, Schule, Kneipen und Drifts durch Stadtrandgebiete trifft sie auf die \u201eStadt der Frauen\u201c. Der Film zeigt pr\u00e4zise ein Zeit- und Gesellschaftsbild, ohne mit den Konventionen des sozialen Realismus zu arbeiten. Eine flexible Frau ist der erste Teil von Tatjana Turanskyjs \u201eFrauen und Arbeit\u201c-Trilogie.<\/p><p><strong>REGISSEURIN: TATJANA TURANSKYJ<\/strong><br \/>Studium der Literatur- und Theaterwissenschaft und Soziologie in Frankfurt am Main. W\u00e4hrend des Studiums Arbeit als Darstellerin in Frankfurt und Berlin bei Einar Schleef. Danach zun\u00e4chst als Werbetexterin t\u00e4tig. 1999 Beginn der k\u00fcnstlerischen Arbeit im Performance- und Filmbereich. 2001 Gr\u00fcndung des Filmkollektivs hangover ltd* (2001-2007) Es entstehen u.a. die Langfilme Petra und Hangover die im In- und Ausland auf Festivals und auf Ausstellungen gezeigt wurden, sowie der preisgekr\u00f6nte Kurzfilm Remake. Seit 2007 als freie Filmemacherin, Autorin und Theaterp\u00e4dagogin t\u00e4tig. Eine flexible Frau ist das Spielfilmdeb\u00fct von Tatjana Turanskyj als Regisseurin\/Autorin. Die Urauff\u00fchrung des Films fand zur Berlinale 2010 in der Sektion Forum statt.<\/p><p>\u00a0<\/p><p>\u00a0<\/p>\t\t\t\t\t\t\t\t<\/div>\n\t\t\t\t<\/div>\n\t\t\t\t\t<\/div>\n\t\t<\/div>\n\t\t\t\t\t<\/div>\n\t\t<\/section>\n\t\t\t\t<section class=\"elementor-section elementor-top-section elementor-element elementor-element-7cc18fa elementor-section-boxed elementor-section-height-default elementor-section-height-default\" data-id=\"7cc18fa\" data-element_type=\"section\" data-e-type=\"section\">\n\t\t\t\t\t\t<div class=\"elementor-container elementor-column-gap-default\">\n\t\t\t\t\t<div class=\"elementor-column elementor-col-50 elementor-top-column elementor-element elementor-element-61c7ba3\" data-id=\"61c7ba3\" data-element_type=\"column\" data-e-type=\"column\">\n\t\t\t<div class=\"elementor-widget-wrap elementor-element-populated\">\n\t\t\t\t\t\t<div class=\"elementor-element elementor-element-d6f7620 elementor-widget elementor-widget-image\" data-id=\"d6f7620\" data-element_type=\"widget\" data-e-type=\"widget\" data-widget_type=\"image.default\">\n\t\t\t\t<div class=\"elementor-widget-container\">\n\t\t\t\t\t\t\t\t\t\t\t\t\t\t\t<img loading=\"lazy\" decoding=\"async\" width=\"1024\" height=\"1024\" src=\"https:\/\/www.icpa-gz.org.py\/DE\/wp-content\/uploads\/2022\/05\/flyer-walchensee-1024x1024.png\" class=\"attachment-large size-large wp-image-4069\" alt=\"\" srcset=\"https:\/\/www.icpa-gz.org.py\/DE\/wp-content\/uploads\/2022\/05\/flyer-walchensee-1024x1024.png 1024w, https:\/\/www.icpa-gz.org.py\/DE\/wp-content\/uploads\/2022\/05\/flyer-walchensee-300x300.png 300w, https:\/\/www.icpa-gz.org.py\/DE\/wp-content\/uploads\/2022\/05\/flyer-walchensee-150x150.png 150w, https:\/\/www.icpa-gz.org.py\/DE\/wp-content\/uploads\/2022\/05\/flyer-walchensee-768x768.png 768w, https:\/\/www.icpa-gz.org.py\/DE\/wp-content\/uploads\/2022\/05\/flyer-walchensee.png 1080w\" sizes=\"(max-width: 1024px) 100vw, 1024px\" \/>\t\t\t\t\t\t\t\t\t\t\t\t\t\t\t<\/div>\n\t\t\t\t<\/div>\n\t\t\t\t\t<\/div>\n\t\t<\/div>\n\t\t\t\t<div class=\"elementor-column elementor-col-50 elementor-top-column elementor-element elementor-element-de0b95c\" data-id=\"de0b95c\" data-element_type=\"column\" data-e-type=\"column\">\n\t\t\t<div class=\"elementor-widget-wrap elementor-element-populated\">\n\t\t\t\t\t\t<div class=\"elementor-element elementor-element-d2177b4 elementor-widget elementor-widget-text-editor\" data-id=\"d2177b4\" data-element_type=\"widget\" data-e-type=\"widget\" data-widget_type=\"text-editor.default\">\n\t\t\t\t<div class=\"elementor-widget-container\">\n\t\t\t\t\t\t\t\t\t<p><strong>Walchensee forever<\/strong><\/p><p>110 min. | 2020<br \/>Regie: Janna Ji Wonders<br \/>mit spanischem Untertitel<\/p><p>Donnerstag 26. bis Sonntag 29. Mai. Nach der Reservierung im genannten Zeitraum steht der Film 48 Stunden zur Verf\u00fcgung.<\/p><p><strong><a href=\"https:\/\/haus-kino.goethe-on-demand.de\">&gt;&gt; Goethe on Demand<\/a><\/strong><\/p>\t\t\t\t\t\t\t\t<\/div>\n\t\t\t\t<\/div>\n\t\t\t\t\t<\/div>\n\t\t<\/div>\n\t\t\t\t\t<\/div>\n\t\t<\/section>\n\t\t\t\t<section class=\"elementor-section elementor-top-section elementor-element elementor-element-5b65e7a elementor-section-boxed elementor-section-height-default elementor-section-height-default\" data-id=\"5b65e7a\" data-element_type=\"section\" data-e-type=\"section\">\n\t\t\t\t\t\t<div class=\"elementor-container elementor-column-gap-default\">\n\t\t\t\t\t<div class=\"elementor-column elementor-col-100 elementor-top-column elementor-element elementor-element-cdc01c6\" data-id=\"cdc01c6\" data-element_type=\"column\" data-e-type=\"column\">\n\t\t\t<div class=\"elementor-widget-wrap elementor-element-populated\">\n\t\t\t\t\t\t<div class=\"elementor-element elementor-element-5ad9570 elementor-widget elementor-widget-text-editor\" data-id=\"5ad9570\" data-element_type=\"widget\" data-e-type=\"widget\" data-widget_type=\"text-editor.default\">\n\t\t\t\t<div class=\"elementor-widget-container\">\n\t\t\t\t\t\t\t\t\t<p><strong>SYNOPSIS<\/strong><br \/>Janna Ji Wonders beleuchtet in Walchensee forever das Leben von vier Frauen &#8211; Tochter, Mutter, Gro\u00dfmutter und Urgro\u00dfmutter &#8211; in ihrem unterschiedlichen Streben nach Identit\u00e4t und pers\u00f6nlicher Entfaltung im Laufe eines Jahrhunderts.<\/p><p><strong>REGISSEURIN: JANNA JI WONDERS<\/strong><br \/>1978 in Mill Valley, Kalifornien, geboren. Sie studierte an der Hochschule f\u00fcr Fernsehen und Film in M\u00fcnchen, wo sie zahlreiche Musikvideos, Kurz- und Dokumentarfilme drehte. Ihre Filme wurden auf internationalen Festivals gezeigt. Dazu geh\u00f6ren die Hip-Hop-Dokumentation Bling Bling (2001) und Street Punk Moscow (2005) \u00fcber junge Punks in Russland. Mit ihrer Band YA-HA ver\u00f6ffentlichte sie ein Deb\u00fctalbum. Ihr Kurzfilm I Remember (2015) wurde f\u00fcr die Berlinale ausgew\u00e4hlt und das Projekt &#8220;Walchensee Forever&#8221; erhielt auf demselben Festival den Preis &#8220;Made in Germany&#8221;, wo es nach der Fertigstellung 2020 uraufgef\u00fchrt wurde und den Kompass-Perspektive-Preis gewann. Im Januar 2020 wurde er mit dem Bayerischen Filmpreis ausgezeichnet.<\/p>\t\t\t\t\t\t\t\t<\/div>\n\t\t\t\t<\/div>\n\t\t\t\t\t<\/div>\n\t\t<\/div>\n\t\t\t\t\t<\/div>\n\t\t<\/section>\n\t\t\t\t<section class=\"elementor-section elementor-top-section elementor-element elementor-element-bdc420e elementor-section-boxed elementor-section-height-default elementor-section-height-default\" data-id=\"bdc420e\" data-element_type=\"section\" data-e-type=\"section\">\n\t\t\t\t\t\t<div class=\"elementor-container elementor-column-gap-default\">\n\t\t\t\t\t<div class=\"elementor-column elementor-col-100 elementor-top-column elementor-element elementor-element-44faa92\" data-id=\"44faa92\" data-element_type=\"column\" data-e-type=\"column\">\n\t\t\t<div class=\"elementor-widget-wrap elementor-element-populated\">\n\t\t\t\t\t\t<div class=\"elementor-element elementor-element-d803362 elementor-widget-divider--view-line elementor-widget elementor-widget-divider\" data-id=\"d803362\" data-element_type=\"widget\" data-e-type=\"widget\" data-widget_type=\"divider.default\">\n\t\t\t\t<div class=\"elementor-widget-container\">\n\t\t\t\t\t\t\t<div class=\"elementor-divider\">\n\t\t\t<span class=\"elementor-divider-separator\">\n\t\t\t\t\t\t<\/span>\n\t\t<\/div>\n\t\t\t\t\t\t<\/div>\n\t\t\t\t<\/div>\n\t\t\t\t\t<\/div>\n\t\t<\/div>\n\t\t\t\t\t<\/div>\n\t\t<\/section>\n\t\t\t\t<section class=\"elementor-section elementor-top-section elementor-element elementor-element-8707fca elementor-section-boxed elementor-section-height-default elementor-section-height-default\" data-id=\"8707fca\" data-element_type=\"section\" data-e-type=\"section\">\n\t\t\t\t\t\t<div class=\"elementor-container elementor-column-gap-default\">\n\t\t\t\t\t<div class=\"elementor-column elementor-col-100 elementor-top-column elementor-element elementor-element-d3e0aef\" data-id=\"d3e0aef\" data-element_type=\"column\" data-e-type=\"column\">\n\t\t\t<div class=\"elementor-widget-wrap elementor-element-populated\">\n\t\t\t\t\t\t<div class=\"elementor-element elementor-element-67dc115 elementor-widget elementor-widget-text-editor\" data-id=\"67dc115\" data-element_type=\"widget\" data-e-type=\"widget\" data-widget_type=\"text-editor.default\">\n\t\t\t\t<div class=\"elementor-widget-container\">\n\t\t\t\t\t\t\t\t\t<h5 id=\"HAUS-KINO\">HAUS-KINO 2021<\/h5>\t\t\t\t\t\t\t\t<\/div>\n\t\t\t\t<\/div>\n\t\t\t\t\t<\/div>\n\t\t<\/div>\n\t\t\t\t\t<\/div>\n\t\t<\/section>\n\t\t\t\t<section class=\"elementor-section elementor-top-section elementor-element elementor-element-2dfeffb elementor-section-boxed elementor-section-height-default elementor-section-height-default\" data-id=\"2dfeffb\" data-element_type=\"section\" data-e-type=\"section\">\n\t\t\t\t\t\t<div class=\"elementor-container elementor-column-gap-default\">\n\t\t\t\t\t<div class=\"elementor-column elementor-col-33 elementor-top-column elementor-element elementor-element-ded0ff2\" data-id=\"ded0ff2\" data-element_type=\"column\" data-e-type=\"column\">\n\t\t\t<div class=\"elementor-widget-wrap elementor-element-populated\">\n\t\t\t\t\t\t<div class=\"elementor-element elementor-element-704085d elementor-widget elementor-widget-image\" data-id=\"704085d\" data-element_type=\"widget\" data-e-type=\"widget\" data-widget_type=\"image.default\">\n\t\t\t\t<div class=\"elementor-widget-container\">\n\t\t\t\t\t\t\t\t\t\t\t\t\t\t\t<img loading=\"lazy\" decoding=\"async\" width=\"1024\" height=\"1024\" src=\"https:\/\/www.icpa-gz.org.py\/DE\/wp-content\/uploads\/2021\/10\/imagen_2021-10-28_161414-1024x1024.png\" class=\"attachment-large size-large wp-image-2859\" alt=\"\" srcset=\"https:\/\/www.icpa-gz.org.py\/DE\/wp-content\/uploads\/2021\/10\/imagen_2021-10-28_161414-1024x1024.png 1024w, https:\/\/www.icpa-gz.org.py\/DE\/wp-content\/uploads\/2021\/10\/imagen_2021-10-28_161414-300x300.png 300w, https:\/\/www.icpa-gz.org.py\/DE\/wp-content\/uploads\/2021\/10\/imagen_2021-10-28_161414-150x150.png 150w, https:\/\/www.icpa-gz.org.py\/DE\/wp-content\/uploads\/2021\/10\/imagen_2021-10-28_161414-768x768.png 768w, https:\/\/www.icpa-gz.org.py\/DE\/wp-content\/uploads\/2021\/10\/imagen_2021-10-28_161414.png 1080w\" sizes=\"(max-width: 1024px) 100vw, 1024px\" \/>\t\t\t\t\t\t\t\t\t\t\t\t\t\t\t<\/div>\n\t\t\t\t<\/div>\n\t\t\t\t\t<\/div>\n\t\t<\/div>\n\t\t\t\t<div class=\"elementor-column elementor-col-33 elementor-top-column elementor-element elementor-element-04226fe\" data-id=\"04226fe\" data-element_type=\"column\" data-e-type=\"column\">\n\t\t\t<div class=\"elementor-widget-wrap elementor-element-populated\">\n\t\t\t\t\t\t<div class=\"elementor-element elementor-element-a4fc9db elementor-widget elementor-widget-image\" data-id=\"a4fc9db\" data-element_type=\"widget\" data-e-type=\"widget\" data-widget_type=\"image.default\">\n\t\t\t\t<div class=\"elementor-widget-container\">\n\t\t\t\t\t\t\t\t\t\t\t\t\t\t\t<img loading=\"lazy\" decoding=\"async\" width=\"1024\" height=\"1024\" src=\"https:\/\/www.icpa-gz.org.py\/DE\/wp-content\/uploads\/2021\/08\/flyer-Destierros-gral-1024x1024.png\" class=\"attachment-large size-large wp-image-2495\" alt=\"\" srcset=\"https:\/\/www.icpa-gz.org.py\/DE\/wp-content\/uploads\/2021\/08\/flyer-Destierros-gral-1024x1024.png 1024w, https:\/\/www.icpa-gz.org.py\/DE\/wp-content\/uploads\/2021\/08\/flyer-Destierros-gral-300x300.png 300w, https:\/\/www.icpa-gz.org.py\/DE\/wp-content\/uploads\/2021\/08\/flyer-Destierros-gral-150x150.png 150w, https:\/\/www.icpa-gz.org.py\/DE\/wp-content\/uploads\/2021\/08\/flyer-Destierros-gral-768x768.png 768w, https:\/\/www.icpa-gz.org.py\/DE\/wp-content\/uploads\/2021\/08\/flyer-Destierros-gral.png 1080w\" sizes=\"(max-width: 1024px) 100vw, 1024px\" \/>\t\t\t\t\t\t\t\t\t\t\t\t\t\t\t<\/div>\n\t\t\t\t<\/div>\n\t\t\t\t\t<\/div>\n\t\t<\/div>\n\t\t\t\t<div class=\"elementor-column elementor-col-33 elementor-top-column elementor-element elementor-element-08a47da\" data-id=\"08a47da\" data-element_type=\"column\" data-e-type=\"column\">\n\t\t\t<div class=\"elementor-widget-wrap elementor-element-populated\">\n\t\t\t\t\t\t<div class=\"elementor-element elementor-element-4f0a2d2 elementor-widget elementor-widget-image\" data-id=\"4f0a2d2\" data-element_type=\"widget\" data-e-type=\"widget\" data-widget_type=\"image.default\">\n\t\t\t\t<div class=\"elementor-widget-container\">\n\t\t\t\t\t\t\t\t\t\t\t\t\t\t\t<img loading=\"lazy\" decoding=\"async\" width=\"1024\" height=\"1024\" src=\"https:\/\/www.icpa-gz.org.py\/DE\/wp-content\/uploads\/2021\/08\/flyer-Masculinidades-gral-py-3-1024x1024.png\" class=\"attachment-large size-large wp-image-2431\" alt=\"\" srcset=\"https:\/\/www.icpa-gz.org.py\/DE\/wp-content\/uploads\/2021\/08\/flyer-Masculinidades-gral-py-3-1024x1024.png 1024w, https:\/\/www.icpa-gz.org.py\/DE\/wp-content\/uploads\/2021\/08\/flyer-Masculinidades-gral-py-3-300x300.png 300w, https:\/\/www.icpa-gz.org.py\/DE\/wp-content\/uploads\/2021\/08\/flyer-Masculinidades-gral-py-3-150x150.png 150w, https:\/\/www.icpa-gz.org.py\/DE\/wp-content\/uploads\/2021\/08\/flyer-Masculinidades-gral-py-3-768x768.png 768w, https:\/\/www.icpa-gz.org.py\/DE\/wp-content\/uploads\/2021\/08\/flyer-Masculinidades-gral-py-3.png 1080w\" sizes=\"(max-width: 1024px) 100vw, 1024px\" \/>\t\t\t\t\t\t\t\t\t\t\t\t\t\t\t<\/div>\n\t\t\t\t<\/div>\n\t\t\t\t\t<\/div>\n\t\t<\/div>\n\t\t\t\t\t<\/div>\n\t\t<\/section>\n\t\t\t\t<section class=\"elementor-section elementor-top-section elementor-element elementor-element-5cc6b08 elementor-section-boxed elementor-section-height-default elementor-section-height-default\" data-id=\"5cc6b08\" data-element_type=\"section\" data-e-type=\"section\">\n\t\t\t\t\t\t<div class=\"elementor-container elementor-column-gap-default\">\n\t\t\t\t\t<div class=\"elementor-column elementor-col-33 elementor-top-column elementor-element elementor-element-1a8ae5c\" data-id=\"1a8ae5c\" data-element_type=\"column\" data-e-type=\"column\">\n\t\t\t<div class=\"elementor-widget-wrap elementor-element-populated\">\n\t\t\t\t\t\t<div class=\"elementor-element elementor-element-9157dbe elementor-widget elementor-widget-image\" data-id=\"9157dbe\" data-element_type=\"widget\" data-e-type=\"widget\" data-widget_type=\"image.default\">\n\t\t\t\t<div class=\"elementor-widget-container\">\n\t\t\t\t\t\t\t\t\t\t\t\t\t\t\t<img loading=\"lazy\" decoding=\"async\" width=\"1024\" height=\"1024\" src=\"https:\/\/www.icpa-gz.org.py\/DE\/wp-content\/uploads\/2021\/08\/Agosto-Haus-Kino-1024x1024.png\" class=\"attachment-large size-large wp-image-2182\" alt=\"\" srcset=\"https:\/\/www.icpa-gz.org.py\/DE\/wp-content\/uploads\/2021\/08\/Agosto-Haus-Kino-1024x1024.png 1024w, https:\/\/www.icpa-gz.org.py\/DE\/wp-content\/uploads\/2021\/08\/Agosto-Haus-Kino-300x300.png 300w, https:\/\/www.icpa-gz.org.py\/DE\/wp-content\/uploads\/2021\/08\/Agosto-Haus-Kino-150x150.png 150w, https:\/\/www.icpa-gz.org.py\/DE\/wp-content\/uploads\/2021\/08\/Agosto-Haus-Kino-768x768.png 768w, https:\/\/www.icpa-gz.org.py\/DE\/wp-content\/uploads\/2021\/08\/Agosto-Haus-Kino.png 1080w\" sizes=\"(max-width: 1024px) 100vw, 1024px\" \/>\t\t\t\t\t\t\t\t\t\t\t\t\t\t\t<\/div>\n\t\t\t\t<\/div>\n\t\t\t\t\t<\/div>\n\t\t<\/div>\n\t\t\t\t<div class=\"elementor-column elementor-col-33 elementor-top-column elementor-element elementor-element-94024ba\" data-id=\"94024ba\" data-element_type=\"column\" data-e-type=\"column\">\n\t\t\t<div class=\"elementor-widget-wrap elementor-element-populated\">\n\t\t\t\t\t\t<div class=\"elementor-element elementor-element-0f73e28 elementor-widget elementor-widget-image\" data-id=\"0f73e28\" data-element_type=\"widget\" data-e-type=\"widget\" data-widget_type=\"image.default\">\n\t\t\t\t<div class=\"elementor-widget-container\">\n\t\t\t\t\t\t\t\t\t\t\t\t\t\t\t<img loading=\"lazy\" decoding=\"async\" width=\"870\" height=\"870\" src=\"https:\/\/www.icpa-gz.org.py\/DE\/wp-content\/uploads\/2021\/08\/julio.jpg\" class=\"attachment-large size-large wp-image-2189\" alt=\"\" srcset=\"https:\/\/www.icpa-gz.org.py\/DE\/wp-content\/uploads\/2021\/08\/julio.jpg 870w, https:\/\/www.icpa-gz.org.py\/DE\/wp-content\/uploads\/2021\/08\/julio-300x300.jpg 300w, https:\/\/www.icpa-gz.org.py\/DE\/wp-content\/uploads\/2021\/08\/julio-150x150.jpg 150w, https:\/\/www.icpa-gz.org.py\/DE\/wp-content\/uploads\/2021\/08\/julio-768x768.jpg 768w\" sizes=\"(max-width: 870px) 100vw, 870px\" \/>\t\t\t\t\t\t\t\t\t\t\t\t\t\t\t<\/div>\n\t\t\t\t<\/div>\n\t\t\t\t\t<\/div>\n\t\t<\/div>\n\t\t\t\t<div class=\"elementor-column elementor-col-33 elementor-top-column elementor-element elementor-element-608431d\" data-id=\"608431d\" data-element_type=\"column\" data-e-type=\"column\">\n\t\t\t<div class=\"elementor-widget-wrap elementor-element-populated\">\n\t\t\t\t\t\t<div class=\"elementor-element elementor-element-30d0a50 elementor-widget elementor-widget-image\" data-id=\"30d0a50\" data-element_type=\"widget\" data-e-type=\"widget\" data-widget_type=\"image.default\">\n\t\t\t\t<div class=\"elementor-widget-container\">\n\t\t\t\t\t\t\t\t\t\t\t\t\t\t\t<img loading=\"lazy\" decoding=\"async\" width=\"1024\" height=\"1024\" src=\"https:\/\/www.icpa-gz.org.py\/DE\/wp-content\/uploads\/2021\/06\/FU7NzQPw-1024x1024.png\" class=\"attachment-large size-large wp-image-2060\" alt=\"\" srcset=\"https:\/\/www.icpa-gz.org.py\/DE\/wp-content\/uploads\/2021\/06\/FU7NzQPw-1024x1024.png 1024w, https:\/\/www.icpa-gz.org.py\/DE\/wp-content\/uploads\/2021\/06\/FU7NzQPw-300x300.png 300w, https:\/\/www.icpa-gz.org.py\/DE\/wp-content\/uploads\/2021\/06\/FU7NzQPw-150x150.png 150w, https:\/\/www.icpa-gz.org.py\/DE\/wp-content\/uploads\/2021\/06\/FU7NzQPw-768x768.png 768w, https:\/\/www.icpa-gz.org.py\/DE\/wp-content\/uploads\/2021\/06\/FU7NzQPw.png 1080w\" sizes=\"(max-width: 1024px) 100vw, 1024px\" \/>\t\t\t\t\t\t\t\t\t\t\t\t\t\t\t<\/div>\n\t\t\t\t<\/div>\n\t\t\t\t\t<\/div>\n\t\t<\/div>\n\t\t\t\t\t<\/div>\n\t\t<\/section>\n\t\t\t\t<\/div>\n\t\t","protected":false},"excerpt":{"rendered":"<p>HAUS-KINO | 2. EDITION Organisiert von mehreren Goethe-Instituten in S\u00fcdamerika und dem Goethe-Zentrum in Paraguay wurde im ersten Jahr 2021<\/p>\n","protected":false},"author":1,"featured_media":3964,"parent":0,"menu_order":0,"comment_status":"closed","ping_status":"closed","template":"","meta":{"colormag_page_container_layout":"no_sidebar_full_width","colormag_page_sidebar_layout":"no_sidebar","_joinchat":[],"footnotes":""},"class_list":["post-3965","page","type-page","status-publish","has-post-thumbnail","hentry"],"_links":{"self":[{"href":"https:\/\/www.icpa-gz.org.py\/DE\/wp-json\/wp\/v2\/pages\/3965","targetHints":{"allow":["GET"]}}],"collection":[{"href":"https:\/\/www.icpa-gz.org.py\/DE\/wp-json\/wp\/v2\/pages"}],"about":[{"href":"https:\/\/www.icpa-gz.org.py\/DE\/wp-json\/wp\/v2\/types\/page"}],"author":[{"embeddable":true,"href":"https:\/\/www.icpa-gz.org.py\/DE\/wp-json\/wp\/v2\/users\/1"}],"replies":[{"embeddable":true,"href":"https:\/\/www.icpa-gz.org.py\/DE\/wp-json\/wp\/v2\/comments?post=3965"}],"version-history":[{"count":218,"href":"https:\/\/www.icpa-gz.org.py\/DE\/wp-json\/wp\/v2\/pages\/3965\/revisions"}],"predecessor-version":[{"id":7875,"href":"https:\/\/www.icpa-gz.org.py\/DE\/wp-json\/wp\/v2\/pages\/3965\/revisions\/7875"}],"wp:featuredmedia":[{"embeddable":true,"href":"https:\/\/www.icpa-gz.org.py\/DE\/wp-json\/wp\/v2\/media\/3964"}],"wp:attachment":[{"href":"https:\/\/www.icpa-gz.org.py\/DE\/wp-json\/wp\/v2\/media?parent=3965"}],"curies":[{"name":"wp","href":"https:\/\/api.w.org\/{rel}","templated":true}]}}